{"id":27868562,"date":"2026-04-22T10:42:06","date_gmt":"2026-04-22T10:42:06","guid":{"rendered":"https:\/\/www.inmobrisa.com\/inmueble\/venta\/local-comercial\/alicante\/benidorm\/05442\/"},"modified":"2026-04-22T10:42:06","modified_gmt":"2026-04-22T10:42:06","slug":"locaux-commerciaux-dans-la-region-de-colonia-madrid-investissement-securise-a-benidorm-05442","status":"publish","type":"property","link":"https:\/\/inmobrisa.com\/fr\/property\/locaux-commerciaux-dans-la-region-de-colonia-madrid-investissement-securise-a-benidorm-05442\/","title":{"rendered":"LOCAUX COMMERCIAUX DANS LA R\u00c9GION DE COLONIA MADRID : INVESTISSEMENT S\u00c9CURIS\u00c9 \u00c0 BENIDORM &#8211; 05442"},"content":{"rendered":"<p>Si vous recherchez une opportunit\u00e9 strat\u00e9gique \u00e0 Benidorm, cet espace commercial situ\u00e9 dans le quartier \u00e9tabli de Colonia Madrid est une option qui allie visibilit\u00e9, rentabilit\u00e9 et fort potentiel de d\u00e9veloppement. D&#8217;une surface construite de 76 m\u00b2 et d&#8217;une surface utile de 63 m\u00b2, ce bien se distingue par son agencement optimal et sa luminosit\u00e9 naturelle, gr\u00e2ce \u00e0 son orientation en rez-de-chauss\u00e9e, ce qui le rend id\u00e9al pour tout type d&#8217;activit\u00e9. En bon \u00e9tat, il vous permet de d\u00e9marrer votre activit\u00e9 imm\u00e9diatement ou de l&#8217;adapter facilement \u00e0 vos besoins.<\/p>\n<p>Le local ne dispose pas de syst\u00e8me de d\u00e9senfumage et pourrait \u00eatre dot\u00e9 d&#8217;une terrasse sous r\u00e9serve de l&#8217;obtention du permis de construire aupr\u00e8s de la mairie.<\/p>\n<p>Le local est raccord\u00e9 \u00e0 l&#8217;eau et \u00e0 l&#8217;\u00e9lectricit\u00e9. Il comprend \u00e9galement une r\u00e9serve, un atout majeur pour le stockage. Ses faibles charges constituent un autre point fort\u00a0: avec une taxe fonci\u00e8re annuelle (IBI) de seulement 230\u00a0&euro; et des charges de copropri\u00e9t\u00e9 mensuelles de 10\u00a0&euro;, il repr\u00e9sente un investissement rentable et performant dans l&#8217;un des quartiers les plus dynamiques de la ville.<\/p>\n<p>Situ\u00e9e dans un quartier anim\u00e9, \u00e0 proximit\u00e9 de toutes les commodit\u00e9s et au c\u0153ur de la vie locale, cette propri\u00e9t\u00e9 b\u00e9n\u00e9ficie d&#8217;une excellente desserte. \u00c0 seulement 8 minutes \u00e0 pied, vous trouverez des supermarch\u00e9s comme Consum, ainsi que des pharmacies r\u00e9put\u00e9es telles que Farmacia Colonia Madrid. De plus, l&#8217;acc\u00e8s aux transports en commun est optimal, avec des arr\u00eats de bus et une station de tramway \u00e0 environ 2 minutes \u00e0 pied, facilitant ainsi les d\u00e9placements des clients et des employ\u00e9s.<\/p>\n<p>Le quartier compte \u00e9galement des \u00e9coles, des aires de jeux et des services m\u00e9dicaux, comme le centre de sant\u00e9 Foietes situ\u00e9 \u00e0 proximit\u00e9, assurant un flux constant de clients potentiels. \u00c0 quelques minutes seulement se trouve l&#8217;embl\u00e9matique Parque de l&#8217;Aig\u00fcera, une oasis de verdure reliant diff\u00e9rents quartiers de la ville et dynamisant le tissu commercial.<\/p>\n<p>Cette propri\u00e9t\u00e9 repr\u00e9sente une excellente opportunit\u00e9 pour les entrepreneurs souhaitant implanter leur entreprise dans un emplacement strat\u00e9gique et pour les investisseurs recherchant un rendement \u00e9lev\u00e9 dans une zone \u00e0 forte demande. Un investissement s\u00fbr sur la Costa Blanca, id\u00e9al \u00e9galement pour les propri\u00e9taires souhaitant vendre dans un environnement urbain dynamique et en pleine expansion.<\/p>\n","protected":false},"excerpt":{"rendered":"<p>Si vous recherchez une opportunit\u00e9 strat\u00e9gique \u00e0 Benidorm, cet espace commercial situ\u00e9 dans le quartier \u00e9tabli de Colonia Madrid est une option qui allie visibilit\u00e9, rentabilit\u00e9 et fort potentiel de d\u00e9veloppement. D&#8217;une surface construite de 76 m\u00b2 et d&#8217;une surface utile de 63 m\u00b2, ce bien se distingue par son agencement optimal et <\/p>\n","protected":false},"author":3,"featured_media":27868565,"parent":0,"menu_order":0,"template":"","property_type":[5015],"property_status":[5020],"property_feature":[5070,5090],"property_label":[5281],"property_state":[166],"property_city":[173],"property_area":[236],"class_list":["post-27868562","property","type-property","status-publish","has-post-thumbnail","hentry","property_type-commerces","property_status-vente","property_feature-debarras","property_feature-tout-exterieur","property_label-revente","property_state-alicante","property_city-benidorm","property_area-colonia-madrid"],"property_meta":{"fave_agent":["163467"],"fave_agents":["163467"],"fave_agent_display_option":["agent_info"],"custom_permalink":["inmueble\/venta\/local-comercial\/alicante\/benidorm\/05442\/"],"_thumbnail_id":["27868565"],"post_id":["Array"],"original_author":["3"],"property_agent":["163467"],"_edit_lock":["1604137107:1"],"_edit_last":["1"],"fave_property_map_street_view":["show"],"fave_payment_status":["not_paid"],"fave_single_top_area":["global"],"fave_single_content_area":["global"],"houzez_manual_expire":["0"],"fave_property_size_prefix":["m&sup2;"],"fave_property_map":["1"],"fave_additional_features_enable":["disable"],"fave_floor_plans_enable":["disable"],"fave_multiunit_plans_enable":["disable"],"fave_prop_homeslider":["no"],"fave_featured":["0"],"fave_property_address":[" Benidorm, Alicante"],"fave_property_zip":["03502"],"houzez_geolocation_lat":["38.547508232"],"houzez_geolocation_long":["-0.134495764"],"fave_property_location":["38.547508232,-0.134495764"],"fave_property_country":["ES"],"fave_property_map_address":[" Benidorm, Alicante, Spain"],"fave_comunidadimporte":["10\u20ac"],"fave_comunidadincluida":["0"],"fave_conservacion":["Buen estado"],"fave_orientacion":["Sur"],"fave_carpinteriainterior":[""],"fave_carpinteriaexterior":[""],"fave_tiposuelo":[""],"fave_vistas":[""],"fave_ibi":["230\u20ac"],"additional_features":["a:7:{i:0;a:2:{s:29:\"fave_additional_feature_title\";s:12:\"Carpinter\u00eda\";s:29:\"fave_additional_feature_value\";s:0:\"\";}i:1;a:2:{s:29:\"fave_additional_feature_title\";s:21:\"Carpinter\u00eda exterior\";s:29:\"fave_additional_feature_value\";s:0:\"\";}i:2;a:2:{s:29:\"fave_additional_feature_title\";s:6:\"Estado\";s:29:\"fave_additional_feature_value\";s:11:\"Buen estado\";}i:3;a:2:{s:29:\"fave_additional_feature_title\";s:6:\"Vistas\";s:29:\"fave_additional_feature_value\";s:0:\"\";}i:4;a:2:{s:29:\"fave_additional_feature_title\";s:12:\"Orientaci\u00f3n\";s:29:\"fave_additional_feature_value\";s:3:\"Sur\";}i:5;a:2:{s:29:\"fave_additional_feature_title\";s:19:\"Gastos de comunidad\";s:29:\"fave_additional_feature_value\";s:5:\"10\u20ac\";}i:6;a:2:{s:29:\"fave_additional_feature_title\";s:13:\"Gastos de IBI\";s:29:\"fave_additional_feature_value\";s:6:\"230\u20ac\";}}"],"referencia":["05442"],"fave_property_id":["05442"],"fave_property_bedrooms":["0"],"fave_property_bathrooms":["1"],"fave_property_garage":[""],"fave_property_land":["0"],"ave_property_land_postfix":["m&sup2;"],"fave_property_size":["76"],"fave_property_year":["1977"],"fave_energy_global_index":["0 kWh\/m&sup2; \/1234.99 Kg CO2\/m&sup2;"],"fave_energy_class":["E"],"estate_attr_energy_class":["E"],"REAL_HOMES_property_emisiones":["1234.99"],"REAL_HOMES_property_consumo":["0"],"REAL_HOMES_property_letra":["E"],"estate_video":[""],"fave_video_url":["https:\/\/www.youtube.com\/watch?v=pyv7VZnTKa8"],"fave_video_image":["https:\/\/fotos15.apinmo.com\/8720\/28835044\/4-1.jpg"],"fave_virtual_tour":[""],"vendidoInmueble":[""],"fave_property_price":["127500"],"fave_property_price_postfix":[""],"fave_property_images":["27868565","27868566","27868567","27868568","27868569","27868570"],"houzez_total_property_views":["2"],"houzez_views_by_date":["a:1:{s:10:\"04-26-2026\";i:2;}"],"houzez_recently_viewed":["2026-04-27 01:30:09"],"_elementor_page_assets":["a:0:{}"]},"_links":{"self":[{"href":"https:\/\/inmobrisa.com\/fr\/wp-json\/wp\/v2\/properties\/27868562","targetHints":{"allow":["GET"]}}],"collection":[{"href":"https:\/\/inmobrisa.com\/fr\/wp-json\/wp\/v2\/properties"}],"about":[{"href":"https:\/\/inmobrisa.com\/fr\/wp-json\/wp\/v2\/types\/property"}],"author":[{"embeddable":true,"href":"https:\/\/inmobrisa.com\/fr\/wp-json\/wp\/v2\/users\/3"}],"version-history":[{"count":0,"href":"https:\/\/inmobrisa.com\/fr\/wp-json\/wp\/v2\/properties\/27868562\/revisions"}],"wp:featuredmedia":[{"embeddable":true,"href":"https:\/\/inmobrisa.com\/fr\/wp-json\/wp\/v2\/media\/27868565"}],"wp:attachment":[{"href":"https:\/\/inmobrisa.com\/fr\/wp-json\/wp\/v2\/media?parent=27868562"}],"wp:term":[{"taxonomy":"property_type","embeddable":true,"href":"https:\/\/inmobrisa.com\/fr\/wp-json\/wp\/v2\/property_type?post=27868562"},{"taxonomy":"property_status","embeddable":true,"href":"https:\/\/inmobrisa.com\/fr\/wp-json\/wp\/v2\/property_status?post=27868562"},{"taxonomy":"property_feature","embeddable":true,"href":"https:\/\/inmobrisa.com\/fr\/wp-json\/wp\/v2\/property_feature?post=27868562"},{"taxonomy":"property_label","embeddable":true,"href":"https:\/\/inmobrisa.com\/fr\/wp-json\/wp\/v2\/property_label?post=27868562"},{"taxonomy":"property_state","embeddable":true,"href":"https:\/\/inmobrisa.com\/fr\/wp-json\/wp\/v2\/property_state?post=27868562"},{"taxonomy":"property_city","embeddable":true,"href":"https:\/\/inmobrisa.com\/fr\/wp-json\/wp\/v2\/property_city?post=27868562"},{"taxonomy":"property_area","embeddable":true,"href":"https:\/\/inmobrisa.com\/fr\/wp-json\/wp\/v2\/property_area?post=27868562"}],"curies":[{"name":"wp","href":"https:\/\/api.w.org\/{rel}","templated":true}]}}