{"id":28020308,"date":"2026-04-26T00:37:39","date_gmt":"2026-04-26T00:37:39","guid":{"rendered":"https:\/\/www.inmobrisa.com\/inmueble\/venta\/apartamento\/murcia\/san-pedro-del-pinatar\/n9741\/"},"modified":"2026-04-26T00:37:39","modified_gmt":"2026-04-26T00:37:39","slug":"venta-de-apartamento-en-san-pedro-del-pinatar-n9741-fr","status":"publish","type":"property","link":"https:\/\/inmobrisa.com\/fr\/property\/venta-de-apartamento-en-san-pedro-del-pinatar-n9741-fr\/","title":{"rendered":"Venta de Apartamento en San Pedro del Pinatar &#8211; n9741"},"content":{"rendered":"<p>Appartements touristiques pr\u00e8s de la plage \u00e0 Lo Pag\u00e1n-San Pedro del Pinatar : une opportunit\u00e9 d`investissement sur la Costa C\u00e1lidaEmplacement privil\u00e9gi\u00e9 en bord de mer \u00e0 Lo Pag\u00e1nD\u00e9couvrez ce nouveau complexe de 44 appartements touristiques enti\u00e8rement meubl\u00e9s situ\u00e9 \u00e0 Lo Pag\u00e1n, San Pedro del Pinatar, l`une des destinations les plus pris\u00e9es de la Costa C\u00e1lida. \u00c0 seulement 800 m\u00e8tres de la plage, ce complexe r\u00e9sidentiel offre l`\u00e9quilibre parfait entre d\u00e9tente, art de vivre en bord de mer et potentiel d`investissement. La r\u00e9gion est r\u00e9put\u00e9e pour sa proximit\u00e9 avec le Mar Menor et la mer M\u00e9diterran\u00e9e, offrant des eaux calmes, des ports de plaisance et un large \u00e9ventail de sports nautiques. Lo Pag\u00e1n dispose \u00e9galement d`une promenade anim\u00e9e avec des restaurants, des caf\u00e9s et des boutiques, ainsi que des c\u00e9l\u00e8bres bains de boue naturels qui attirent des visiteurs toute l`ann\u00e9e.Des appartements modernes con\u00e7us pour le confort et la flexibilit\u00e9Le complexe propose une vari\u00e9t\u00e9 d`agencements adapt\u00e9s \u00e0 diff\u00e9rents besoins. Les acheteurs peuvent choisir entre des studios spacieux avec 1 salle de bains et une terrasse, ou des logements plus grands avec 2 chambres et 2 salles de bains, dont une attenante, tous dot\u00e9s de terrasses ext\u00e9rieures priv\u00e9es. Chaque appartement a \u00e9t\u00e9 soigneusement con\u00e7u pour optimiser le confort, la fonctionnalit\u00e9 et la lumi\u00e8re naturelle.Tous les logements sont livr\u00e9s enti\u00e8rement meubl\u00e9s et \u00e9quip\u00e9s d`appareils \u00e9lectrom\u00e9nagers, ce qui les rend pr\u00eats \u00e0 \u00eatre occup\u00e9s ou lou\u00e9s imm\u00e9diatement. Les int\u00e9rieurs refl\u00e8tent un style moderne avec des finitions de qualit\u00e9, garantissant un cadre de vie confortable et \u00e9l\u00e9gant \u00e0 quelques minutes de la mer.\u00c9quipements haut de gamme et habitat intelligentCes appartements comprennent une climatisation centralis\u00e9e enti\u00e8rement install\u00e9e, un syst\u00e8me a\u00e9rothermique pour l`eau chaude et des salles de bains enti\u00e8rement \u00e9quip\u00e9es avec mobilier, miroirs et parois de douche. De plus, l`immeuble et les logements individuels b\u00e9n\u00e9ficient de syst\u00e8mes de serrures intelligentes, renfor\u00e7ant ainsi la s\u00e9curit\u00e9 et le confort. Certains logements comprennent \u00e9galement des places de parking souterraines ou ext\u00e9rieures et des d\u00e9barras, selon la propri\u00e9t\u00e9.Des \u00e9quipements de style resort pour la d\u00e9tente et le bien-\u00eatreLes r\u00e9sidents et leurs invit\u00e9s peuvent profiter d\u2019excellentes installations communes, notamment d\u2019une piscine sur le toit avec solarium, parfaite pour se d\u00e9tendre sous le soleil m\u00e9diterran\u00e9en. Le complexe dispose \u00e9galement d\u2019une salle de sport et d\u2019un caf\u00e9 sur place, cr\u00e9ant un environnement confortable et convivial, id\u00e9al aussi bien pour les vacances que pour les s\u00e9jours de longue dur\u00e9e.Excellente connectivit\u00e9 et points d\u2019int\u00e9r\u00eat \u00e0 proximit\u00e9Plage de Lo Pag\u00e1n 0,8 kmMar Menor 0,8 kmCentre de San Pedro del Pinatar 2 kmCentre commercial Dos Mares 3 kmGolf de Lo Romero 10 kmA\u00e9roport international de Murcie 35 kmA\u00e9roport d`Alicante 75 kmPort de plaisance de San Pedro 2 kmUn investissement intelligent avec gestion locativeCes appartements touristiques offrent une excellente opportunit\u00e9 d`investissement, avec une TVA d\u00e9ductible et une soci\u00e9t\u00e9 de gestion professionnelle qui s`occupe des locations lorsque le bien n`est pas utilis\u00e9. Cela garantit une exp\u00e9rience de propri\u00e9t\u00e9 sans tracas et des rendements locatifs attractifs.Assurez-vous une propri\u00e9t\u00e9 sur la Costa C\u00e1lidaQue vous recherchiez une r\u00e9sidence secondaire, un investissement locatif ou les deux, ces appartements \u00e0 Lo Pag\u00e1n offrent emplacement, qualit\u00e9 et rentabilit\u00e9. Contactez-nous d\u00e8s aujourd`hui pour plus d`informations ou pour organiser une visite et vous assurer votre nouvelle propri\u00e9t\u00e9 en bord de mer.<\/p>\n","protected":false},"excerpt":{"rendered":"<p>Appartements touristiques pr\u00e8s de la plage \u00e0 Lo Pag\u00e1n-San Pedro del Pinatar : une opportunit\u00e9 d`investissement sur la Costa C\u00e1lidaEmplacement privil\u00e9gi\u00e9 en bord de mer \u00e0 Lo Pag\u00e1nD\u00e9couvrez ce nouveau complexe de 44 appartements touristiques enti\u00e8rement meubl\u00e9s situ\u00e9 \u00e0 Lo Pag\u00e1n, San Pedro del Pinatar, l`une des destinations les <\/p>\n","protected":false},"author":3,"featured_media":28020311,"parent":0,"menu_order":0,"template":"","property_type":[5100],"property_status":[5020],"property_feature":[5147,5080,5055],"property_label":[5195],"property_state":[5230],"property_city":[5300],"property_area":[5637],"class_list":["post-28020308","property","type-property","status-publish","has-post-thumbnail","hentry","property_type-appartements","property_status-vente","property_feature-gymnase","property_feature-les-meubles","property_feature-piscine","property_label-obra-nova","property_state-murcia","property_city-san-pedro-del-pinatar","property_area-los-cuarteros"],"property_meta":{"fave_agent":["163467"],"fave_agents":["163467"],"fave_agent_display_option":["agent_info"],"custom_permalink":["inmueble\/venta\/apartamento\/murcia\/san-pedro-del-pinatar\/n9741\/"],"_thumbnail_id":["28020311"],"post_id":["Array"],"original_author":["3"],"property_agent":["163467"],"_edit_lock":["1604137107:1"],"_edit_last":["1"],"fave_property_map_street_view":["show"],"fave_payment_status":["not_paid"],"fave_single_top_area":["global"],"fave_single_content_area":["global"],"houzez_manual_expire":["0"],"fave_property_size_prefix":["m&sup2;"],"fave_property_map":["1"],"fave_additional_features_enable":["disable"],"fave_floor_plans_enable":["disable"],"fave_multiunit_plans_enable":["disable"],"fave_prop_homeslider":["no"],"fave_featured":["0"],"fave_property_address":[" San Pedro del Pinatar, Murcia"],"fave_property_zip":["30740"],"houzez_geolocation_lat":["37.81978950065635"],"houzez_geolocation_long":["-0.7966944281836824"],"fave_property_location":["37.81978950065635,-0.7966944281836824"],"fave_property_country":["ES"],"fave_property_map_address":[" San Pedro del Pinatar, Murcia, Spain"],"fave_comunidadimporte":[""],"fave_comunidadincluida":["0"],"fave_conservacion":["Obra Nueva"],"fave_orientacion":[""],"fave_carpinteriainterior":[""],"fave_carpinteriaexterior":[""],"fave_tiposuelo":[""],"fave_vistas":[""],"fave_ibi":[""],"additional_features":["a:5:{i:0;a:2:{s:29:\"fave_additional_feature_title\";s:12:\"Carpinter\u00eda\";s:29:\"fave_additional_feature_value\";s:0:\"\";}i:1;a:2:{s:29:\"fave_additional_feature_title\";s:21:\"Carpinter\u00eda exterior\";s:29:\"fave_additional_feature_value\";s:0:\"\";}i:2;a:2:{s:29:\"fave_additional_feature_title\";s:6:\"Estado\";s:29:\"fave_additional_feature_value\";s:10:\"Obra Nueva\";}i:3;a:2:{s:29:\"fave_additional_feature_title\";s:6:\"Vistas\";s:29:\"fave_additional_feature_value\";s:0:\"\";}i:4;a:2:{s:29:\"fave_additional_feature_title\";s:12:\"Orientaci\u00f3n\";s:29:\"fave_additional_feature_value\";s:0:\"\";}}"],"referencia":["n9741"],"fave_property_id":["n9741"],"fave_property_bedrooms":["0"],"fave_property_bathrooms":["1"],"fave_property_garage":[""],"fave_property_land":["0"],"ave_property_land_postfix":["m&sup2;"],"fave_property_size":["43"],"fave_property_year":["0"],"fave_energy_global_index":["0 kWh\/m&sup2; \/0 Kg CO2\/m&sup2;"],"fave_energy_class":["B"],"estate_attr_energy_class":["B"],"REAL_HOMES_property_emisiones":["0"],"REAL_HOMES_property_consumo":["0"],"REAL_HOMES_property_letra":["B"],"estate_video":[""],"fave_virtual_tour":[""],"vendidoInmueble":[""],"fave_property_price":["149900"],"fave_property_price_postfix":[""],"fave_property_images":["28020311","28020312","28020313","28020314","28020315","28020316","28020317","28020318","28020319","28020320","28020321","28020322","28020323","28020324","28020325"],"houzez_total_property_views":["2"],"houzez_views_by_date":["a:1:{s:10:\"04-28-2026\";i:2;}"],"houzez_recently_viewed":["2026-04-28 18:30:58"],"_elementor_page_assets":["a:0:{}"]},"_links":{"self":[{"href":"https:\/\/inmobrisa.com\/fr\/wp-json\/wp\/v2\/properties\/28020308","targetHints":{"allow":["GET"]}}],"collection":[{"href":"https:\/\/inmobrisa.com\/fr\/wp-json\/wp\/v2\/properties"}],"about":[{"href":"https:\/\/inmobrisa.com\/fr\/wp-json\/wp\/v2\/types\/property"}],"author":[{"embeddable":true,"href":"https:\/\/inmobrisa.com\/fr\/wp-json\/wp\/v2\/users\/3"}],"version-history":[{"count":0,"href":"https:\/\/inmobrisa.com\/fr\/wp-json\/wp\/v2\/properties\/28020308\/revisions"}],"wp:featuredmedia":[{"embeddable":true,"href":"https:\/\/inmobrisa.com\/fr\/wp-json\/wp\/v2\/media\/28020311"}],"wp:attachment":[{"href":"https:\/\/inmobrisa.com\/fr\/wp-json\/wp\/v2\/media?parent=28020308"}],"wp:term":[{"taxonomy":"property_type","embeddable":true,"href":"https:\/\/inmobrisa.com\/fr\/wp-json\/wp\/v2\/property_type?post=28020308"},{"taxonomy":"property_status","embeddable":true,"href":"https:\/\/inmobrisa.com\/fr\/wp-json\/wp\/v2\/property_status?post=28020308"},{"taxonomy":"property_feature","embeddable":true,"href":"https:\/\/inmobrisa.com\/fr\/wp-json\/wp\/v2\/property_feature?post=28020308"},{"taxonomy":"property_label","embeddable":true,"href":"https:\/\/inmobrisa.com\/fr\/wp-json\/wp\/v2\/property_label?post=28020308"},{"taxonomy":"property_state","embeddable":true,"href":"https:\/\/inmobrisa.com\/fr\/wp-json\/wp\/v2\/property_state?post=28020308"},{"taxonomy":"property_city","embeddable":true,"href":"https:\/\/inmobrisa.com\/fr\/wp-json\/wp\/v2\/property_city?post=28020308"},{"taxonomy":"property_area","embeddable":true,"href":"https:\/\/inmobrisa.com\/fr\/wp-json\/wp\/v2\/property_area?post=28020308"}],"curies":[{"name":"wp","href":"https:\/\/api.w.org\/{rel}","templated":true}]}}