{"id":35432916,"date":"2026-09-03T16:05:23","date_gmt":"2026-09-03T16:05:23","guid":{"rendered":"https:\/\/www.inmobrisa.com\/inmueble\/venta\/chalet\/alicante\/alfaz-del-pi\/05520\/"},"modified":"2026-09-03T16:05:23","modified_gmt":"2026-09-03T16:05:23","slug":"villa-spacieuse-de-182-m-avec-vue-sur-la-mer-et-piscine-privee-a-l-alfas-del-pi-05520","status":"publish","type":"property","link":"https:\/\/inmobrisa.com\/fr\/property\/villa-spacieuse-de-182-m-avec-vue-sur-la-mer-et-piscine-privee-a-l-alfas-del-pi-05520\/","title":{"rendered":"VILLA SPACIEUSE DE 182 M\u00b2 AVEC VUE SUR LA MER ET PISCINE PRIV\u00c9E \u00c0 L\u2019ALF\u00c0S DEL PI &#8211; 05520"},"content":{"rendered":"<p>D\u00e9couvrez cette spacieuse maison situ\u00e9e dans un quartier calme de l\u2019Alf\u00e0s del Pi, id\u00e9ale pour ceux qui recherchent espace, confort et proximit\u00e9 de la M\u00e9diterran\u00e9e. Avec 182 m\u00b2 habitables, la propri\u00e9t\u00e9 offre un agencement spacieux et fonctionnel, comprenant 3 chambres doubles, 1 chambre simple et 2 salles de bains, parfait pour une famille ou pour ceux qui ont besoin d\u2019espace suppl\u00e9mentaire pour recevoir des invit\u00e9s, am\u00e9nager un bureau ou un espace de d\u00e9tente.<\/p>\n<p>La maison est en bon \u00e9tat et pr\u00eate \u00e0 emm\u00e9nager. Elle comprend une cuisine ind\u00e9pendante enti\u00e8rement \u00e9quip\u00e9e, un salon lumineux, un cellier, une buanderie, des placards int\u00e9gr\u00e9s et la climatisation r\u00e9versible. Elle dispose \u00e9galement du chauffage, d\u2019une baie vitr\u00e9e et d\u2019une terrasse offrant une vue imprenable sur la mer. L\u2019ext\u00e9rieur propose diff\u00e9rents espaces pour profiter du climat m\u00e9diterran\u00e9en, dont un patio, un jardin clos, une piscine priv\u00e9e et un barbecue.<\/p>\n<p>Son emplacement vous permet d\u2019allier tranquillit\u00e9 r\u00e9sidentielle et commodit\u00e9s. Le quartier commer\u00e7ant de l\u2019Albir, avec ses supermarch\u00e9s, restaurants et boutiques, est \u00e0 quelques minutes seulement. \u00c0 titre indicatif, le supermarch\u00e9 Consum se trouve \u00e0 environ 10-15 minutes \u00e0 pied, selon votre point de d\u00e9part.<\/p>\n<p>La c\u00f4te est \u00e0 environ 1,1 km, facilement accessible en voiture ou \u00e0 pied. De plus, l\u2019Alf\u00e0s del Pi et l\u2019Albir offrent un cadre privil\u00e9gi\u00e9 entre mer et montagne, avec des espaces naturels comme la Serra Gelada et de nombreux sentiers pour admirer le paysage.<\/p>\n<p>Cette spacieuse propri\u00e9t\u00e9 dispose d\u2019une piscine priv\u00e9e, d\u2019une vue sur la mer et d\u2019un grand espace ext\u00e9rieur, le tout dans un quartier r\u00e9sidentiel tr\u00e8s pris\u00e9 de la Costa Blanca. Taxe fonci\u00e8re annuelle (IBI)\u00a0: 433\u00a0&euro;. Ann\u00e9e de construction\u00a0: 1972.<\/p>\n","protected":false},"excerpt":{"rendered":"<p>D\u00e9couvrez cette spacieuse maison situ\u00e9e dans un quartier calme de l\u2019Alf\u00e0s del Pi, id\u00e9ale pour ceux qui recherchent espace, confort et proximit\u00e9 de la M\u00e9diterran\u00e9e. Avec 182 m\u00b2 habitables, la propri\u00e9t\u00e9 offre un agencement spacieux et fonctionnel, comprenant 3 chambres doubles, 1 chambre simple et 2 salles de bains, parfait pour <\/p>\n","protected":false},"author":3,"featured_media":35432919,"parent":0,"menu_order":0,"template":"","property_type":[5130],"property_status":[5020],"property_feature":[5075,5142,5105,5030,5120,5080,5045,5176,5055,5025,5090],"property_label":[5281],"property_state":[166],"property_city":[263],"property_area":[5555],"class_list":["post-35432916","property","type-property","status-publish","has-post-thumbnail","hentry","property_type-houses","property_status-vente","property_feature-appareils","property_feature-bbq","property_feature-chauffage","property_feature-climatisation","property_feature-galerie","property_feature-les-meubles","property_feature-parking-fr-","property_feature-patio","property_feature-piscine","property_feature-terrasse","property_feature-tout-exterieur","property_label-revente","property_state-alicante","property_city-alfaz-del-pi","property_area-alfaz-del-pi-pueblo-urbanizaciones"],"property_meta":{"fave_agent":["163467"],"fave_agents":["163467"],"fave_agent_display_option":["agent_info"],"custom_permalink":["inmueble\/venta\/chalet\/alicante\/alfaz-del-pi\/05520\/"],"_thumbnail_id":["35432919"],"original_author":["3"],"property_agent":["163467"],"_edit_lock":["1604137107:1"],"_edit_last":["1"],"fave_property_map_street_view":["show"],"fave_payment_status":["not_paid"],"fave_single_top_area":["global"],"fave_single_content_area":["global"],"houzez_manual_expire":["0"],"fave_property_size_prefix":["m&sup2;"],"fave_property_map":["1"],"fave_additional_features_enable":["disable"],"fave_floor_plans_enable":["disable"],"fave_multiunit_plans_enable":["disable"],"fave_prop_homeslider":["no"],"fave_featured":["0"],"fave_property_address":[" Alfaz del Pi, Alicante"],"fave_property_zip":["03580"],"houzez_geolocation_lat":["38.58351293"],"houzez_geolocation_long":["-0.084576384"],"fave_property_location":["38.58351293,-0.084576384"],"fave_property_country":["ES"],"fave_property_map_address":[" Alfaz del Pi, Alicante, Spain"],"fave_comunidadimporte":[""],"fave_comunidadincluida":["0"],"fave_conservacion":["Entrar a vivir"],"fave_orientacion":["Sureste"],"fave_carpinteriainterior":[""],"fave_carpinteriaexterior":[""],"fave_tiposuelo":[""],"fave_vistas":[""],"fave_ibi":["433\u20ac"],"additional_features":["a:6:{i:0;a:2:{s:29:\"fave_additional_feature_title\";s:12:\"Carpinter\u00eda\";s:29:\"fave_additional_feature_value\";s:0:\"\";}i:1;a:2:{s:29:\"fave_additional_feature_title\";s:21:\"Carpinter\u00eda exterior\";s:29:\"fave_additional_feature_value\";s:0:\"\";}i:2;a:2:{s:29:\"fave_additional_feature_title\";s:6:\"Estado\";s:29:\"fave_additional_feature_value\";s:14:\"Entrar a vivir\";}i:3;a:2:{s:29:\"fave_additional_feature_title\";s:6:\"Vistas\";s:29:\"fave_additional_feature_value\";s:0:\"\";}i:4;a:2:{s:29:\"fave_additional_feature_title\";s:12:\"Orientaci\u00f3n\";s:29:\"fave_additional_feature_value\";s:7:\"Sureste\";}i:5;a:2:{s:29:\"fave_additional_feature_title\";s:13:\"Gastos de IBI\";s:29:\"fave_additional_feature_value\";s:6:\"433\u20ac\";}}"],"referencia":["05520"],"fave_property_id":["05520"],"goapis_id_inmueble":["13630131018"],"goapis_images_hash":["de95a41f31c6a1bde14b3ee530f0a9c6"],"fave_property_bedrooms":["4"],"fave_property_bathrooms":["2"],"fave_property_garage":["1"],"fave_property_land":["0"],"ave_property_land_postfix":["m&sup2;"],"fave_property_size":["182"],"fave_property_year":["1972"],"fave_energy_global_index":["0 kWh\/m&sup2; \/0 Kg CO2\/m&sup2;"],"fave_energy_class":["D"],"estate_attr_energy_class":["D"],"REAL_HOMES_property_emisiones":["0"],"REAL_HOMES_property_consumo":["0"],"REAL_HOMES_property_letra":["D"],"estate_video":[""],"fave_virtual_tour":[""],"vendidoInmueble":[""],"fave_property_price":["380000"],"fave_property_price_postfix":[""],"fave_property_images":["35432919","35432920","35432921","35432922","35432923","35432924","35432925","35432926","35432927","35432928","35432929","35432930","35432931","35432932","35432933","35432934","35432935","35432936","35432937","35432938","35432939","35432940","35432941","35432942","35432943","35432944","35432945","35432946","35432947","35432948"],"houzez_total_property_views":["3"],"houzez_views_by_date":["a:1:{s:10:\"09-04-2026\";i:3;}"],"houzez_recently_viewed":["2026-09-04 11:02:57"],"_elementor_page_assets":["a:0:{}"]},"_links":{"self":[{"href":"https:\/\/inmobrisa.com\/fr\/wp-json\/wp\/v2\/properties\/35432916","targetHints":{"allow":["GET"]}}],"collection":[{"href":"https:\/\/inmobrisa.com\/fr\/wp-json\/wp\/v2\/properties"}],"about":[{"href":"https:\/\/inmobrisa.com\/fr\/wp-json\/wp\/v2\/types\/property"}],"author":[{"embeddable":true,"href":"https:\/\/inmobrisa.com\/fr\/wp-json\/wp\/v2\/users\/3"}],"version-history":[{"count":0,"href":"https:\/\/inmobrisa.com\/fr\/wp-json\/wp\/v2\/properties\/35432916\/revisions"}],"wp:featuredmedia":[{"embeddable":true,"href":"https:\/\/inmobrisa.com\/fr\/wp-json\/wp\/v2\/media\/35432919"}],"wp:attachment":[{"href":"https:\/\/inmobrisa.com\/fr\/wp-json\/wp\/v2\/media?parent=35432916"}],"wp:term":[{"taxonomy":"property_type","embeddable":true,"href":"https:\/\/inmobrisa.com\/fr\/wp-json\/wp\/v2\/property_type?post=35432916"},{"taxonomy":"property_status","embeddable":true,"href":"https:\/\/inmobrisa.com\/fr\/wp-json\/wp\/v2\/property_status?post=35432916"},{"taxonomy":"property_feature","embeddable":true,"href":"https:\/\/inmobrisa.com\/fr\/wp-json\/wp\/v2\/property_feature?post=35432916"},{"taxonomy":"property_label","embeddable":true,"href":"https:\/\/inmobrisa.com\/fr\/wp-json\/wp\/v2\/property_label?post=35432916"},{"taxonomy":"property_state","embeddable":true,"href":"https:\/\/inmobrisa.com\/fr\/wp-json\/wp\/v2\/property_state?post=35432916"},{"taxonomy":"property_city","embeddable":true,"href":"https:\/\/inmobrisa.com\/fr\/wp-json\/wp\/v2\/property_city?post=35432916"},{"taxonomy":"property_area","embeddable":true,"href":"https:\/\/inmobrisa.com\/fr\/wp-json\/wp\/v2\/property_area?post=35432916"}],"curies":[{"name":"wp","href":"https:\/\/api.w.org\/{rel}","templated":true}]}}