{"id":7393,"date":"2024-11-20T23:07:59","date_gmt":"2024-11-20T22:07:59","guid":{"rendered":"https:\/\/inmobrisa.com\/inicio\/"},"modified":"2025-10-01T21:17:51","modified_gmt":"2025-10-01T19:17:51","slug":"inicio","status":"publish","type":"page","link":"https:\/\/inmobrisa.com\/pl\/","title":{"rendered":"Start"},"content":{"rendered":"\t\t<div data-elementor-type=\"wp-page\" data-elementor-id=\"7393\" class=\"elementor elementor-7393 elementor-32\">\n\t\t\t\t<div class=\"elementor-element elementor-element-9245c25 e-con-full e-flex e-con e-parent\" data-id=\"9245c25\" data-element_type=\"container\">\n\t\t<div class=\"elementor-element elementor-element-00cfa1d e-con-full e-flex e-con e-child\" data-id=\"00cfa1d\" data-element_type=\"container\" data-settings=\"{&quot;background_background&quot;:&quot;slideshow&quot;,&quot;background_slideshow_gallery&quot;:[{&quot;id&quot;:16,&quot;url&quot;:&quot;https:\\\/\\\/inmobrisa.com\\\/wp-content\\\/uploads\\\/2024\\\/11\\\/slider3.jpg&quot;},{&quot;id&quot;:15,&quot;url&quot;:&quot;https:\\\/\\\/inmobrisa.com\\\/wp-content\\\/uploads\\\/2024\\\/11\\\/slider2.jpg&quot;},{&quot;id&quot;:14,&quot;url&quot;:&quot;https:\\\/\\\/inmobrisa.com\\\/wp-content\\\/uploads\\\/2024\\\/11\\\/slider.jpg&quot;}],&quot;background_slideshow_transition_duration&quot;:3000,&quot;background_slideshow_ken_burns&quot;:&quot;yes&quot;,&quot;background_slideshow_loop&quot;:&quot;yes&quot;,&quot;background_slideshow_slide_duration&quot;:5000,&quot;background_slideshow_slide_transition&quot;:&quot;fade&quot;,&quot;background_slideshow_ken_burns_zoom_direction&quot;:&quot;in&quot;}\">\n\t\t\t\t<div class=\"elementor-element elementor-element-d859405 elementor-widget elementor-widget-heading\" data-id=\"d859405\" data-element_type=\"widget\" data-widget_type=\"heading.default\">\n\t\t\t\t<div class=\"elementor-widget-container\">\n\t\t\t\t\t<h2 class=\"elementor-heading-title elementor-size-default\">Znajd\u017a dom swoich marze\u0144<\/h2>\t\t\t\t<\/div>\n\t\t\t\t<\/div>\n\t\t\t\t<div class=\"elementor-element elementor-element-55f6c60 elementor-absolute elementor-button-align-stretch elementor-widget elementor-widget-houzez_elementor_search_builder\" data-id=\"55f6c60\" data-element_type=\"widget\" data-settings=\"{&quot;_position&quot;:&quot;absolute&quot;}\" data-widget_type=\"houzez_elementor_search_builder.default\">\n\t\t\t\t<div class=\"elementor-widget-container\">\n\t\t\t\t\t\n        <form class=\"houzez-search-form-js houzez-search-builder-form-js\" id=\"houzez-search-55f6c60\" method=\"get\" action=\"https:\/\/inmobrisa.com\/pl\/nieruchomosci\/\" >\n\n            \n            <div class=\"houzez-ele-search-form-wrapper elementor-form-fields-wrapper elementor-labels-above\">\n\n                                        <div class=\"elementor-field-group elementor-column form-group elementor-field-group-field-cities elementor-col-40\">\n                    <label for=\"form-field-field-cities\" class=\"elementor-field-label elementor-screen-only\">Ciudades<\/label>        <div class=\"elementor-field elementor-select-wrapper\">\n            <select data-size=\"5\" name=\"location[]\" id=\"form-field-field-cities\" class=\"selectpicker bs-select-hidden houzez-field-textual form-control elementor-size-sm houzezSelectFilter houzezCityFilter houzezThirdList houzez-city-js\" data-none-results-text=\"Ning\u00fan resultado coincide {0}\" data-target=\"houzezFourthList\">\n                <option value=\"\">Wszystkie miasta<\/option><option data-ref=\"abanilla\" data-belong=\"murcia\" data-subtext=\"Murcia\" value=\"abanilla\">Abanilla<\/option><option data-ref=\"aguilas\" data-belong=\"murcia\" data-subtext=\"Murcia\" value=\"aguilas\">\u00c1guilas<\/option><option data-ref=\"alfaz-del-pi\" data-belong=\"alicante\" data-subtext=\"Alicante\" value=\"alfaz-del-pi\">Alfaz del Pi<\/option><option data-ref=\"algorfa\" data-belong=\"alicante\" data-subtext=\"Alicante\" value=\"algorfa\">Algorfa<\/option><option data-ref=\"alhama-de-murcia\" data-belong=\"murcia\" data-subtext=\"Murcia\" value=\"alhama-de-murcia\">Alhama de Murcia<\/option><option data-ref=\"alicante-alacant\" data-belong=\"alicante\" data-subtext=\"Alicante\" value=\"alicante-alacant\">Alicante\/Alacant<\/option><option data-ref=\"almoradi\" data-belong=\"alicante\" data-subtext=\"Alicante\" value=\"almoradi\">Almorad\u00ed<\/option><option data-ref=\"altea\" data-belong=\"alicante\" data-subtext=\"Alicante\" value=\"altea\">Altea<\/option><option data-ref=\"aspe\" data-belong=\"alicante\" data-subtext=\"Alicante\" value=\"aspe\">Aspe<\/option><option data-ref=\"avileses\" data-belong=\"murcia\" data-subtext=\"Murcia\" value=\"avileses\">Avileses<\/option><option data-ref=\"benejuzar\" data-belong=\"alicante\" data-subtext=\"Alicante\" value=\"benejuzar\">Benej\u00fazar<\/option><option data-ref=\"benferri\" data-belong=\"alicante\" data-subtext=\"Alicante\" value=\"benferri\">Benferri<\/option><option data-ref=\"benicassim\" data-belong=\"\" data-subtext=\"\" value=\"benicassim\">Benicassim<\/option><option data-ref=\"benidorm\" data-belong=\"alicante\" data-subtext=\"Alicante\" value=\"benidorm\">Benidorm<\/option><option data-ref=\"benijofar\" data-belong=\"alicante\" data-subtext=\"Alicante\" value=\"benijofar\">Benij\u00f3far<\/option><option data-ref=\"benimantell\" data-belong=\"alicante\" data-subtext=\"Alicante\" value=\"benimantell\">Benimantell<\/option><option data-ref=\"benissa\" data-belong=\"alicante\" data-subtext=\"Alicante\" value=\"benissa\">Benissa<\/option><option data-ref=\"benitachell\" data-belong=\"alicante\" data-subtext=\"Alicante\" value=\"benitachell\">Benitachell<\/option><option data-ref=\"bigastro\" data-belong=\"alicante\" data-subtext=\"Alicante\" value=\"bigastro\">Bigastro<\/option><option data-ref=\"bolulla\" data-belong=\"alicante\" data-subtext=\"Alicante\" value=\"bolulla\">Bolulla<\/option><option data-ref=\"busot\" data-belong=\"alicante\" data-subtext=\"Alicante\" value=\"busot\">Busot<\/option><option data-ref=\"cabo-roig\" data-belong=\"alicante\" data-subtext=\"Alicante\" value=\"cabo-roig\">Cabo Roig<\/option><option data-ref=\"calasparra\" data-belong=\"murcia\" data-subtext=\"Murcia\" value=\"calasparra\">Calasparra<\/option><option data-ref=\"calpe\" data-belong=\"alicante\" data-subtext=\"Alicante\" value=\"calpe\">Calpe<\/option><option data-ref=\"cartagena\" data-belong=\"murcia\" data-subtext=\"Murcia\" value=\"cartagena\">Cartagena<\/option><option data-ref=\"cartagena\" data-belong=\"murcia\" data-subtext=\"Murcia\" value=\"cartagena\">Cartagena<\/option><option data-ref=\"castalla\" data-belong=\"alicante\" data-subtext=\"Alicante\" value=\"castalla\">Castalla<\/option><option data-ref=\"catral\" data-belong=\"alicante\" data-subtext=\"Alicante\" value=\"catral\">Catral<\/option><option data-ref=\"ciudad-quesada\" data-belong=\"alicante\" data-subtext=\"Alicante\" value=\"ciudad-quesada\">Ciudad Quesada<\/option><option data-ref=\"confrides\" data-belong=\"alicante\" data-subtext=\"Alicante\" value=\"confrides\">Confrides<\/option><option data-ref=\"cox\" data-belong=\"alicante\" data-subtext=\"Alicante\" value=\"cox\">Cox<\/option><option data-ref=\"cuevas-del-almanzora\" data-belong=\"almeria\" data-subtext=\"Almer\u00eda\" value=\"cuevas-del-almanzora\">Cuevas del Almanzora<\/option><option data-ref=\"daya-nueva\" data-belong=\"alicante\" data-subtext=\"Alicante\" value=\"daya-nueva\">Daya Nueva<\/option><option data-ref=\"denia\" data-belong=\"alicante\" data-subtext=\"Alicante\" value=\"denia\">D\u00e9nia<\/option><option data-ref=\"dolores\" data-belong=\"alicante\" data-subtext=\"Alicante\" value=\"dolores\">Dolores<\/option><option data-ref=\"el-albir\" data-belong=\"alicante\" data-subtext=\"Alicante\" value=\"el-albir\">El Albir<\/option><option data-ref=\"el-campello\" data-belong=\"alicante\" data-subtext=\"Alicante\" value=\"el-campello\">El Campello<\/option><option data-ref=\"el-verger\" data-belong=\"alicante\" data-subtext=\"Alicante\" value=\"el-verger\">El Verger<\/option><option data-ref=\"els-poblets\" data-belong=\"alicante\" data-subtext=\"Alicante\" value=\"els-poblets\">Els Poblets<\/option><option data-ref=\"finestrat\" data-belong=\"alicante\" data-subtext=\"Alicante\" value=\"finestrat\">Finestrat<\/option><option data-ref=\"formentera-del-segura\" data-belong=\"alicante\" data-subtext=\"Alicante\" value=\"formentera-del-segura\">Formentera del Segura<\/option><option data-ref=\"fortuna\" data-belong=\"murcia\" data-subtext=\"Murcia\" value=\"fortuna\">Fortuna<\/option><option data-ref=\"fuente-alamo-de-murcia\" data-belong=\"murcia\" data-subtext=\"Murcia\" value=\"fuente-alamo-de-murcia\">Fuente \u00c1lamo de Murcia<\/option><option data-ref=\"fuente-alamo-de-murcia\" data-belong=\"murcia\" data-subtext=\"Murcia\" value=\"fuente-alamo-de-murcia\">Fuente \u00c1lamo de Murcia<\/option><option data-ref=\"godella\" data-belong=\"valencia\" data-subtext=\"Valencia\" value=\"godella\">Godella<\/option><option data-ref=\"godella\" data-belong=\"valencia\" data-subtext=\"Valencia\" value=\"godella\">Godella<\/option><option data-ref=\"gran-alacant\" data-belong=\"alicante\" data-subtext=\"Alicante\" value=\"gran-alacant\">Gran Alacant<\/option><option data-ref=\"guardamar-del-segura\" data-belong=\"alicante\" data-subtext=\"Alicante\" value=\"guardamar-del-segura\">Guardamar del Segura<\/option><option data-ref=\"hondon-de-las-nieves\" data-belong=\"alicante\" data-subtext=\"Alicante\" value=\"hondon-de-las-nieves\">Hond\u00f3n de las Nieves<\/option><option data-ref=\"jacarilla\" data-belong=\"alicante\" data-subtext=\"Alicante\" value=\"jacarilla\">Jacarilla<\/option><option data-ref=\"javea\/xabia\" data-belong=\"alicante\" data-subtext=\"Alicante\" value=\"javea\/xabia\">J\u00e1vea\/X\u00e0bia<\/option><option data-ref=\"jumilla\" data-belong=\"murcia\" data-subtext=\"Murcia\" value=\"jumilla\">Jumilla<\/option><option data-ref=\"la-manga-del-mar-menor\" data-belong=\"murcia\" data-subtext=\"Murcia\" value=\"la-manga-del-mar-menor\">La Manga del Mar Menor<\/option><option data-ref=\"la-marina\" data-belong=\"alicante\" data-subtext=\"Alicante\" value=\"la-marina\">La Marina<\/option><option data-ref=\"la-nucia\" data-belong=\"alicante\" data-subtext=\"Alicante\" value=\"la-nucia\">La Nucia<\/option><option data-ref=\"la-romana\" data-belong=\"alicante\" data-subtext=\"Alicante\" value=\"la-romana\">La Romana<\/option><option data-ref=\"la-union\" data-belong=\"murcia\" data-subtext=\"Murcia\" value=\"la-union\">La Uni\u00f3n<\/option><option data-ref=\"lorca\" data-belong=\"murcia\" data-subtext=\"Murcia\" value=\"lorca\">Lorca<\/option><option data-ref=\"los-alcazares\" data-belong=\"murcia\" data-subtext=\"Murcia\" value=\"los-alcazares\">Los Alc\u00e1zares<\/option><option data-ref=\"los-montesinos\" data-belong=\"alicante\" data-subtext=\"Alicante\" value=\"los-montesinos\">Los Montesinos<\/option><option data-ref=\"mazarron\" data-belong=\"murcia\" data-subtext=\"Murcia\" value=\"mazarron\">Mazarr\u00f3n<\/option><option data-ref=\"mojacar\" data-belong=\"almeria\" data-subtext=\"Almer\u00eda\" value=\"mojacar\">Moj\u00e1car<\/option><option data-ref=\"molina-de-segura\" data-belong=\"murcia\" data-subtext=\"Murcia\" value=\"molina-de-segura\">Molina de Segura<\/option><option data-ref=\"monforte-del-cid\" data-belong=\"alicante\" data-subtext=\"Alicante\" value=\"monforte-del-cid\">Monforte del Cid<\/option><option data-ref=\"moraira\" data-belong=\"alicante\" data-subtext=\"Alicante\" value=\"moraira\">Moraira<\/option><option data-ref=\"moratalla\" data-belong=\"murcia\" data-subtext=\"Murcia\" value=\"moratalla\">Moratalla<\/option><option data-ref=\"murcia\" data-belong=\"murcia\" data-subtext=\"Murcia\" value=\"murcia\">Murcia<\/option><option data-ref=\"mutxamel\" data-belong=\"alicante\" data-subtext=\"Alicante\" value=\"mutxamel\">Mutxamel<\/option><option data-ref=\"orihuela\" data-belong=\"alicante\" data-subtext=\"Alicante\" value=\"orihuela\">Orihuela<\/option><option data-ref=\"orihuela-costa\" data-belong=\"alicante\" data-subtext=\"Alicante\" value=\"orihuela-costa\">Orihuela Costa<\/option><option data-ref=\"orxeta\" data-belong=\"alicante\" data-subtext=\"Alicante\" value=\"orxeta\">Orxeta<\/option><option data-ref=\"penaguila\" data-belong=\"alicante\" data-subtext=\"Alicante\" value=\"penaguila\">Pen\u00e0guila<\/option><option data-ref=\"pilar-de-la-horadada\" data-belong=\"alicante\" data-subtext=\"Alicante\" value=\"pilar-de-la-horadada\">Pilar de la Horadada<\/option><option data-ref=\"pinoso\" data-belong=\"alicante\" data-subtext=\"Alicante\" value=\"pinoso\">Pinoso<\/option><option data-ref=\"polop\" data-belong=\"alicante\" data-subtext=\"Alicante\" value=\"polop\">Polop<\/option><option data-ref=\"pulpi\" data-belong=\"almeria\" data-subtext=\"Almer\u00eda\" value=\"pulpi\">Pulp\u00ed<\/option><option data-ref=\"rafal\" data-belong=\"alicante\" data-subtext=\"Alicante\" value=\"rafal\">Rafal<\/option><option data-ref=\"relleu\" data-belong=\"alicante\" data-subtext=\"Alicante\" value=\"relleu\">Relleu<\/option><option data-ref=\"rojales\" data-belong=\"alicante\" data-subtext=\"Alicante\" value=\"rojales\">Rojales<\/option><option data-ref=\"san-fulgencio\" data-belong=\"alicante\" data-subtext=\"Alicante\" value=\"san-fulgencio\">San Fulgencio<\/option><option data-ref=\"san-javier\" data-belong=\"murcia\" data-subtext=\"Murcia\" value=\"san-javier\">San Javier<\/option><option data-ref=\"san-juan-de-alicante-sant-joan-d-alacant\" data-belong=\"alicante\" data-subtext=\"Alicante\" value=\"san-juan-de-alicante-sant-joan-d-alacant\">San Juan de Alicante\/Sant Joan d&#039;Alacant<\/option><option data-ref=\"san-miguel-de-salinas\" data-belong=\"alicante\" data-subtext=\"Alicante\" value=\"san-miguel-de-salinas\">San Miguel de Salinas<\/option><option data-ref=\"san-pedro-del-pinatar\" data-belong=\"murcia\" data-subtext=\"Murcia\" value=\"san-pedro-del-pinatar\">San Pedro del Pinatar<\/option><option data-ref=\"santa-maria-del-paramo\" data-belong=\"leon\" data-subtext=\"Le\u00f3n\" value=\"santa-maria-del-paramo\">Santa Mar\u00eda del P\u00e1ramo<\/option><option data-ref=\"santa-maria-del-paramo\" data-belong=\"leon\" data-subtext=\"Le\u00f3n\" value=\"santa-maria-del-paramo\">Santa Mar\u00eda del P\u00e1ramo<\/option><option data-ref=\"santa-pola\" data-belong=\"alicante\" data-subtext=\"Alicante\" value=\"santa-pola\">Santa Pola<\/option><option data-ref=\"teulada\" data-belong=\"alicante\" data-subtext=\"Alicante\" value=\"teulada\">Teulada<\/option><option data-ref=\"torre-pacheco\" data-belong=\"murcia\" data-subtext=\"Murcia\" value=\"torre-pacheco\">Torre-Pacheco<\/option><option data-ref=\"torrevieja\" data-belong=\"alicante\" data-subtext=\"Alicante\" value=\"torrevieja\">Torrevieja<\/option><option data-ref=\"vera\" data-belong=\"almeria\" data-subtext=\"Almer\u00eda\" value=\"vera\">Vera<\/option><option data-ref=\"villajoyosa-la-vila-joiosa\" data-belong=\"alicante\" data-subtext=\"Alicante\" value=\"villajoyosa-la-vila-joiosa\">Villajoyosa\/La Vila Joiosa<\/option><option data-ref=\"villanueva-del-rio-segura\" data-belong=\"murcia\" data-subtext=\"Murcia\" value=\"villanueva-del-rio-segura\">Villanueva del R\u00edo Segura<\/option><option data-ref=\"xeresa\" data-belong=\"valencia\" data-subtext=\"Valencia\" value=\"xeresa\">Xeresa<\/option><option data-ref=\"xeresa\" data-belong=\"valencia\" data-subtext=\"Valencia\" value=\"xeresa\">Xeresa<\/option><option data-ref=\"yecla\" data-belong=\"murcia\" data-subtext=\"Murcia\" value=\"yecla\">Yecla<\/option>            <\/select>\n        <\/div>\n                            <\/div>\n                    \n                                            <div class=\"elementor-field-group elementor-column form-group elementor-field-group-field-types elementor-col-20 elementor-sm-50\">\n                    <label for=\"form-field-field-types\" class=\"elementor-field-label elementor-screen-only\">Property Type<\/label>        <div class=\"elementor-field elementor-select-wrapper\">\n            <select multiple=\"multiple\" title=\"Wszystkie typy\" data-selected-text-format=\"count &gt; 1\" data-select-all-text=\"Zaznacz wszystko\" data-deselect-all-text=\"Odznacz wszystko\" data-actions-box=\"true\" data-count-selected-text=\"{0} types selected\" data-size=\"5\" name=\"type[]\" id=\"form-field-field-types\" class=\"selectpicker bs-select-hidden houzez-field-textual form-control elementor-size-sm \" data-none-results-text=\"Ning\u00fan resultado coincide {0}\">\n                <option data-ref=\"apartamenty\"   value=\"apartamenty\">Apartamenty<\/option><option data-ref=\"apartamenty-dwupoziomowe-na-poddaszu\"   value=\"apartamenty-dwupoziomowe-na-poddaszu\">Apartamenty dwupoziomowe na poddaszu<\/option><option data-ref=\"apartamenty-na-poddaszu\"   value=\"apartamenty-na-poddaszu\">Apartamenty na poddaszu<\/option><option data-ref=\"biura\"   value=\"biura\">Biura<\/option><option data-ref=\"biznesy\"   value=\"biznesy\">Biznesy<\/option><option data-ref=\"budynki\"   value=\"budynki\">Budynki<\/option><option data-ref=\"bungalowy\"   value=\"bungalowy\">Bungalowy<\/option><option data-ref=\"domki-letniskowe\"   value=\"domki-letniskowe\">Domki letniskowe<\/option><option data-ref=\"domy\"   value=\"domy\">Domy<\/option><option data-ref=\"domy-wiejskie\"   value=\"domy-wiejskie\">Domy wiejskie<\/option><option data-ref=\"dwupoziomowe\"   value=\"dwupoziomowe\">Dwupoziomowe<\/option><option data-ref=\"gara\u017ce\"   value=\"gara\u017ce\">Gara\u017ce<\/option><option data-ref=\"kawalerki\"   value=\"kawalerki\">Kawalerki<\/option><option data-ref=\"lokale-u\u017cytkowe\"   value=\"lokale-u\u017cytkowe\">Lokale u\u017cytkowe<\/option><option data-ref=\"mieszkania\"   value=\"mieszkania\">Mieszkania<\/option><option data-ref=\"szeregowiec\"   value=\"szeregowiec\">Szeregowiec<\/option><option data-ref=\"tereny-miejskie\"   value=\"tereny-miejskie\">Tereny miejskie<\/option><option data-ref=\"tereny-wiejskie\"   value=\"tereny-wiejskie\">Tereny wiejskie<\/option><option data-ref=\"wille\"   value=\"wille\">Wille<\/option>            <\/select>\n        <\/div>\n                            <\/div>\n                    \n                                            <div class=\"elementor-field-group elementor-column form-group elementor-field-group-field-beds elementor-col-20 elementor-sm-50\">\n                    <label for=\"form-field-field-beds\" class=\"elementor-field-label elementor-screen-only\">Dormitorios<\/label>        <div class=\"elementor-field elementor-select-wrapper\">\n            <select data-size=\"5\" name=\"bedrooms\" id=\"form-field-field-beds\" class=\"selectpicker bs-select-hidden houzez-field-textual form-control elementor-size-sm\">\n                <option value=\"\">Pokoje<\/option><option value=\"1\">1<\/option><option value=\"2\">2<\/option><option value=\"3\">3<\/option><option value=\"4\">4<\/option><option value=\"5\">5<\/option><option value=\"6\">6<\/option><option value=\"7\">7<\/option><option value=\"8\">8<\/option><option value=\"9\">9<\/option><option value=\"10\">10<\/option><option value=\"any\">Alguna<\/option>            <\/select>\n        <\/div>\n                            <\/div>\n                    \n                                            <div class=\"elementor-field-group elementor-column form-group elementor-field-group-field-baths elementor-col-20 elementor-sm-50\">\n                    <label for=\"form-field-field-baths\" class=\"elementor-field-label elementor-screen-only\">Ba\u00f1os<\/label>        <div class=\"elementor-field elementor-select-wrapper\">\n            <select data-size=\"5\" name=\"bedrooms\" id=\"form-field-field-baths\" class=\"selectpicker bs-select-hidden houzez-field-textual form-control elementor-size-sm\">\n                <option value=\"\">\u0141azienki<\/option><option value=\"1\">1<\/option><option value=\"2\">2<\/option><option value=\"3\">3<\/option><option value=\"4\">4<\/option><option value=\"5\">5<\/option><option value=\"6\">6<\/option><option value=\"7\">7<\/option><option value=\"8\">8<\/option><option value=\"9\">9<\/option><option value=\"10\">10<\/option><option value=\"any\">Alguna<\/option>            <\/select>\n        <\/div>\n                            <\/div>\n                    \n                                            <div class=\"elementor-field-group elementor-column form-group elementor-field-group-a070b98 elementor-col-25 elementor-sm-50\">\n                    <label for=\"form-field-a070b98\" class=\"elementor-field-label elementor-screen-only\">Cena<\/label>\n            <input name=\"min-price\" type=\"text\" name=\"min-price\" id=\"form-field-a070b98\" value=\"\" class=\"elementor-field form-control elementor-size-sm elementor-field-textual\" placeholder=\"Min. Cena\">\n\n                            <\/div>\n                    \n                                            <div class=\"elementor-field-group elementor-column form-group elementor-field-group-abb4cc3 elementor-col-25 elementor-sm-50\">\n                    <label for=\"form-field-abb4cc3\" class=\"elementor-field-label elementor-screen-only\">Cena<\/label>\n            <input name=\"max-price\" type=\"text\" name=\"max-price\" id=\"form-field-abb4cc3\" value=\"\" class=\"elementor-field form-control elementor-size-sm elementor-field-textual\" placeholder=\"Max. Cena\">\n\n                            <\/div>\n                    \n                                            <div class=\"elementor-field-group elementor-column form-group elementor-field-group-field-property_id elementor-col-25\">\n                    <label for=\"form-field-field-property_id\" class=\"elementor-field-label elementor-screen-only\">ID de propiedad<\/label><input type=\"text\" size=\"1\" name=\"property_id\" id=\"form-field-field-property_id\" value=\"\" class=\"elementor-field form-control elementor-size-sm elementor-field-textual\" placeholder=\"ID nieruchomo\u015bci\">                    <\/div>\n                    \n                                                <div class=\"elementor-field-group elementor-column elementor-field-type-submit elementor-col-25\">\n                                <button type=\"submit\" class=\"houzez-search-button elementor-button elementor-size-sm\">\n                                                                            Szukaj                                                                    <\/button>\n                            <\/div>\n                            \n                    \n            <\/div><!-- End wrapper-->\n\n        <\/form>\n\n        \t\t\t\t<\/div>\n\t\t\t\t<\/div>\n\t\t\t\t<\/div>\n\t\t\t\t<\/div>\n\t\t<div class=\"elementor-element elementor-element-611acaf e-flex e-con-boxed e-con e-parent\" data-id=\"611acaf\" data-element_type=\"container\">\n\t\t\t\t\t<div class=\"e-con-inner\">\n\t\t\t\t<div class=\"elementor-element elementor-element-142d6a1 elementor-widget elementor-widget-text-editor\" data-id=\"142d6a1\" data-element_type=\"widget\" data-widget_type=\"text-editor.default\">\n\t\t\t\t<div class=\"elementor-widget-container\">\n\t\t\t\t\t\t\t\t\t<p>Nieruchomo\u015b\u0107 <span style=\"color: #0071b9;\">miesi\u0105ca<\/span><\/p>\t\t\t\t\t\t\t\t<\/div>\n\t\t\t\t<\/div>\n\t\t\t\t<div class=\"elementor-element elementor-element-0e67f2e elementor-widget elementor-widget-html\" data-id=\"0e67f2e\" data-element_type=\"widget\" data-widget_type=\"html.default\">\n\t\t\t\t<div class=\"elementor-widget-container\">\n\t\t\t\t\t<a href=\"https:\/\/inmobrisa.com\/pl\/property\/studio-200-metrow-od-plazy-w-rincon-de-loix-wysoka-zyskownosc-i-premium-lokalizacja-w-benidormie-05404\/\" class=\"houzez-property-box property-item\" style=\"margin-bottom: 30px; text-decoration: none; color: inherit; display: block;\"><div class=\"property-thumbnail\"><img decoding=\"async\" src=\"https:\/\/fotos15.apinmo.com\/8720\/28124415\/9-1.jpg\" alt=\"STUDIO 200 METR\u00d3W OD PLA\u017bY W RINC\u00d3N DE LOIX \u2013 WYSOKA ZYSKOWNO\u015a\u0106 I PREMIUM LOKALIZACJA W BENIDORMIE &#8211; 05404\" class=\"img-fluid\"><\/div><div class=\"property-item-content\" style=\"padding: 15px;\"><div class=\"property-info-top mb-2\"><div class=\"property-type-status\"><span>Kawalerki \u00b7 sprzeda\u017c<\/span><\/div><div class=\"property-address d-flex align-items-center mt-1\"><i class=\"houzez-icon icon-pin mr-1\"><\/i>  Benidorm, Alicante<\/div><\/div><ul class=\"property-details list-inline mt-2 mb-2\"><li class=\"list-inline-item\" title=\"Superficie\"><i class=\"houzez-icon icon-ruler-triangle mr-1\"><\/i> 40 m\u00b2<\/li><li class=\"list-inline-item\" title=\"Ba\u00f1os\"><i class=\"houzez-icon icon-bathroom-shower-1 mr-1\"><\/i> 1<\/li><li class=\"list-inline-item\" title=\"Garaje\"><i class=\"houzez-icon icon-car-1 mr-1\"><\/i> 1<\/li><\/ul><div class=\"property-info-bottom d-flex justify-content-between align-items-center mt-3\"><div class=\"property-ref\"><span class=\"text-muted\">Ref: 05404<\/span><\/div><div class=\"property-price\"><span>129000 \u20ac<\/span><\/div><\/div><\/div><\/a>\t\t\t\t<\/div>\n\t\t\t\t<\/div>\n\t\t\t\t\t<\/div>\n\t\t\t\t<\/div>\n\t\t<div class=\"elementor-element elementor-element-f4028a7 e-flex e-con-boxed e-con e-parent\" data-id=\"f4028a7\" data-element_type=\"container\">\n\t\t\t\t\t<div class=\"e-con-inner\">\n\t\t\t\t<div class=\"elementor-element elementor-element-9c8cdd4 elementor-widget elementor-widget-text-editor\" data-id=\"9c8cdd4\" data-element_type=\"widget\" data-widget_type=\"text-editor.default\">\n\t\t\t\t<div class=\"elementor-widget-container\">\n\t\t\t\t\t\t\t\t\tNasze wyr\u00f3\u017cnione<span style=\"color: #0071b9;\"> nieruchomo\u015bci<\/span>\t\t\t\t\t\t\t\t<\/div>\n\t\t\t\t<\/div>\n\t\t\t\t<div class=\"elementor-element elementor-element-4940efc elementor-widget elementor-widget-houzez_elementor_properties_carousel_v2n\" data-id=\"4940efc\" data-element_type=\"widget\" data-widget_type=\"houzez_elementor_properties_carousel_v2n.default\">\n\t\t\t\t<div class=\"elementor-widget-container\">\n\t\t\t\t\t\n\t\t<div class=\"property-carousel-module houzez-carousel-arrows-1ZeWo houzez-carousel-cols-3 property-carousel-module-v2\">\n\n\t\t\t<div class=\"property-carousel-buttons-wrap\">\n\t\t\t\t\t\t\t\t<button type=\"button\" class=\"slick-prev-js-1ZeWo slick-prev btn-primary-outlined\">Poprzedni<\/button>\n\t\t\t\t<button type=\"button\" class=\"slick-next-js-1ZeWo slick-next btn-primary-outlined\">Kolejny<\/button>\n\t\t\t\t\t\t\t\t\t\t\t<\/div><!-- property-carousel-buttons-wrap -->\n\n\t\t\t<div class=\"listing-view grid-view\">\n\t\t\t\t<div id=\"houzez-properties-carousel-1ZeWo\" data-token=\"1ZeWo\" class=\"houzez-properties-carousel-js houzez-all-slider-wrap card-deck\">\n\t\t\t\t\t<div class=\"item-listing-wrap hz-item-gallery-js card\" data-hz-id=\"hz-28171639\" data-images=\"[{&quot;image&quot;:&quot;https:\\\/\\\/fotos15.apinmo.com\\\/8720\\\/28973735\\\/5-1.jpg&quot;,&quot;alt&quot;:&quot;\\u00a1exclusiva! espectacular \\u00c1tico con gran terraza y vistas al mar en la cala de villajoyosa - imagenInmueble0&quot;,&quot;width&quot;:592,&quot;height&quot;:444},{&quot;image&quot;:&quot;https:\\\/\\\/fotos15.apinmo.com\\\/8720\\\/28973735\\\/5-1.jpg&quot;,&quot;alt&quot;:&quot;\\u00a1exclusiva! espectacular \\u00c1tico con gran terraza y vistas al mar en la cala de villajoyosa - imagenInmueble0&quot;,&quot;width&quot;:592,&quot;height&quot;:444},{&quot;image&quot;:&quot;https:\\\/\\\/fotos15.apinmo.com\\\/8720\\\/28973735\\\/5-2.jpg&quot;,&quot;alt&quot;:&quot;\\u00a1exclusiva! espectacular \\u00c1tico con gran terraza y vistas al mar en la cala de villajoyosa - imagenInmueble1&quot;,&quot;width&quot;:592,&quot;height&quot;:444},{&quot;image&quot;:&quot;https:\\\/\\\/fotos15.apinmo.com\\\/8720\\\/28973735\\\/5-3.jpg&quot;,&quot;alt&quot;:&quot;\\u00a1exclusiva! espectacular \\u00c1tico con gran terraza y vistas al mar en la cala de villajoyosa - imagenInmueble2&quot;,&quot;width&quot;:592,&quot;height&quot;:444},{&quot;image&quot;:&quot;https:\\\/\\\/fotos15.apinmo.com\\\/8720\\\/28973735\\\/5-4.jpg&quot;,&quot;alt&quot;:&quot;\\u00a1exclusiva! espectacular \\u00c1tico con gran terraza y vistas al mar en la cala de villajoyosa - imagenInmueble3&quot;,&quot;width&quot;:592,&quot;height&quot;:444},{&quot;image&quot;:&quot;https:\\\/\\\/fotos15.apinmo.com\\\/8720\\\/28973735\\\/5-5.jpg&quot;,&quot;alt&quot;:&quot;\\u00a1exclusiva! espectacular \\u00c1tico con gran terraza y vistas al mar en la cala de villajoyosa - imagenInmueble4&quot;,&quot;width&quot;:592,&quot;height&quot;:444},{&quot;image&quot;:&quot;https:\\\/\\\/fotos15.apinmo.com\\\/8720\\\/28973735\\\/5-6.jpg&quot;,&quot;alt&quot;:&quot;\\u00a1exclusiva! espectacular \\u00c1tico con gran terraza y vistas al mar en la cala de villajoyosa - imagenInmueble5&quot;,&quot;width&quot;:592,&quot;height&quot;:444},{&quot;image&quot;:&quot;https:\\\/\\\/fotos15.apinmo.com\\\/8720\\\/28973735\\\/5-7.jpg&quot;,&quot;alt&quot;:&quot;\\u00a1exclusiva! espectacular \\u00c1tico con gran terraza y vistas al mar en la cala de villajoyosa - imagenInmueble6&quot;,&quot;width&quot;:592,&quot;height&quot;:444},{&quot;image&quot;:&quot;https:\\\/\\\/fotos15.apinmo.com\\\/8720\\\/28973735\\\/5-8.jpg&quot;,&quot;alt&quot;:&quot;\\u00a1exclusiva! espectacular \\u00c1tico con gran terraza y vistas al mar en la cala de villajoyosa - imagenInmueble7&quot;,&quot;width&quot;:592,&quot;height&quot;:444},{&quot;image&quot;:&quot;https:\\\/\\\/fotos15.apinmo.com\\\/8720\\\/28973735\\\/5-9.jpg&quot;,&quot;alt&quot;:&quot;\\u00a1exclusiva! espectacular \\u00c1tico con gran terraza y vistas al mar en la cala de villajoyosa - imagenInmueble8&quot;,&quot;width&quot;:592,&quot;height&quot;:444},{&quot;image&quot;:&quot;https:\\\/\\\/fotos15.apinmo.com\\\/8720\\\/28973735\\\/5-10.jpg&quot;,&quot;alt&quot;:&quot;\\u00a1exclusiva! espectacular \\u00c1tico con gran terraza y vistas al mar en la cala de villajoyosa - imagenInmueble9&quot;,&quot;width&quot;:592,&quot;height&quot;:444},{&quot;image&quot;:&quot;https:\\\/\\\/fotos15.apinmo.com\\\/8720\\\/28973735\\\/5-11.jpg&quot;,&quot;alt&quot;:&quot;\\u00a1exclusiva! espectacular \\u00c1tico con gran terraza y vistas al mar en la cala de villajoyosa - imagenInmueble10&quot;,&quot;width&quot;:592,&quot;height&quot;:444},{&quot;image&quot;:&quot;https:\\\/\\\/fotos15.apinmo.com\\\/8720\\\/28973735\\\/5-12.jpg&quot;,&quot;alt&quot;:&quot;\\u00a1exclusiva! espectacular \\u00c1tico con gran terraza y vistas al mar en la cala de villajoyosa - imagenInmueble11&quot;,&quot;width&quot;:592,&quot;height&quot;:444},{&quot;image&quot;:&quot;https:\\\/\\\/fotos15.apinmo.com\\\/8720\\\/28973735\\\/5-13.jpg&quot;,&quot;alt&quot;:&quot;\\u00a1exclusiva! espectacular \\u00c1tico con gran terraza y vistas al mar en la cala de villajoyosa - imagenInmueble12&quot;,&quot;width&quot;:592,&quot;height&quot;:444},{&quot;image&quot;:&quot;https:\\\/\\\/fotos15.apinmo.com\\\/8720\\\/28973735\\\/5-14.jpg&quot;,&quot;alt&quot;:&quot;\\u00a1exclusiva! espectacular \\u00c1tico con gran terraza y vistas al mar en la cala de villajoyosa - imagenInmueble13&quot;,&quot;width&quot;:592,&quot;height&quot;:444},{&quot;image&quot;:&quot;https:\\\/\\\/fotos15.apinmo.com\\\/8720\\\/28973735\\\/5-15.jpg&quot;,&quot;alt&quot;:&quot;\\u00a1exclusiva! espectacular \\u00c1tico con gran terraza y vistas al mar en la cala de villajoyosa - imagenInmueble14&quot;,&quot;width&quot;:592,&quot;height&quot;:444},{&quot;image&quot;:&quot;https:\\\/\\\/fotos15.apinmo.com\\\/8720\\\/28973735\\\/5-16.jpg&quot;,&quot;alt&quot;:&quot;\\u00a1exclusiva! espectacular \\u00c1tico con gran terraza y vistas al mar en la cala de villajoyosa - imagenInmueble15&quot;,&quot;width&quot;:592,&quot;height&quot;:444},{&quot;image&quot;:&quot;https:\\\/\\\/fotos15.apinmo.com\\\/8720\\\/28973735\\\/5-17.jpg&quot;,&quot;alt&quot;:&quot;\\u00a1exclusiva! espectacular \\u00c1tico con gran terraza y vistas al mar en la cala de villajoyosa - imagenInmueble16&quot;,&quot;width&quot;:592,&quot;height&quot;:444},{&quot;image&quot;:&quot;https:\\\/\\\/fotos15.apinmo.com\\\/8720\\\/28973735\\\/5-18.jpg&quot;,&quot;alt&quot;:&quot;\\u00a1exclusiva! espectacular \\u00c1tico con gran terraza y vistas al mar en la cala de villajoyosa - imagenInmueble17&quot;,&quot;width&quot;:592,&quot;height&quot;:444},{&quot;image&quot;:&quot;https:\\\/\\\/fotos15.apinmo.com\\\/8720\\\/28973735\\\/5-19.jpg&quot;,&quot;alt&quot;:&quot;\\u00a1exclusiva! espectacular \\u00c1tico con gran terraza y vistas al mar en la cala de villajoyosa - imagenInmueble18&quot;,&quot;width&quot;:592,&quot;height&quot;:444}]\">\n\t<div class=\"item-wrap item-wrap-v2 item-wrap-no-frame h-100\">\n\t\t<div class=\"d-flex align-items-center h-100\">\n\t\t\t<div class=\"item-header\">\n\t\t\t\t\t\t\t\t<div class=\"labels-wrap labels-right\"> \n\n\t<a href=\"https:\/\/inmobrisa.com\/pl\/status\/sprzeda\u017c\/\" class=\"label-status label status-color-5021\">\n\t\t\t\t\tsprzeda\u017c\n\t\t\t\t<\/a><a href=\"https:\/\/inmobrisa.com\/pl\/label\/odsprzedaz\/\" class=\"hz-label label label-color-5282\">\n\t\t\t\t\tOdsprzeda\u017c\n\t\t\t\t<\/a>       \n\n<\/div>\n\t\t\t\t<ul class=\"item-price-wrap hide-on-list\">\n\t<li class=\"item-price\">234.000\u20ac<\/li><\/ul>\t\t\t\t<ul class=\"item-tools\">\n\n        \n        <li class=\"item-tool item-favorite\">\n        <span class=\"add-favorite-js item-tool-favorite\" data-toggle=\"tooltip\" data-placement=\"top\" title=\"Favorito\" data-listid=\"28171639\">\n            <i class=\"houzez-icon icon-love-it \"><\/i> \n        <\/span><!-- item-tool-favorite -->\n    <\/li><!-- item-tool -->\n    \n    <\/ul><!-- item-tools -->\n\t\t\t\t<div class=\"listing-image-wrap\">\n\t<div class=\"listing-thumb\">\n\t\t<a target=\"_self\" href=\"https:\/\/inmobrisa.com\/pl\/property\/wylacznie-spektakularny-penthouse-z-duzym-tarasem-i-widokiem-na-morze-w-cala-de-villajoyosa-05446\/\" class=\"listing-featured-thumb hover-effect\">\n\t\t\t                                                                                                                                                                                    <img fetchpriority=\"high\" decoding=\"async\" width=\"592\" height=\"297\" src=\"https:\/\/fotos15.apinmo.com\/8720\/28973735\/5-1.jpg\" class=\"img-fluid wp-post-image\" alt=\"\u00a1exclusiva! espectacular \u00c1tico con gran terraza y vistas al mar en la cala de villajoyosa - imagenInmueble0\" srcset=\"https:\/\/fotos15.apinmo.com\/8720\/28973735\/5-1.jpg 850w, https:\/\/fotos15.apinmo.com\/8720\/28973735\/5-1.jpg 300w, https:\/\/fotos15.apinmo.com\/8720\/28973735\/5-1.jpg 768w, https:\/\/fotos15.apinmo.com\/8720\/28973735\/5-1s.jpg 150w, https:\/\/fotos15.apinmo.com\/8720\/28973735\/5-1.jpg 536w, https:\/\/fotos15.apinmo.com\/8720\/28973735\/5-1.jpg 770w\" sizes=\"(max-width: 592px) 100vw, 592px\" \/>\t\t<\/a><!-- hover-effect -->\n\t<\/div>\n<\/div>\n\t\t\t\t<div class=\"preview_loader\"><\/div>\n\t\t\t<\/div><!-- item-header -->\t\n\t\t\t<div class=\"item-body flex-grow-1\">\n\t\t\t\t<div class=\"labels-wrap labels-right\"> \n\n\t<a href=\"https:\/\/inmobrisa.com\/pl\/status\/sprzeda\u017c\/\" class=\"label-status label status-color-5021\">\n\t\t\t\t\tsprzeda\u017c\n\t\t\t\t<\/a><a href=\"https:\/\/inmobrisa.com\/pl\/label\/odsprzedaz\/\" class=\"hz-label label label-color-5282\">\n\t\t\t\t\tOdsprzeda\u017c\n\t\t\t\t<\/a>       \n\n<\/div>\n\t\t\t\t<h2 class=\"item-title\">\n\t<a target=\"_self\" href=\"https:\/\/inmobrisa.com\/pl\/property\/wylacznie-spektakularny-penthouse-z-duzym-tarasem-i-widokiem-na-morze-w-cala-de-villajoyosa-05446\/\">WY\u0141\u0104CZNIE! SPEKTAKULARNY penthouse z du\u017cym tarasem i widokiem na morze w Cala de Villajoyosa &#8211; 05446<\/a>\n<\/h2><!-- item-title -->\t\t\t\t<ul class=\"item-price-wrap hide-on-list\">\n\t<li class=\"item-price\">234.000\u20ac<\/li><\/ul>\t\t\t\t<address class=\"item-address\"> Villajoyosa\/La Vila Joiosa, Alicante, Spain<\/address>\t\t\t\t\t\t\t\t<ul class=\"item-amenities item-amenities-with-icons\">\n\t<li class=\"h-baths\"><span class=\"hz-figure\">1 <i class=\"houzez-icon icon-bathroom-shower-1 mr-1\"><\/i><\/span>Ba\u00f1o<\/li><li class=\"h-area\"><span class=\"hz-figure\">107 <i class=\"houzez-icon icon-ruler-triangle mr-1\"><\/i><\/span><div class=\"hz-figure area_postfix\">m\u00b2<\/div><\/li><\/ul>\t\t\t\t<div class=\"item-author\">\n\t<i class=\"houzez-icon icon-single-neutral mr-1\"><\/i>\n\t<a href=\"https:\/\/inmobrisa.com\/agent\/inmobrisa\/\">Inmobrisa<\/a> <\/div><!-- item-author -->\n\t\t\t\t<div class=\"item-date\">\n\t<i class=\"houzez-icon icon-attachment mr-1\"><\/i>\n\t2 dni temu<\/div><!-- item-date -->\n\t\t\t<\/div><!-- item-body -->\n\n\t\t\t\t\t\t<div class=\"item-footer clearfix\">\n\t\t\t\t<div class=\"item-author\">\n\t<i class=\"houzez-icon icon-single-neutral mr-1\"><\/i>\n\t<a href=\"https:\/\/inmobrisa.com\/agent\/inmobrisa\/\">Inmobrisa<\/a> <\/div><!-- item-author -->\n\t\t\t\t<div class=\"item-date\">\n\t<i class=\"houzez-icon icon-attachment mr-1\"><\/i>\n\t2 dni temu<\/div><!-- item-date -->\n\t\t\t<\/div>\n\t\t\t            <div title=\"Referencia\" class=\"item-footer clearfix\" style=\"display: block; text-align: right;\"><i class=\"fa fa-tag\"><\/i> 05446<\/div>\n\t\t<\/div><!-- d-flex -->\n\t\t\n\t<\/div><!-- item-wrap -->\n<\/div><!-- item-listing-wrap --><div class=\"item-listing-wrap hz-item-gallery-js card\" data-hz-id=\"hz-28171621\" data-images=\"[{&quot;image&quot;:&quot;https:\\\/\\\/fotos15.apinmo.com\\\/8720\\\/28971274\\\/1-1.jpg&quot;,&quot;alt&quot;:&quot;Venta de villa en fuente \\u00c1lamo de murcia - imagenInmueble0&quot;,&quot;width&quot;:592,&quot;height&quot;:444},{&quot;image&quot;:&quot;https:\\\/\\\/fotos15.apinmo.com\\\/8720\\\/28971274\\\/1-1.jpg&quot;,&quot;alt&quot;:&quot;Venta de villa en fuente \\u00c1lamo de murcia - imagenInmueble0&quot;,&quot;width&quot;:592,&quot;height&quot;:444},{&quot;image&quot;:&quot;https:\\\/\\\/fotos15.apinmo.com\\\/8720\\\/28971274\\\/1-2.jpg&quot;,&quot;alt&quot;:&quot;Venta de villa en fuente \\u00c1lamo de murcia - imagenInmueble1&quot;,&quot;width&quot;:592,&quot;height&quot;:444},{&quot;image&quot;:&quot;https:\\\/\\\/fotos15.apinmo.com\\\/8720\\\/28971274\\\/1-3.jpg&quot;,&quot;alt&quot;:&quot;Venta de villa en fuente \\u00c1lamo de murcia - imagenInmueble2&quot;,&quot;width&quot;:592,&quot;height&quot;:444},{&quot;image&quot;:&quot;https:\\\/\\\/fotos15.apinmo.com\\\/8720\\\/28971274\\\/1-4.jpg&quot;,&quot;alt&quot;:&quot;Venta de villa en fuente \\u00c1lamo de murcia - imagenInmueble3&quot;,&quot;width&quot;:592,&quot;height&quot;:444},{&quot;image&quot;:&quot;https:\\\/\\\/fotos15.apinmo.com\\\/8720\\\/28971274\\\/1-5.jpg&quot;,&quot;alt&quot;:&quot;Venta de villa en fuente \\u00c1lamo de murcia - imagenInmueble4&quot;,&quot;width&quot;:592,&quot;height&quot;:444},{&quot;image&quot;:&quot;https:\\\/\\\/fotos15.apinmo.com\\\/8720\\\/28971274\\\/1-6.jpg&quot;,&quot;alt&quot;:&quot;Venta de villa en fuente \\u00c1lamo de murcia - imagenInmueble5&quot;,&quot;width&quot;:592,&quot;height&quot;:444},{&quot;image&quot;:&quot;https:\\\/\\\/fotos15.apinmo.com\\\/8720\\\/28971274\\\/1-7.jpg&quot;,&quot;alt&quot;:&quot;Venta de villa en fuente \\u00c1lamo de murcia - imagenInmueble6&quot;,&quot;width&quot;:592,&quot;height&quot;:444},{&quot;image&quot;:&quot;https:\\\/\\\/fotos15.apinmo.com\\\/8720\\\/28971274\\\/1-8.jpg&quot;,&quot;alt&quot;:&quot;Venta de villa en fuente \\u00c1lamo de murcia - imagenInmueble7&quot;,&quot;width&quot;:592,&quot;height&quot;:444},{&quot;image&quot;:&quot;https:\\\/\\\/fotos15.apinmo.com\\\/8720\\\/28971274\\\/1-9.jpg&quot;,&quot;alt&quot;:&quot;Venta de villa en fuente \\u00c1lamo de murcia - imagenInmueble8&quot;,&quot;width&quot;:592,&quot;height&quot;:444},{&quot;image&quot;:&quot;https:\\\/\\\/fotos15.apinmo.com\\\/8720\\\/28971274\\\/1-10.jpg&quot;,&quot;alt&quot;:&quot;Venta de villa en fuente \\u00c1lamo de murcia - imagenInmueble9&quot;,&quot;width&quot;:592,&quot;height&quot;:444},{&quot;image&quot;:&quot;https:\\\/\\\/fotos15.apinmo.com\\\/8720\\\/28971274\\\/1-11.jpg&quot;,&quot;alt&quot;:&quot;Venta de villa en fuente \\u00c1lamo de murcia - imagenInmueble10&quot;,&quot;width&quot;:592,&quot;height&quot;:444},{&quot;image&quot;:&quot;https:\\\/\\\/fotos15.apinmo.com\\\/8720\\\/28971274\\\/1-12.jpg&quot;,&quot;alt&quot;:&quot;Venta de villa en fuente \\u00c1lamo de murcia - imagenInmueble11&quot;,&quot;width&quot;:592,&quot;height&quot;:444},{&quot;image&quot;:&quot;https:\\\/\\\/fotos15.apinmo.com\\\/8720\\\/28971274\\\/1-13.jpg&quot;,&quot;alt&quot;:&quot;Venta de villa en fuente \\u00c1lamo de murcia - imagenInmueble12&quot;,&quot;width&quot;:592,&quot;height&quot;:444}]\">\n\t<div class=\"item-wrap item-wrap-v2 item-wrap-no-frame h-100\">\n\t\t<div class=\"d-flex align-items-center h-100\">\n\t\t\t<div class=\"item-header\">\n\t\t\t\t\t\t\t\t<div class=\"labels-wrap labels-right\"> \n\n\t<a href=\"https:\/\/inmobrisa.com\/pl\/status\/sprzeda\u017c\/\" class=\"label-status label status-color-5021\">\n\t\t\t\t\tsprzeda\u017c\n\t\t\t\t<\/a><a href=\"https:\/\/inmobrisa.com\/pl\/label\/nowy-budynek\/\" class=\"hz-label label label-color-5196\">\n\t\t\t\t\tnowy budynek\n\t\t\t\t<\/a>       \n\n<\/div>\n\t\t\t\t<ul class=\"item-price-wrap hide-on-list\">\n\t<li class=\"item-price\">369.900\u20ac<\/li><\/ul>\t\t\t\t<ul class=\"item-tools\">\n\n        \n        <li class=\"item-tool item-favorite\">\n        <span class=\"add-favorite-js item-tool-favorite\" data-toggle=\"tooltip\" data-placement=\"top\" title=\"Favorito\" data-listid=\"28171621\">\n            <i class=\"houzez-icon icon-love-it \"><\/i> \n        <\/span><!-- item-tool-favorite -->\n    <\/li><!-- item-tool -->\n    \n    <\/ul><!-- item-tools -->\n\t\t\t\t<div class=\"listing-image-wrap\">\n\t<div class=\"listing-thumb\">\n\t\t<a target=\"_self\" href=\"https:\/\/inmobrisa.com\/pl\/property\/venta-de-villa-en-fuente-alamo-de-murcia-n9751-pl\/\" class=\"listing-featured-thumb hover-effect\">\n\t\t\t                                                                                                                                                                                    <img decoding=\"async\" width=\"592\" height=\"297\" src=\"https:\/\/fotos15.apinmo.com\/8720\/28971274\/1-1.jpg\" class=\"img-fluid wp-post-image\" alt=\"Venta de villa en fuente \u00c1lamo de murcia - imagenInmueble0\" srcset=\"https:\/\/fotos15.apinmo.com\/8720\/28971274\/1-1.jpg 850w, https:\/\/fotos15.apinmo.com\/8720\/28971274\/1-1.jpg 300w, https:\/\/fotos15.apinmo.com\/8720\/28971274\/1-1.jpg 768w, https:\/\/fotos15.apinmo.com\/8720\/28971274\/1-1s.jpg 150w, https:\/\/fotos15.apinmo.com\/8720\/28971274\/1-1.jpg 536w, https:\/\/fotos15.apinmo.com\/8720\/28971274\/1-1.jpg 770w\" sizes=\"(max-width: 592px) 100vw, 592px\" \/>\t\t<\/a><!-- hover-effect -->\n\t<\/div>\n<\/div>\n\t\t\t\t<div class=\"preview_loader\"><\/div>\n\t\t\t<\/div><!-- item-header -->\t\n\t\t\t<div class=\"item-body flex-grow-1\">\n\t\t\t\t<div class=\"labels-wrap labels-right\"> \n\n\t<a href=\"https:\/\/inmobrisa.com\/pl\/status\/sprzeda\u017c\/\" class=\"label-status label status-color-5021\">\n\t\t\t\t\tsprzeda\u017c\n\t\t\t\t<\/a><a href=\"https:\/\/inmobrisa.com\/pl\/label\/nowy-budynek\/\" class=\"hz-label label label-color-5196\">\n\t\t\t\t\tnowy budynek\n\t\t\t\t<\/a>       \n\n<\/div>\n\t\t\t\t<h2 class=\"item-title\">\n\t<a target=\"_self\" href=\"https:\/\/inmobrisa.com\/pl\/property\/venta-de-villa-en-fuente-alamo-de-murcia-n9751-pl\/\">Venta de Villa en Fuente \u00c1lamo de Murcia &#8211; n9751<\/a>\n<\/h2><!-- item-title -->\t\t\t\t<ul class=\"item-price-wrap hide-on-list\">\n\t<li class=\"item-price\">369.900\u20ac<\/li><\/ul>\t\t\t\t<address class=\"item-address\"> Fuente \u00c1lamo de Murcia, Murcia, Spain<\/address>\t\t\t\t\t\t\t\t<ul class=\"item-amenities item-amenities-with-icons\">\n\t<li class=\"h-baths\"><span class=\"hz-figure\">2 <i class=\"houzez-icon icon-bathroom-shower-1 mr-1\"><\/i><\/span>Ba\u00f1os<\/li><li class=\"h-area\"><span class=\"hz-figure\">114 <i class=\"houzez-icon icon-ruler-triangle mr-1\"><\/i><\/span><div class=\"hz-figure area_postfix\">m\u00b2<\/div><\/li><\/ul>\t\t\t\t<div class=\"item-author\">\n\t<i class=\"houzez-icon icon-single-neutral mr-1\"><\/i>\n\t<a href=\"https:\/\/inmobrisa.com\/agent\/inmobrisa\/\">Inmobrisa<\/a> <\/div><!-- item-author -->\n\t\t\t\t<div class=\"item-date\">\n\t<i class=\"houzez-icon icon-attachment mr-1\"><\/i>\n\t2 dni temu<\/div><!-- item-date -->\n\t\t\t<\/div><!-- item-body -->\n\n\t\t\t\t\t\t<div class=\"item-footer clearfix\">\n\t\t\t\t<div class=\"item-author\">\n\t<i class=\"houzez-icon icon-single-neutral mr-1\"><\/i>\n\t<a href=\"https:\/\/inmobrisa.com\/agent\/inmobrisa\/\">Inmobrisa<\/a> <\/div><!-- item-author -->\n\t\t\t\t<div class=\"item-date\">\n\t<i class=\"houzez-icon icon-attachment mr-1\"><\/i>\n\t2 dni temu<\/div><!-- item-date -->\n\t\t\t<\/div>\n\t\t\t            <div title=\"Referencia\" class=\"item-footer clearfix\" style=\"display: block; text-align: right;\"><i class=\"fa fa-tag\"><\/i> n9751<\/div>\n\t\t<\/div><!-- d-flex -->\n\t\t\n\t<\/div><!-- item-wrap -->\n<\/div><!-- item-listing-wrap --><div class=\"item-listing-wrap hz-item-gallery-js card\" data-hz-id=\"hz-28171598\" data-images=\"[{&quot;image&quot;:&quot;https:\\\/\\\/fotos15.apinmo.com\\\/8720\\\/28897240\\\/2-1.jpg&quot;,&quot;alt&quot;:&quot;Venta de apartamento en villajoyosa\\\/la vila joiosa - imagenInmueble0&quot;,&quot;width&quot;:592,&quot;height&quot;:444},{&quot;image&quot;:&quot;https:\\\/\\\/fotos15.apinmo.com\\\/8720\\\/28897240\\\/2-1.jpg&quot;,&quot;alt&quot;:&quot;Venta de apartamento en villajoyosa\\\/la vila joiosa - imagenInmueble0&quot;,&quot;width&quot;:592,&quot;height&quot;:444},{&quot;image&quot;:&quot;https:\\\/\\\/fotos15.apinmo.com\\\/8720\\\/28897240\\\/2-2.jpg&quot;,&quot;alt&quot;:&quot;Venta de apartamento en villajoyosa\\\/la vila joiosa - imagenInmueble1&quot;,&quot;width&quot;:592,&quot;height&quot;:444},{&quot;image&quot;:&quot;https:\\\/\\\/fotos15.apinmo.com\\\/8720\\\/28897240\\\/2-3.jpg&quot;,&quot;alt&quot;:&quot;Venta de apartamento en villajoyosa\\\/la vila joiosa - imagenInmueble2&quot;,&quot;width&quot;:592,&quot;height&quot;:444},{&quot;image&quot;:&quot;https:\\\/\\\/fotos15.apinmo.com\\\/8720\\\/28897240\\\/2-4.jpg&quot;,&quot;alt&quot;:&quot;Venta de apartamento en villajoyosa\\\/la vila joiosa - imagenInmueble3&quot;,&quot;width&quot;:592,&quot;height&quot;:444},{&quot;image&quot;:&quot;https:\\\/\\\/fotos15.apinmo.com\\\/8720\\\/28897240\\\/2-5.jpg&quot;,&quot;alt&quot;:&quot;Venta de apartamento en villajoyosa\\\/la vila joiosa - imagenInmueble4&quot;,&quot;width&quot;:592,&quot;height&quot;:444},{&quot;image&quot;:&quot;https:\\\/\\\/fotos15.apinmo.com\\\/8720\\\/28897240\\\/2-6.jpg&quot;,&quot;alt&quot;:&quot;Venta de apartamento en villajoyosa\\\/la vila joiosa - imagenInmueble5&quot;,&quot;width&quot;:592,&quot;height&quot;:444},{&quot;image&quot;:&quot;https:\\\/\\\/fotos15.apinmo.com\\\/8720\\\/28897240\\\/2-7.jpg&quot;,&quot;alt&quot;:&quot;Venta de apartamento en villajoyosa\\\/la vila joiosa - imagenInmueble6&quot;,&quot;width&quot;:592,&quot;height&quot;:444},{&quot;image&quot;:&quot;https:\\\/\\\/fotos15.apinmo.com\\\/8720\\\/28897240\\\/2-8.jpg&quot;,&quot;alt&quot;:&quot;Venta de apartamento en villajoyosa\\\/la vila joiosa - imagenInmueble7&quot;,&quot;width&quot;:592,&quot;height&quot;:444},{&quot;image&quot;:&quot;https:\\\/\\\/fotos15.apinmo.com\\\/8720\\\/28897240\\\/2-9.jpg&quot;,&quot;alt&quot;:&quot;Venta de apartamento en villajoyosa\\\/la vila joiosa - imagenInmueble8&quot;,&quot;width&quot;:592,&quot;height&quot;:444},{&quot;image&quot;:&quot;https:\\\/\\\/fotos15.apinmo.com\\\/8720\\\/28897240\\\/2-10.jpg&quot;,&quot;alt&quot;:&quot;Venta de apartamento en villajoyosa\\\/la vila joiosa - imagenInmueble9&quot;,&quot;width&quot;:592,&quot;height&quot;:444},{&quot;image&quot;:&quot;https:\\\/\\\/fotos15.apinmo.com\\\/8720\\\/28897240\\\/2-11.jpg&quot;,&quot;alt&quot;:&quot;Venta de apartamento en villajoyosa\\\/la vila joiosa - imagenInmueble10&quot;,&quot;width&quot;:592,&quot;height&quot;:444},{&quot;image&quot;:&quot;https:\\\/\\\/fotos15.apinmo.com\\\/8720\\\/28897240\\\/2-12.jpg&quot;,&quot;alt&quot;:&quot;Venta de apartamento en villajoyosa\\\/la vila joiosa - imagenInmueble11&quot;,&quot;width&quot;:592,&quot;height&quot;:444},{&quot;image&quot;:&quot;https:\\\/\\\/fotos15.apinmo.com\\\/8720\\\/28897240\\\/2-13.jpg&quot;,&quot;alt&quot;:&quot;Venta de apartamento en villajoyosa\\\/la vila joiosa - imagenInmueble12&quot;,&quot;width&quot;:592,&quot;height&quot;:444},{&quot;image&quot;:&quot;https:\\\/\\\/fotos15.apinmo.com\\\/8720\\\/28897240\\\/2-14.jpg&quot;,&quot;alt&quot;:&quot;Venta de apartamento en villajoyosa\\\/la vila joiosa - imagenInmueble13&quot;,&quot;width&quot;:592,&quot;height&quot;:444},{&quot;image&quot;:&quot;https:\\\/\\\/fotos15.apinmo.com\\\/8720\\\/28897240\\\/2-15.jpg&quot;,&quot;alt&quot;:&quot;Venta de apartamento en villajoyosa\\\/la vila joiosa - imagenInmueble14&quot;,&quot;width&quot;:592,&quot;height&quot;:444},{&quot;image&quot;:&quot;https:\\\/\\\/fotos15.apinmo.com\\\/8720\\\/28897240\\\/2-16.jpg&quot;,&quot;alt&quot;:&quot;Venta de apartamento en villajoyosa\\\/la vila joiosa - imagenInmueble15&quot;,&quot;width&quot;:592,&quot;height&quot;:444},{&quot;image&quot;:&quot;https:\\\/\\\/fotos15.apinmo.com\\\/8720\\\/28897240\\\/2-17.jpg&quot;,&quot;alt&quot;:&quot;Venta de apartamento en villajoyosa\\\/la vila joiosa - imagenInmueble16&quot;,&quot;width&quot;:592,&quot;height&quot;:444},{&quot;image&quot;:&quot;https:\\\/\\\/fotos15.apinmo.com\\\/8720\\\/28897240\\\/2-18.jpg&quot;,&quot;alt&quot;:&quot;Venta de apartamento en villajoyosa\\\/la vila joiosa - imagenInmueble17&quot;,&quot;width&quot;:592,&quot;height&quot;:444}]\">\n\t<div class=\"item-wrap item-wrap-v2 item-wrap-no-frame h-100\">\n\t\t<div class=\"d-flex align-items-center h-100\">\n\t\t\t<div class=\"item-header\">\n\t\t\t\t\t\t\t\t<div class=\"labels-wrap labels-right\"> \n\n\t<a href=\"https:\/\/inmobrisa.com\/pl\/status\/sprzeda\u017c\/\" class=\"label-status label status-color-5021\">\n\t\t\t\t\tsprzeda\u017c\n\t\t\t\t<\/a><a href=\"https:\/\/inmobrisa.com\/pl\/label\/nowy-budynek\/\" class=\"hz-label label label-color-5196\">\n\t\t\t\t\tnowy budynek\n\t\t\t\t<\/a>       \n\n<\/div>\n\t\t\t\t<ul class=\"item-price-wrap hide-on-list\">\n\t<li class=\"item-price\">650.000\u20ac<\/li><\/ul>\t\t\t\t<ul class=\"item-tools\">\n\n        \n        <li class=\"item-tool item-favorite\">\n        <span class=\"add-favorite-js item-tool-favorite\" data-toggle=\"tooltip\" data-placement=\"top\" title=\"Favorito\" data-listid=\"28171598\">\n            <i class=\"houzez-icon icon-love-it \"><\/i> \n        <\/span><!-- item-tool-favorite -->\n    <\/li><!-- item-tool -->\n    \n    <\/ul><!-- item-tools -->\n\t\t\t\t<div class=\"listing-image-wrap\">\n\t<div class=\"listing-thumb\">\n\t\t<a target=\"_self\" href=\"https:\/\/inmobrisa.com\/pl\/property\/venta-de-apartamento-en-villajoyosa-la-vila-joiosa-n9749-pl\/\" class=\"listing-featured-thumb hover-effect\">\n\t\t\t                                                                                                                                                                                    <img decoding=\"async\" width=\"592\" height=\"297\" src=\"https:\/\/fotos15.apinmo.com\/8720\/28897240\/2-1.jpg\" class=\"img-fluid wp-post-image\" alt=\"Venta de apartamento en villajoyosa\/la vila joiosa - imagenInmueble0\" srcset=\"https:\/\/fotos15.apinmo.com\/8720\/28897240\/2-1.jpg 850w, https:\/\/fotos15.apinmo.com\/8720\/28897240\/2-1.jpg 300w, https:\/\/fotos15.apinmo.com\/8720\/28897240\/2-1.jpg 768w, https:\/\/fotos15.apinmo.com\/8720\/28897240\/2-1s.jpg 150w, https:\/\/fotos15.apinmo.com\/8720\/28897240\/2-1.jpg 536w, https:\/\/fotos15.apinmo.com\/8720\/28897240\/2-1.jpg 770w\" sizes=\"(max-width: 592px) 100vw, 592px\" \/>\t\t<\/a><!-- hover-effect -->\n\t<\/div>\n<\/div>\n\t\t\t\t<div class=\"preview_loader\"><\/div>\n\t\t\t<\/div><!-- item-header -->\t\n\t\t\t<div class=\"item-body flex-grow-1\">\n\t\t\t\t<div class=\"labels-wrap labels-right\"> \n\n\t<a href=\"https:\/\/inmobrisa.com\/pl\/status\/sprzeda\u017c\/\" class=\"label-status label status-color-5021\">\n\t\t\t\t\tsprzeda\u017c\n\t\t\t\t<\/a><a href=\"https:\/\/inmobrisa.com\/pl\/label\/nowy-budynek\/\" class=\"hz-label label label-color-5196\">\n\t\t\t\t\tnowy budynek\n\t\t\t\t<\/a>       \n\n<\/div>\n\t\t\t\t<h2 class=\"item-title\">\n\t<a target=\"_self\" href=\"https:\/\/inmobrisa.com\/pl\/property\/venta-de-apartamento-en-villajoyosa-la-vila-joiosa-n9749-pl\/\">Venta de Apartamento en Villajoyosa\/La Vila Joiosa &#8211; n9749<\/a>\n<\/h2><!-- item-title -->\t\t\t\t<ul class=\"item-price-wrap hide-on-list\">\n\t<li class=\"item-price\">650.000\u20ac<\/li><\/ul>\t\t\t\t<address class=\"item-address\"> Villajoyosa\/La Vila Joiosa, Alicante, Spain<\/address>\t\t\t\t\t\t\t\t<ul class=\"item-amenities item-amenities-with-icons\">\n\t<li class=\"h-baths\"><span class=\"hz-figure\">2 <i class=\"houzez-icon icon-bathroom-shower-1 mr-1\"><\/i><\/span>Ba\u00f1os<\/li><li class=\"h-area\"><span class=\"hz-figure\">127 <i class=\"houzez-icon icon-ruler-triangle mr-1\"><\/i><\/span><div class=\"hz-figure area_postfix\">m\u00b2<\/div><\/li><\/ul>\t\t\t\t<div class=\"item-author\">\n\t<i class=\"houzez-icon icon-single-neutral mr-1\"><\/i>\n\t<a href=\"https:\/\/inmobrisa.com\/agent\/inmobrisa\/\">Inmobrisa<\/a> <\/div><!-- item-author -->\n\t\t\t\t<div class=\"item-date\">\n\t<i class=\"houzez-icon icon-attachment mr-1\"><\/i>\n\t4 dni temu<\/div><!-- item-date -->\n\t\t\t<\/div><!-- item-body -->\n\n\t\t\t\t\t\t<div class=\"item-footer clearfix\">\n\t\t\t\t<div class=\"item-author\">\n\t<i class=\"houzez-icon icon-single-neutral mr-1\"><\/i>\n\t<a href=\"https:\/\/inmobrisa.com\/agent\/inmobrisa\/\">Inmobrisa<\/a> <\/div><!-- item-author -->\n\t\t\t\t<div class=\"item-date\">\n\t<i class=\"houzez-icon icon-attachment mr-1\"><\/i>\n\t4 dni temu<\/div><!-- item-date -->\n\t\t\t<\/div>\n\t\t\t            <div title=\"Referencia\" class=\"item-footer clearfix\" style=\"display: block; text-align: right;\"><i class=\"fa fa-tag\"><\/i> n9749<\/div>\n\t\t<\/div><!-- d-flex -->\n\t\t\n\t<\/div><!-- item-wrap -->\n<\/div><!-- item-listing-wrap --><div class=\"item-listing-wrap hz-item-gallery-js card\" data-hz-id=\"hz-28171578\" data-images=\"[{&quot;image&quot;:&quot;https:\\\/\\\/fotos15.apinmo.com\\\/8720\\\/28896063\\\/2-1.jpg&quot;,&quot;alt&quot;:&quot;Venta de apartamento en san pedro del pinatar - imagenInmueble0&quot;,&quot;width&quot;:592,&quot;height&quot;:444},{&quot;image&quot;:&quot;https:\\\/\\\/fotos15.apinmo.com\\\/8720\\\/28896063\\\/2-1.jpg&quot;,&quot;alt&quot;:&quot;Venta de apartamento en san pedro del pinatar - imagenInmueble0&quot;,&quot;width&quot;:592,&quot;height&quot;:444},{&quot;image&quot;:&quot;https:\\\/\\\/fotos15.apinmo.com\\\/8720\\\/28896063\\\/2-2.jpg&quot;,&quot;alt&quot;:&quot;Venta de apartamento en san pedro del pinatar - imagenInmueble1&quot;,&quot;width&quot;:592,&quot;height&quot;:444},{&quot;image&quot;:&quot;https:\\\/\\\/fotos15.apinmo.com\\\/8720\\\/28896063\\\/2-3.jpg&quot;,&quot;alt&quot;:&quot;Venta de apartamento en san pedro del pinatar - imagenInmueble2&quot;,&quot;width&quot;:592,&quot;height&quot;:444},{&quot;image&quot;:&quot;https:\\\/\\\/fotos15.apinmo.com\\\/8720\\\/28896063\\\/2-4.jpg&quot;,&quot;alt&quot;:&quot;Venta de apartamento en san pedro del pinatar - imagenInmueble3&quot;,&quot;width&quot;:592,&quot;height&quot;:444},{&quot;image&quot;:&quot;https:\\\/\\\/fotos15.apinmo.com\\\/8720\\\/28896063\\\/2-5.jpg&quot;,&quot;alt&quot;:&quot;Venta de apartamento en san pedro del pinatar - imagenInmueble4&quot;,&quot;width&quot;:592,&quot;height&quot;:444},{&quot;image&quot;:&quot;https:\\\/\\\/fotos15.apinmo.com\\\/8720\\\/28896063\\\/2-6.jpg&quot;,&quot;alt&quot;:&quot;Venta de apartamento en san pedro del pinatar - imagenInmueble5&quot;,&quot;width&quot;:592,&quot;height&quot;:444},{&quot;image&quot;:&quot;https:\\\/\\\/fotos15.apinmo.com\\\/8720\\\/28896063\\\/2-7.jpg&quot;,&quot;alt&quot;:&quot;Venta de apartamento en san pedro del pinatar - imagenInmueble6&quot;,&quot;width&quot;:592,&quot;height&quot;:444},{&quot;image&quot;:&quot;https:\\\/\\\/fotos15.apinmo.com\\\/8720\\\/28896063\\\/2-8.jpg&quot;,&quot;alt&quot;:&quot;Venta de apartamento en san pedro del pinatar - imagenInmueble7&quot;,&quot;width&quot;:592,&quot;height&quot;:444},{&quot;image&quot;:&quot;https:\\\/\\\/fotos15.apinmo.com\\\/8720\\\/28896063\\\/2-9.jpg&quot;,&quot;alt&quot;:&quot;Venta de apartamento en san pedro del pinatar - imagenInmueble8&quot;,&quot;width&quot;:592,&quot;height&quot;:444},{&quot;image&quot;:&quot;https:\\\/\\\/fotos15.apinmo.com\\\/8720\\\/28896063\\\/2-10.jpg&quot;,&quot;alt&quot;:&quot;Venta de apartamento en san pedro del pinatar - imagenInmueble9&quot;,&quot;width&quot;:592,&quot;height&quot;:444},{&quot;image&quot;:&quot;https:\\\/\\\/fotos15.apinmo.com\\\/8720\\\/28896063\\\/2-11.jpg&quot;,&quot;alt&quot;:&quot;Venta de apartamento en san pedro del pinatar - imagenInmueble10&quot;,&quot;width&quot;:592,&quot;height&quot;:444},{&quot;image&quot;:&quot;https:\\\/\\\/fotos15.apinmo.com\\\/8720\\\/28896063\\\/2-12.jpg&quot;,&quot;alt&quot;:&quot;Venta de apartamento en san pedro del pinatar - imagenInmueble11&quot;,&quot;width&quot;:592,&quot;height&quot;:444},{&quot;image&quot;:&quot;https:\\\/\\\/fotos15.apinmo.com\\\/8720\\\/28896063\\\/2-13.jpg&quot;,&quot;alt&quot;:&quot;Venta de apartamento en san pedro del pinatar - imagenInmueble12&quot;,&quot;width&quot;:592,&quot;height&quot;:444},{&quot;image&quot;:&quot;https:\\\/\\\/fotos15.apinmo.com\\\/8720\\\/28896063\\\/2-14.jpg&quot;,&quot;alt&quot;:&quot;Venta de apartamento en san pedro del pinatar - imagenInmueble13&quot;,&quot;width&quot;:592,&quot;height&quot;:444},{&quot;image&quot;:&quot;https:\\\/\\\/fotos15.apinmo.com\\\/8720\\\/28896063\\\/2-15.jpg&quot;,&quot;alt&quot;:&quot;Venta de apartamento en san pedro del pinatar - imagenInmueble14&quot;,&quot;width&quot;:592,&quot;height&quot;:444}]\">\n\t<div class=\"item-wrap item-wrap-v2 item-wrap-no-frame h-100\">\n\t\t<div class=\"d-flex align-items-center h-100\">\n\t\t\t<div class=\"item-header\">\n\t\t\t\t\t\t\t\t<div class=\"labels-wrap labels-right\"> \n\n\t<a href=\"https:\/\/inmobrisa.com\/pl\/status\/sprzeda\u017c\/\" class=\"label-status label status-color-5021\">\n\t\t\t\t\tsprzeda\u017c\n\t\t\t\t<\/a><a href=\"https:\/\/inmobrisa.com\/pl\/label\/nowy-budynek\/\" class=\"hz-label label label-color-5196\">\n\t\t\t\t\tnowy budynek\n\t\t\t\t<\/a>       \n\n<\/div>\n\t\t\t\t<ul class=\"item-price-wrap hide-on-list\">\n\t<li class=\"item-price\">201.900\u20ac<\/li><\/ul>\t\t\t\t<ul class=\"item-tools\">\n\n        \n        <li class=\"item-tool item-favorite\">\n        <span class=\"add-favorite-js item-tool-favorite\" data-toggle=\"tooltip\" data-placement=\"top\" title=\"Favorito\" data-listid=\"28171578\">\n            <i class=\"houzez-icon icon-love-it \"><\/i> \n        <\/span><!-- item-tool-favorite -->\n    <\/li><!-- item-tool -->\n    \n    <\/ul><!-- item-tools -->\n\t\t\t\t<div class=\"listing-image-wrap\">\n\t<div class=\"listing-thumb\">\n\t\t<a target=\"_self\" href=\"https:\/\/inmobrisa.com\/pl\/property\/venta-de-apartamento-en-san-pedro-del-pinatar-n9742-pl\/\" class=\"listing-featured-thumb hover-effect\">\n\t\t\t                                                                                                                                                                                    <img loading=\"lazy\" decoding=\"async\" width=\"592\" height=\"297\" src=\"https:\/\/fotos15.apinmo.com\/8720\/28896063\/2-1.jpg\" class=\"img-fluid wp-post-image\" alt=\"Venta de apartamento en san pedro del pinatar - imagenInmueble0\" srcset=\"https:\/\/fotos15.apinmo.com\/8720\/28896063\/2-1.jpg 850w, https:\/\/fotos15.apinmo.com\/8720\/28896063\/2-1.jpg 300w, https:\/\/fotos15.apinmo.com\/8720\/28896063\/2-1.jpg 768w, https:\/\/fotos15.apinmo.com\/8720\/28896063\/2-1s.jpg 150w, https:\/\/fotos15.apinmo.com\/8720\/28896063\/2-1.jpg 536w, https:\/\/fotos15.apinmo.com\/8720\/28896063\/2-1.jpg 770w\" sizes=\"(max-width: 592px) 100vw, 592px\" \/>\t\t<\/a><!-- hover-effect -->\n\t<\/div>\n<\/div>\n\t\t\t\t<div class=\"preview_loader\"><\/div>\n\t\t\t<\/div><!-- item-header -->\t\n\t\t\t<div class=\"item-body flex-grow-1\">\n\t\t\t\t<div class=\"labels-wrap labels-right\"> \n\n\t<a href=\"https:\/\/inmobrisa.com\/pl\/status\/sprzeda\u017c\/\" class=\"label-status label status-color-5021\">\n\t\t\t\t\tsprzeda\u017c\n\t\t\t\t<\/a><a href=\"https:\/\/inmobrisa.com\/pl\/label\/nowy-budynek\/\" class=\"hz-label label label-color-5196\">\n\t\t\t\t\tnowy budynek\n\t\t\t\t<\/a>       \n\n<\/div>\n\t\t\t\t<h2 class=\"item-title\">\n\t<a target=\"_self\" href=\"https:\/\/inmobrisa.com\/pl\/property\/venta-de-apartamento-en-san-pedro-del-pinatar-n9742-pl\/\">Venta de Apartamento en San Pedro del Pinatar &#8211; n9742<\/a>\n<\/h2><!-- item-title -->\t\t\t\t<ul class=\"item-price-wrap hide-on-list\">\n\t<li class=\"item-price\">201.900\u20ac<\/li><\/ul>\t\t\t\t<address class=\"item-address\"> San Pedro del Pinatar, Murcia, Spain<\/address>\t\t\t\t\t\t\t\t<ul class=\"item-amenities item-amenities-with-icons\">\n\t<li class=\"h-baths\"><span class=\"hz-figure\">2 <i class=\"houzez-icon icon-bathroom-shower-1 mr-1\"><\/i><\/span>Ba\u00f1os<\/li><li class=\"h-area\"><span class=\"hz-figure\">70 <i class=\"houzez-icon icon-ruler-triangle mr-1\"><\/i><\/span><div class=\"hz-figure area_postfix\">m\u00b2<\/div><\/li><\/ul>\t\t\t\t<div class=\"item-author\">\n\t<i class=\"houzez-icon icon-single-neutral mr-1\"><\/i>\n\t<a href=\"https:\/\/inmobrisa.com\/agent\/inmobrisa\/\">Inmobrisa<\/a> <\/div><!-- item-author -->\n\t\t\t\t<div class=\"item-date\">\n\t<i class=\"houzez-icon icon-attachment mr-1\"><\/i>\n\t5 dni temu<\/div><!-- item-date -->\n\t\t\t<\/div><!-- item-body -->\n\n\t\t\t\t\t\t<div class=\"item-footer clearfix\">\n\t\t\t\t<div class=\"item-author\">\n\t<i class=\"houzez-icon icon-single-neutral mr-1\"><\/i>\n\t<a href=\"https:\/\/inmobrisa.com\/agent\/inmobrisa\/\">Inmobrisa<\/a> <\/div><!-- item-author -->\n\t\t\t\t<div class=\"item-date\">\n\t<i class=\"houzez-icon icon-attachment mr-1\"><\/i>\n\t5 dni temu<\/div><!-- item-date -->\n\t\t\t<\/div>\n\t\t\t            <div title=\"Referencia\" class=\"item-footer clearfix\" style=\"display: block; text-align: right;\"><i class=\"fa fa-tag\"><\/i> n9742<\/div>\n\t\t<\/div><!-- d-flex -->\n\t\t\n\t<\/div><!-- item-wrap -->\n<\/div><!-- item-listing-wrap --><div class=\"item-listing-wrap hz-item-gallery-js card\" data-hz-id=\"hz-28171558\" data-images=\"[{&quot;image&quot;:&quot;https:\\\/\\\/fotos15.apinmo.com\\\/8720\\\/28896062\\\/2-1.jpg&quot;,&quot;alt&quot;:&quot;Venta de apartamento en san pedro del pinatar - imagenInmueble0&quot;,&quot;width&quot;:592,&quot;height&quot;:444},{&quot;image&quot;:&quot;https:\\\/\\\/fotos15.apinmo.com\\\/8720\\\/28896062\\\/2-1.jpg&quot;,&quot;alt&quot;:&quot;Venta de apartamento en san pedro del pinatar - imagenInmueble0&quot;,&quot;width&quot;:592,&quot;height&quot;:444},{&quot;image&quot;:&quot;https:\\\/\\\/fotos15.apinmo.com\\\/8720\\\/28896062\\\/2-2.jpg&quot;,&quot;alt&quot;:&quot;Venta de apartamento en san pedro del pinatar - imagenInmueble1&quot;,&quot;width&quot;:592,&quot;height&quot;:444},{&quot;image&quot;:&quot;https:\\\/\\\/fotos15.apinmo.com\\\/8720\\\/28896062\\\/2-3.jpg&quot;,&quot;alt&quot;:&quot;Venta de apartamento en san pedro del pinatar - imagenInmueble2&quot;,&quot;width&quot;:592,&quot;height&quot;:444},{&quot;image&quot;:&quot;https:\\\/\\\/fotos15.apinmo.com\\\/8720\\\/28896062\\\/2-4.jpg&quot;,&quot;alt&quot;:&quot;Venta de apartamento en san pedro del pinatar - imagenInmueble3&quot;,&quot;width&quot;:592,&quot;height&quot;:444},{&quot;image&quot;:&quot;https:\\\/\\\/fotos15.apinmo.com\\\/8720\\\/28896062\\\/2-5.jpg&quot;,&quot;alt&quot;:&quot;Venta de apartamento en san pedro del pinatar - imagenInmueble4&quot;,&quot;width&quot;:592,&quot;height&quot;:444},{&quot;image&quot;:&quot;https:\\\/\\\/fotos15.apinmo.com\\\/8720\\\/28896062\\\/2-6.jpg&quot;,&quot;alt&quot;:&quot;Venta de apartamento en san pedro del pinatar - imagenInmueble5&quot;,&quot;width&quot;:592,&quot;height&quot;:444},{&quot;image&quot;:&quot;https:\\\/\\\/fotos15.apinmo.com\\\/8720\\\/28896062\\\/2-7.jpg&quot;,&quot;alt&quot;:&quot;Venta de apartamento en san pedro del pinatar - imagenInmueble6&quot;,&quot;width&quot;:592,&quot;height&quot;:444},{&quot;image&quot;:&quot;https:\\\/\\\/fotos15.apinmo.com\\\/8720\\\/28896062\\\/2-8.jpg&quot;,&quot;alt&quot;:&quot;Venta de apartamento en san pedro del pinatar - imagenInmueble7&quot;,&quot;width&quot;:592,&quot;height&quot;:444},{&quot;image&quot;:&quot;https:\\\/\\\/fotos15.apinmo.com\\\/8720\\\/28896062\\\/2-9.jpg&quot;,&quot;alt&quot;:&quot;Venta de apartamento en san pedro del pinatar - imagenInmueble8&quot;,&quot;width&quot;:592,&quot;height&quot;:444},{&quot;image&quot;:&quot;https:\\\/\\\/fotos15.apinmo.com\\\/8720\\\/28896062\\\/2-10.jpg&quot;,&quot;alt&quot;:&quot;Venta de apartamento en san pedro del pinatar - imagenInmueble9&quot;,&quot;width&quot;:592,&quot;height&quot;:444},{&quot;image&quot;:&quot;https:\\\/\\\/fotos15.apinmo.com\\\/8720\\\/28896062\\\/2-11.jpg&quot;,&quot;alt&quot;:&quot;Venta de apartamento en san pedro del pinatar - imagenInmueble10&quot;,&quot;width&quot;:592,&quot;height&quot;:444},{&quot;image&quot;:&quot;https:\\\/\\\/fotos15.apinmo.com\\\/8720\\\/28896062\\\/2-12.jpg&quot;,&quot;alt&quot;:&quot;Venta de apartamento en san pedro del pinatar - imagenInmueble11&quot;,&quot;width&quot;:592,&quot;height&quot;:444},{&quot;image&quot;:&quot;https:\\\/\\\/fotos15.apinmo.com\\\/8720\\\/28896062\\\/2-13.jpg&quot;,&quot;alt&quot;:&quot;Venta de apartamento en san pedro del pinatar - imagenInmueble12&quot;,&quot;width&quot;:592,&quot;height&quot;:444},{&quot;image&quot;:&quot;https:\\\/\\\/fotos15.apinmo.com\\\/8720\\\/28896062\\\/2-14.jpg&quot;,&quot;alt&quot;:&quot;Venta de apartamento en san pedro del pinatar - imagenInmueble13&quot;,&quot;width&quot;:592,&quot;height&quot;:444},{&quot;image&quot;:&quot;https:\\\/\\\/fotos15.apinmo.com\\\/8720\\\/28896062\\\/2-15.jpg&quot;,&quot;alt&quot;:&quot;Venta de apartamento en san pedro del pinatar - imagenInmueble14&quot;,&quot;width&quot;:592,&quot;height&quot;:444}]\">\n\t<div class=\"item-wrap item-wrap-v2 item-wrap-no-frame h-100\">\n\t\t<div class=\"d-flex align-items-center h-100\">\n\t\t\t<div class=\"item-header\">\n\t\t\t\t\t\t\t\t<div class=\"labels-wrap labels-right\"> \n\n\t<a href=\"https:\/\/inmobrisa.com\/pl\/status\/sprzeda\u017c\/\" class=\"label-status label status-color-5021\">\n\t\t\t\t\tsprzeda\u017c\n\t\t\t\t<\/a><a href=\"https:\/\/inmobrisa.com\/pl\/label\/nowy-budynek\/\" class=\"hz-label label label-color-5196\">\n\t\t\t\t\tnowy budynek\n\t\t\t\t<\/a>       \n\n<\/div>\n\t\t\t\t<ul class=\"item-price-wrap hide-on-list\">\n\t<li class=\"item-price\">149.900\u20ac<\/li><\/ul>\t\t\t\t<ul class=\"item-tools\">\n\n        \n        <li class=\"item-tool item-favorite\">\n        <span class=\"add-favorite-js item-tool-favorite\" data-toggle=\"tooltip\" data-placement=\"top\" title=\"Favorito\" data-listid=\"28171558\">\n            <i class=\"houzez-icon icon-love-it \"><\/i> \n        <\/span><!-- item-tool-favorite -->\n    <\/li><!-- item-tool -->\n    \n    <\/ul><!-- item-tools -->\n\t\t\t\t<div class=\"listing-image-wrap\">\n\t<div class=\"listing-thumb\">\n\t\t<a target=\"_self\" href=\"https:\/\/inmobrisa.com\/pl\/property\/venta-de-apartamento-en-san-pedro-del-pinatar-n9741-pl\/\" class=\"listing-featured-thumb hover-effect\">\n\t\t\t                                                                                                                                                                                    <img loading=\"lazy\" decoding=\"async\" width=\"592\" height=\"297\" src=\"https:\/\/fotos15.apinmo.com\/8720\/28896062\/2-1.jpg\" class=\"img-fluid wp-post-image\" alt=\"Venta de apartamento en san pedro del pinatar - imagenInmueble0\" srcset=\"https:\/\/fotos15.apinmo.com\/8720\/28896062\/2-1.jpg 850w, https:\/\/fotos15.apinmo.com\/8720\/28896062\/2-1.jpg 300w, https:\/\/fotos15.apinmo.com\/8720\/28896062\/2-1.jpg 768w, https:\/\/fotos15.apinmo.com\/8720\/28896062\/2-1s.jpg 150w, https:\/\/fotos15.apinmo.com\/8720\/28896062\/2-1.jpg 536w, https:\/\/fotos15.apinmo.com\/8720\/28896062\/2-1.jpg 770w\" sizes=\"(max-width: 592px) 100vw, 592px\" \/>\t\t<\/a><!-- hover-effect -->\n\t<\/div>\n<\/div>\n\t\t\t\t<div class=\"preview_loader\"><\/div>\n\t\t\t<\/div><!-- item-header -->\t\n\t\t\t<div class=\"item-body flex-grow-1\">\n\t\t\t\t<div class=\"labels-wrap labels-right\"> \n\n\t<a href=\"https:\/\/inmobrisa.com\/pl\/status\/sprzeda\u017c\/\" class=\"label-status label status-color-5021\">\n\t\t\t\t\tsprzeda\u017c\n\t\t\t\t<\/a><a href=\"https:\/\/inmobrisa.com\/pl\/label\/nowy-budynek\/\" class=\"hz-label label label-color-5196\">\n\t\t\t\t\tnowy budynek\n\t\t\t\t<\/a>       \n\n<\/div>\n\t\t\t\t<h2 class=\"item-title\">\n\t<a target=\"_self\" href=\"https:\/\/inmobrisa.com\/pl\/property\/venta-de-apartamento-en-san-pedro-del-pinatar-n9741-pl\/\">Venta de Apartamento en San Pedro del Pinatar &#8211; n9741<\/a>\n<\/h2><!-- item-title -->\t\t\t\t<ul class=\"item-price-wrap hide-on-list\">\n\t<li class=\"item-price\">149.900\u20ac<\/li><\/ul>\t\t\t\t<address class=\"item-address\"> San Pedro del Pinatar, Murcia, Spain<\/address>\t\t\t\t\t\t\t\t<ul class=\"item-amenities item-amenities-with-icons\">\n\t<li class=\"h-baths\"><span class=\"hz-figure\">1 <i class=\"houzez-icon icon-bathroom-shower-1 mr-1\"><\/i><\/span>Ba\u00f1o<\/li><li class=\"h-area\"><span class=\"hz-figure\">43 <i class=\"houzez-icon icon-ruler-triangle mr-1\"><\/i><\/span><div class=\"hz-figure area_postfix\">m\u00b2<\/div><\/li><\/ul>\t\t\t\t<div class=\"item-author\">\n\t<i class=\"houzez-icon icon-single-neutral mr-1\"><\/i>\n\t<a href=\"https:\/\/inmobrisa.com\/agent\/inmobrisa\/\">Inmobrisa<\/a> <\/div><!-- item-author -->\n\t\t\t\t<div class=\"item-date\">\n\t<i class=\"houzez-icon icon-attachment mr-1\"><\/i>\n\t5 dni temu<\/div><!-- item-date -->\n\t\t\t<\/div><!-- item-body -->\n\n\t\t\t\t\t\t<div class=\"item-footer clearfix\">\n\t\t\t\t<div class=\"item-author\">\n\t<i class=\"houzez-icon icon-single-neutral mr-1\"><\/i>\n\t<a href=\"https:\/\/inmobrisa.com\/agent\/inmobrisa\/\">Inmobrisa<\/a> <\/div><!-- item-author -->\n\t\t\t\t<div class=\"item-date\">\n\t<i class=\"houzez-icon icon-attachment mr-1\"><\/i>\n\t5 dni temu<\/div><!-- item-date -->\n\t\t\t<\/div>\n\t\t\t            <div title=\"Referencia\" class=\"item-footer clearfix\" style=\"display: block; text-align: right;\"><i class=\"fa fa-tag\"><\/i> n9741<\/div>\n\t\t<\/div><!-- d-flex -->\n\t\t\n\t<\/div><!-- item-wrap -->\n<\/div><!-- item-listing-wrap --><div class=\"item-listing-wrap hz-item-gallery-js card\" data-hz-id=\"hz-28171538\" data-images=\"[{&quot;image&quot;:&quot;https:\\\/\\\/fotos15.apinmo.com\\\/8720\\\/28896061\\\/2-1.jpg&quot;,&quot;alt&quot;:&quot;Venta de apartamento en san pedro del pinatar - imagenInmueble0&quot;,&quot;width&quot;:592,&quot;height&quot;:444},{&quot;image&quot;:&quot;https:\\\/\\\/fotos15.apinmo.com\\\/8720\\\/28896061\\\/2-1.jpg&quot;,&quot;alt&quot;:&quot;Venta de apartamento en san pedro del pinatar - imagenInmueble0&quot;,&quot;width&quot;:592,&quot;height&quot;:444},{&quot;image&quot;:&quot;https:\\\/\\\/fotos15.apinmo.com\\\/8720\\\/28896061\\\/2-2.jpg&quot;,&quot;alt&quot;:&quot;Venta de apartamento en san pedro del pinatar - imagenInmueble1&quot;,&quot;width&quot;:592,&quot;height&quot;:444},{&quot;image&quot;:&quot;https:\\\/\\\/fotos15.apinmo.com\\\/8720\\\/28896061\\\/2-3.jpg&quot;,&quot;alt&quot;:&quot;Venta de apartamento en san pedro del pinatar - imagenInmueble2&quot;,&quot;width&quot;:592,&quot;height&quot;:444},{&quot;image&quot;:&quot;https:\\\/\\\/fotos15.apinmo.com\\\/8720\\\/28896061\\\/2-4.jpg&quot;,&quot;alt&quot;:&quot;Venta de apartamento en san pedro del pinatar - imagenInmueble3&quot;,&quot;width&quot;:592,&quot;height&quot;:444},{&quot;image&quot;:&quot;https:\\\/\\\/fotos15.apinmo.com\\\/8720\\\/28896061\\\/2-5.jpg&quot;,&quot;alt&quot;:&quot;Venta de apartamento en san pedro del pinatar - imagenInmueble4&quot;,&quot;width&quot;:592,&quot;height&quot;:444},{&quot;image&quot;:&quot;https:\\\/\\\/fotos15.apinmo.com\\\/8720\\\/28896061\\\/2-6.jpg&quot;,&quot;alt&quot;:&quot;Venta de apartamento en san pedro del pinatar - imagenInmueble5&quot;,&quot;width&quot;:592,&quot;height&quot;:444},{&quot;image&quot;:&quot;https:\\\/\\\/fotos15.apinmo.com\\\/8720\\\/28896061\\\/2-7.jpg&quot;,&quot;alt&quot;:&quot;Venta de apartamento en san pedro del pinatar - imagenInmueble6&quot;,&quot;width&quot;:592,&quot;height&quot;:444},{&quot;image&quot;:&quot;https:\\\/\\\/fotos15.apinmo.com\\\/8720\\\/28896061\\\/2-8.jpg&quot;,&quot;alt&quot;:&quot;Venta de apartamento en san pedro del pinatar - imagenInmueble7&quot;,&quot;width&quot;:592,&quot;height&quot;:444},{&quot;image&quot;:&quot;https:\\\/\\\/fotos15.apinmo.com\\\/8720\\\/28896061\\\/2-9.jpg&quot;,&quot;alt&quot;:&quot;Venta de apartamento en san pedro del pinatar - imagenInmueble8&quot;,&quot;width&quot;:592,&quot;height&quot;:444},{&quot;image&quot;:&quot;https:\\\/\\\/fotos15.apinmo.com\\\/8720\\\/28896061\\\/2-10.jpg&quot;,&quot;alt&quot;:&quot;Venta de apartamento en san pedro del pinatar - imagenInmueble9&quot;,&quot;width&quot;:592,&quot;height&quot;:444},{&quot;image&quot;:&quot;https:\\\/\\\/fotos15.apinmo.com\\\/8720\\\/28896061\\\/2-11.jpg&quot;,&quot;alt&quot;:&quot;Venta de apartamento en san pedro del pinatar - imagenInmueble10&quot;,&quot;width&quot;:592,&quot;height&quot;:444},{&quot;image&quot;:&quot;https:\\\/\\\/fotos15.apinmo.com\\\/8720\\\/28896061\\\/2-12.jpg&quot;,&quot;alt&quot;:&quot;Venta de apartamento en san pedro del pinatar - imagenInmueble11&quot;,&quot;width&quot;:592,&quot;height&quot;:444},{&quot;image&quot;:&quot;https:\\\/\\\/fotos15.apinmo.com\\\/8720\\\/28896061\\\/2-13.jpg&quot;,&quot;alt&quot;:&quot;Venta de apartamento en san pedro del pinatar - imagenInmueble12&quot;,&quot;width&quot;:592,&quot;height&quot;:444},{&quot;image&quot;:&quot;https:\\\/\\\/fotos15.apinmo.com\\\/8720\\\/28896061\\\/2-14.jpg&quot;,&quot;alt&quot;:&quot;Venta de apartamento en san pedro del pinatar - imagenInmueble13&quot;,&quot;width&quot;:592,&quot;height&quot;:444},{&quot;image&quot;:&quot;https:\\\/\\\/fotos15.apinmo.com\\\/8720\\\/28896061\\\/2-15.jpg&quot;,&quot;alt&quot;:&quot;Venta de apartamento en san pedro del pinatar - imagenInmueble14&quot;,&quot;width&quot;:592,&quot;height&quot;:444}]\">\n\t<div class=\"item-wrap item-wrap-v2 item-wrap-no-frame h-100\">\n\t\t<div class=\"d-flex align-items-center h-100\">\n\t\t\t<div class=\"item-header\">\n\t\t\t\t\t\t\t\t<div class=\"labels-wrap labels-right\"> \n\n\t<a href=\"https:\/\/inmobrisa.com\/pl\/status\/sprzeda\u017c\/\" class=\"label-status label status-color-5021\">\n\t\t\t\t\tsprzeda\u017c\n\t\t\t\t<\/a><a href=\"https:\/\/inmobrisa.com\/pl\/label\/nowy-budynek\/\" class=\"hz-label label label-color-5196\">\n\t\t\t\t\tnowy budynek\n\t\t\t\t<\/a>       \n\n<\/div>\n\t\t\t\t<ul class=\"item-price-wrap hide-on-list\">\n\t<li class=\"item-price\">151.900\u20ac<\/li><\/ul>\t\t\t\t<ul class=\"item-tools\">\n\n        \n        <li class=\"item-tool item-favorite\">\n        <span class=\"add-favorite-js item-tool-favorite\" data-toggle=\"tooltip\" data-placement=\"top\" title=\"Favorito\" data-listid=\"28171538\">\n            <i class=\"houzez-icon icon-love-it \"><\/i> \n        <\/span><!-- item-tool-favorite -->\n    <\/li><!-- item-tool -->\n    \n    <\/ul><!-- item-tools -->\n\t\t\t\t<div class=\"listing-image-wrap\">\n\t<div class=\"listing-thumb\">\n\t\t<a target=\"_self\" href=\"https:\/\/inmobrisa.com\/pl\/property\/venta-de-apartamento-en-san-pedro-del-pinatar-n9740-pl\/\" class=\"listing-featured-thumb hover-effect\">\n\t\t\t                                                                                                                                                                                    <img loading=\"lazy\" decoding=\"async\" width=\"592\" height=\"297\" src=\"https:\/\/fotos15.apinmo.com\/8720\/28896061\/2-1.jpg\" class=\"img-fluid wp-post-image\" alt=\"Venta de apartamento en san pedro del pinatar - imagenInmueble0\" srcset=\"https:\/\/fotos15.apinmo.com\/8720\/28896061\/2-1.jpg 850w, https:\/\/fotos15.apinmo.com\/8720\/28896061\/2-1.jpg 300w, https:\/\/fotos15.apinmo.com\/8720\/28896061\/2-1.jpg 768w, https:\/\/fotos15.apinmo.com\/8720\/28896061\/2-1s.jpg 150w, https:\/\/fotos15.apinmo.com\/8720\/28896061\/2-1.jpg 536w, https:\/\/fotos15.apinmo.com\/8720\/28896061\/2-1.jpg 770w\" sizes=\"(max-width: 592px) 100vw, 592px\" \/>\t\t<\/a><!-- hover-effect -->\n\t<\/div>\n<\/div>\n\t\t\t\t<div class=\"preview_loader\"><\/div>\n\t\t\t<\/div><!-- item-header -->\t\n\t\t\t<div class=\"item-body flex-grow-1\">\n\t\t\t\t<div class=\"labels-wrap labels-right\"> \n\n\t<a href=\"https:\/\/inmobrisa.com\/pl\/status\/sprzeda\u017c\/\" class=\"label-status label status-color-5021\">\n\t\t\t\t\tsprzeda\u017c\n\t\t\t\t<\/a><a href=\"https:\/\/inmobrisa.com\/pl\/label\/nowy-budynek\/\" class=\"hz-label label label-color-5196\">\n\t\t\t\t\tnowy budynek\n\t\t\t\t<\/a>       \n\n<\/div>\n\t\t\t\t<h2 class=\"item-title\">\n\t<a target=\"_self\" href=\"https:\/\/inmobrisa.com\/pl\/property\/venta-de-apartamento-en-san-pedro-del-pinatar-n9740-pl\/\">Venta de Apartamento en San Pedro del Pinatar &#8211; n9740<\/a>\n<\/h2><!-- item-title -->\t\t\t\t<ul class=\"item-price-wrap hide-on-list\">\n\t<li class=\"item-price\">151.900\u20ac<\/li><\/ul>\t\t\t\t<address class=\"item-address\"> San Pedro del Pinatar, Murcia, Spain<\/address>\t\t\t\t\t\t\t\t<ul class=\"item-amenities item-amenities-with-icons\">\n\t<li class=\"h-baths\"><span class=\"hz-figure\">1 <i class=\"houzez-icon icon-bathroom-shower-1 mr-1\"><\/i><\/span>Ba\u00f1o<\/li><li class=\"h-area\"><span class=\"hz-figure\">40 <i class=\"houzez-icon icon-ruler-triangle mr-1\"><\/i><\/span><div class=\"hz-figure area_postfix\">m\u00b2<\/div><\/li><\/ul>\t\t\t\t<div class=\"item-author\">\n\t<i class=\"houzez-icon icon-single-neutral mr-1\"><\/i>\n\t<a href=\"https:\/\/inmobrisa.com\/agent\/inmobrisa\/\">Inmobrisa<\/a> <\/div><!-- item-author -->\n\t\t\t\t<div class=\"item-date\">\n\t<i class=\"houzez-icon icon-attachment mr-1\"><\/i>\n\t5 dni temu<\/div><!-- item-date -->\n\t\t\t<\/div><!-- item-body -->\n\n\t\t\t\t\t\t<div class=\"item-footer clearfix\">\n\t\t\t\t<div class=\"item-author\">\n\t<i class=\"houzez-icon icon-single-neutral mr-1\"><\/i>\n\t<a href=\"https:\/\/inmobrisa.com\/agent\/inmobrisa\/\">Inmobrisa<\/a> <\/div><!-- item-author -->\n\t\t\t\t<div class=\"item-date\">\n\t<i class=\"houzez-icon icon-attachment mr-1\"><\/i>\n\t5 dni temu<\/div><!-- item-date -->\n\t\t\t<\/div>\n\t\t\t            <div title=\"Referencia\" class=\"item-footer clearfix\" style=\"display: block; text-align: right;\"><i class=\"fa fa-tag\"><\/i> n9740<\/div>\n\t\t<\/div><!-- d-flex -->\n\t\t\n\t<\/div><!-- item-wrap -->\n<\/div><!-- item-listing-wrap --><div class=\"item-listing-wrap hz-item-gallery-js card\" data-hz-id=\"hz-28171512\" data-images=\"[{&quot;image&quot;:&quot;https:\\\/\\\/fotos15.apinmo.com\\\/8720\\\/28890607\\\/2-1.jpg&quot;,&quot;alt&quot;:&quot;Venta de villa en finestrat - imagenInmueble0&quot;,&quot;width&quot;:592,&quot;height&quot;:444},{&quot;image&quot;:&quot;https:\\\/\\\/fotos15.apinmo.com\\\/8720\\\/28890607\\\/2-1.jpg&quot;,&quot;alt&quot;:&quot;Venta de villa en finestrat - imagenInmueble0&quot;,&quot;width&quot;:592,&quot;height&quot;:444},{&quot;image&quot;:&quot;https:\\\/\\\/fotos15.apinmo.com\\\/8720\\\/28890607\\\/2-2.jpg&quot;,&quot;alt&quot;:&quot;Venta de villa en finestrat - imagenInmueble1&quot;,&quot;width&quot;:592,&quot;height&quot;:444},{&quot;image&quot;:&quot;https:\\\/\\\/fotos15.apinmo.com\\\/8720\\\/28890607\\\/2-3.jpg&quot;,&quot;alt&quot;:&quot;Venta de villa en finestrat - imagenInmueble2&quot;,&quot;width&quot;:592,&quot;height&quot;:444},{&quot;image&quot;:&quot;https:\\\/\\\/fotos15.apinmo.com\\\/8720\\\/28890607\\\/2-4.jpg&quot;,&quot;alt&quot;:&quot;Venta de villa en finestrat - imagenInmueble3&quot;,&quot;width&quot;:592,&quot;height&quot;:444},{&quot;image&quot;:&quot;https:\\\/\\\/fotos15.apinmo.com\\\/8720\\\/28890607\\\/2-5.jpg&quot;,&quot;alt&quot;:&quot;Venta de villa en finestrat - imagenInmueble4&quot;,&quot;width&quot;:592,&quot;height&quot;:444},{&quot;image&quot;:&quot;https:\\\/\\\/fotos15.apinmo.com\\\/8720\\\/28890607\\\/2-6.jpg&quot;,&quot;alt&quot;:&quot;Venta de villa en finestrat - imagenInmueble5&quot;,&quot;width&quot;:592,&quot;height&quot;:444},{&quot;image&quot;:&quot;https:\\\/\\\/fotos15.apinmo.com\\\/8720\\\/28890607\\\/2-7.jpg&quot;,&quot;alt&quot;:&quot;Venta de villa en finestrat - imagenInmueble6&quot;,&quot;width&quot;:592,&quot;height&quot;:444},{&quot;image&quot;:&quot;https:\\\/\\\/fotos15.apinmo.com\\\/8720\\\/28890607\\\/2-8.jpg&quot;,&quot;alt&quot;:&quot;Venta de villa en finestrat - imagenInmueble7&quot;,&quot;width&quot;:592,&quot;height&quot;:444},{&quot;image&quot;:&quot;https:\\\/\\\/fotos15.apinmo.com\\\/8720\\\/28890607\\\/2-9.jpg&quot;,&quot;alt&quot;:&quot;Venta de villa en finestrat - imagenInmueble8&quot;,&quot;width&quot;:592,&quot;height&quot;:444},{&quot;image&quot;:&quot;https:\\\/\\\/fotos15.apinmo.com\\\/8720\\\/28890607\\\/2-10.jpg&quot;,&quot;alt&quot;:&quot;Venta de villa en finestrat - imagenInmueble9&quot;,&quot;width&quot;:592,&quot;height&quot;:444},{&quot;image&quot;:&quot;https:\\\/\\\/fotos15.apinmo.com\\\/8720\\\/28890607\\\/2-11.jpg&quot;,&quot;alt&quot;:&quot;Venta de villa en finestrat - imagenInmueble10&quot;,&quot;width&quot;:592,&quot;height&quot;:444},{&quot;image&quot;:&quot;https:\\\/\\\/fotos15.apinmo.com\\\/8720\\\/28890607\\\/2-12.jpg&quot;,&quot;alt&quot;:&quot;Venta de villa en finestrat - imagenInmueble11&quot;,&quot;width&quot;:592,&quot;height&quot;:444},{&quot;image&quot;:&quot;https:\\\/\\\/fotos15.apinmo.com\\\/8720\\\/28890607\\\/2-13.jpg&quot;,&quot;alt&quot;:&quot;Venta de villa en finestrat - imagenInmueble12&quot;,&quot;width&quot;:592,&quot;height&quot;:444},{&quot;image&quot;:&quot;https:\\\/\\\/fotos15.apinmo.com\\\/8720\\\/28890607\\\/2-14.jpg&quot;,&quot;alt&quot;:&quot;Venta de villa en finestrat - imagenInmueble13&quot;,&quot;width&quot;:592,&quot;height&quot;:444},{&quot;image&quot;:&quot;https:\\\/\\\/fotos15.apinmo.com\\\/8720\\\/28890607\\\/2-15.jpg&quot;,&quot;alt&quot;:&quot;Venta de villa en finestrat - imagenInmueble14&quot;,&quot;width&quot;:592,&quot;height&quot;:444},{&quot;image&quot;:&quot;https:\\\/\\\/fotos15.apinmo.com\\\/8720\\\/28890607\\\/2-16.jpg&quot;,&quot;alt&quot;:&quot;Venta de villa en finestrat - imagenInmueble15&quot;,&quot;width&quot;:592,&quot;height&quot;:444},{&quot;image&quot;:&quot;https:\\\/\\\/fotos15.apinmo.com\\\/8720\\\/28890607\\\/2-17.jpg&quot;,&quot;alt&quot;:&quot;Venta de villa en finestrat - imagenInmueble16&quot;,&quot;width&quot;:592,&quot;height&quot;:444},{&quot;image&quot;:&quot;https:\\\/\\\/fotos15.apinmo.com\\\/8720\\\/28890607\\\/2-18.jpg&quot;,&quot;alt&quot;:&quot;Venta de villa en finestrat - imagenInmueble17&quot;,&quot;width&quot;:592,&quot;height&quot;:444},{&quot;image&quot;:&quot;https:\\\/\\\/fotos15.apinmo.com\\\/8720\\\/28890607\\\/2-19.jpg&quot;,&quot;alt&quot;:&quot;Venta de villa en finestrat - imagenInmueble18&quot;,&quot;width&quot;:592,&quot;height&quot;:444},{&quot;image&quot;:&quot;https:\\\/\\\/fotos15.apinmo.com\\\/8720\\\/28890607\\\/2-20.jpg&quot;,&quot;alt&quot;:&quot;Venta de villa en finestrat - imagenInmueble19&quot;,&quot;width&quot;:592,&quot;height&quot;:444},{&quot;image&quot;:&quot;https:\\\/\\\/fotos15.apinmo.com\\\/8720\\\/28890607\\\/2-21.jpg&quot;,&quot;alt&quot;:&quot;Venta de villa en finestrat - imagenInmueble20&quot;,&quot;width&quot;:592,&quot;height&quot;:444}]\">\n\t<div class=\"item-wrap item-wrap-v2 item-wrap-no-frame h-100\">\n\t\t<div class=\"d-flex align-items-center h-100\">\n\t\t\t<div class=\"item-header\">\n\t\t\t\t\t\t\t\t<div class=\"labels-wrap labels-right\"> \n\n\t<a href=\"https:\/\/inmobrisa.com\/pl\/status\/sprzeda\u017c\/\" class=\"label-status label status-color-5021\">\n\t\t\t\t\tsprzeda\u017c\n\t\t\t\t<\/a><a href=\"https:\/\/inmobrisa.com\/pl\/label\/nowy-budynek\/\" class=\"hz-label label label-color-5196\">\n\t\t\t\t\tnowy budynek\n\t\t\t\t<\/a>       \n\n<\/div>\n\t\t\t\t<ul class=\"item-price-wrap hide-on-list\">\n\t<li class=\"item-price\">550.000\u20ac<\/li><\/ul>\t\t\t\t<ul class=\"item-tools\">\n\n        \n        <li class=\"item-tool item-favorite\">\n        <span class=\"add-favorite-js item-tool-favorite\" data-toggle=\"tooltip\" data-placement=\"top\" title=\"Favorito\" data-listid=\"28171512\">\n            <i class=\"houzez-icon icon-love-it \"><\/i> \n        <\/span><!-- item-tool-favorite -->\n    <\/li><!-- item-tool -->\n    \n    <\/ul><!-- item-tools -->\n\t\t\t\t<div class=\"listing-image-wrap\">\n\t<div class=\"listing-thumb\">\n\t\t<a target=\"_self\" href=\"https:\/\/inmobrisa.com\/pl\/property\/venta-de-villa-en-finestrat-n9739-pl\/\" class=\"listing-featured-thumb hover-effect\">\n\t\t\t                                                                                                                                                                                    <img loading=\"lazy\" decoding=\"async\" width=\"592\" height=\"297\" src=\"https:\/\/fotos15.apinmo.com\/8720\/28890607\/2-1.jpg\" class=\"img-fluid wp-post-image\" alt=\"Venta de villa en finestrat - imagenInmueble0\" srcset=\"https:\/\/fotos15.apinmo.com\/8720\/28890607\/2-1.jpg 850w, https:\/\/fotos15.apinmo.com\/8720\/28890607\/2-1.jpg 300w, https:\/\/fotos15.apinmo.com\/8720\/28890607\/2-1.jpg 768w, https:\/\/fotos15.apinmo.com\/8720\/28890607\/2-1s.jpg 150w, https:\/\/fotos15.apinmo.com\/8720\/28890607\/2-1.jpg 536w, https:\/\/fotos15.apinmo.com\/8720\/28890607\/2-1.jpg 770w\" sizes=\"(max-width: 592px) 100vw, 592px\" \/>\t\t<\/a><!-- hover-effect -->\n\t<\/div>\n<\/div>\n\t\t\t\t<div class=\"preview_loader\"><\/div>\n\t\t\t<\/div><!-- item-header -->\t\n\t\t\t<div class=\"item-body flex-grow-1\">\n\t\t\t\t<div class=\"labels-wrap labels-right\"> \n\n\t<a href=\"https:\/\/inmobrisa.com\/pl\/status\/sprzeda\u017c\/\" class=\"label-status label status-color-5021\">\n\t\t\t\t\tsprzeda\u017c\n\t\t\t\t<\/a><a href=\"https:\/\/inmobrisa.com\/pl\/label\/nowy-budynek\/\" class=\"hz-label label label-color-5196\">\n\t\t\t\t\tnowy budynek\n\t\t\t\t<\/a>       \n\n<\/div>\n\t\t\t\t<h2 class=\"item-title\">\n\t<a target=\"_self\" href=\"https:\/\/inmobrisa.com\/pl\/property\/venta-de-villa-en-finestrat-n9739-pl\/\">Venta de Villa en Finestrat &#8211; n9739<\/a>\n<\/h2><!-- item-title -->\t\t\t\t<ul class=\"item-price-wrap hide-on-list\">\n\t<li class=\"item-price\">550.000\u20ac<\/li><\/ul>\t\t\t\t<address class=\"item-address\"> Finestrat, Alicante, Spain<\/address>\t\t\t\t\t\t\t\t<ul class=\"item-amenities item-amenities-with-icons\">\n\t<li class=\"h-baths\"><span class=\"hz-figure\">3 <i class=\"houzez-icon icon-bathroom-shower-1 mr-1\"><\/i><\/span>Ba\u00f1os<\/li><li class=\"h-area\"><span class=\"hz-figure\">143 <i class=\"houzez-icon icon-ruler-triangle mr-1\"><\/i><\/span><div class=\"hz-figure area_postfix\">m\u00b2<\/div><\/li><\/ul>\t\t\t\t<div class=\"item-author\">\n\t<i class=\"houzez-icon icon-single-neutral mr-1\"><\/i>\n\t<a href=\"https:\/\/inmobrisa.com\/agent\/inmobrisa\/\">Inmobrisa<\/a> <\/div><!-- item-author -->\n\t\t\t\t<div class=\"item-date\">\n\t<i class=\"houzez-icon icon-attachment mr-1\"><\/i>\n\t6 dni temu<\/div><!-- item-date -->\n\t\t\t<\/div><!-- item-body -->\n\n\t\t\t\t\t\t<div class=\"item-footer clearfix\">\n\t\t\t\t<div class=\"item-author\">\n\t<i class=\"houzez-icon icon-single-neutral mr-1\"><\/i>\n\t<a href=\"https:\/\/inmobrisa.com\/agent\/inmobrisa\/\">Inmobrisa<\/a> <\/div><!-- item-author -->\n\t\t\t\t<div class=\"item-date\">\n\t<i class=\"houzez-icon icon-attachment mr-1\"><\/i>\n\t6 dni temu<\/div><!-- item-date -->\n\t\t\t<\/div>\n\t\t\t            <div title=\"Referencia\" class=\"item-footer clearfix\" style=\"display: block; text-align: right;\"><i class=\"fa fa-tag\"><\/i> n9739<\/div>\n\t\t<\/div><!-- d-flex -->\n\t\t\n\t<\/div><!-- item-wrap -->\n<\/div><!-- item-listing-wrap --><div class=\"item-listing-wrap hz-item-gallery-js card\" data-hz-id=\"hz-28171492\" data-images=\"[{&quot;image&quot;:&quot;https:\\\/\\\/fotos15.apinmo.com\\\/8720\\\/28890606\\\/2-1.jpg&quot;,&quot;alt&quot;:&quot;Venta de apartamento en finestrat - imagenInmueble0&quot;,&quot;width&quot;:592,&quot;height&quot;:444},{&quot;image&quot;:&quot;https:\\\/\\\/fotos15.apinmo.com\\\/8720\\\/28890606\\\/2-1.jpg&quot;,&quot;alt&quot;:&quot;Venta de apartamento en finestrat - imagenInmueble0&quot;,&quot;width&quot;:592,&quot;height&quot;:444},{&quot;image&quot;:&quot;https:\\\/\\\/fotos15.apinmo.com\\\/8720\\\/28890606\\\/2-2.jpg&quot;,&quot;alt&quot;:&quot;Venta de apartamento en finestrat - imagenInmueble1&quot;,&quot;width&quot;:592,&quot;height&quot;:444},{&quot;image&quot;:&quot;https:\\\/\\\/fotos15.apinmo.com\\\/8720\\\/28890606\\\/2-3.jpg&quot;,&quot;alt&quot;:&quot;Venta de apartamento en finestrat - imagenInmueble2&quot;,&quot;width&quot;:592,&quot;height&quot;:444},{&quot;image&quot;:&quot;https:\\\/\\\/fotos15.apinmo.com\\\/8720\\\/28890606\\\/2-4.jpg&quot;,&quot;alt&quot;:&quot;Venta de apartamento en finestrat - imagenInmueble3&quot;,&quot;width&quot;:592,&quot;height&quot;:444},{&quot;image&quot;:&quot;https:\\\/\\\/fotos15.apinmo.com\\\/8720\\\/28890606\\\/2-5.jpg&quot;,&quot;alt&quot;:&quot;Venta de apartamento en finestrat - imagenInmueble4&quot;,&quot;width&quot;:592,&quot;height&quot;:444},{&quot;image&quot;:&quot;https:\\\/\\\/fotos15.apinmo.com\\\/8720\\\/28890606\\\/2-6.jpg&quot;,&quot;alt&quot;:&quot;Venta de apartamento en finestrat - imagenInmueble5&quot;,&quot;width&quot;:592,&quot;height&quot;:444},{&quot;image&quot;:&quot;https:\\\/\\\/fotos15.apinmo.com\\\/8720\\\/28890606\\\/2-7.jpg&quot;,&quot;alt&quot;:&quot;Venta de apartamento en finestrat - imagenInmueble6&quot;,&quot;width&quot;:592,&quot;height&quot;:444},{&quot;image&quot;:&quot;https:\\\/\\\/fotos15.apinmo.com\\\/8720\\\/28890606\\\/2-8.jpg&quot;,&quot;alt&quot;:&quot;Venta de apartamento en finestrat - imagenInmueble7&quot;,&quot;width&quot;:592,&quot;height&quot;:444},{&quot;image&quot;:&quot;https:\\\/\\\/fotos15.apinmo.com\\\/8720\\\/28890606\\\/2-9.jpg&quot;,&quot;alt&quot;:&quot;Venta de apartamento en finestrat - imagenInmueble8&quot;,&quot;width&quot;:592,&quot;height&quot;:444},{&quot;image&quot;:&quot;https:\\\/\\\/fotos15.apinmo.com\\\/8720\\\/28890606\\\/2-10.jpg&quot;,&quot;alt&quot;:&quot;Venta de apartamento en finestrat - imagenInmueble9&quot;,&quot;width&quot;:592,&quot;height&quot;:444},{&quot;image&quot;:&quot;https:\\\/\\\/fotos15.apinmo.com\\\/8720\\\/28890606\\\/2-11.jpg&quot;,&quot;alt&quot;:&quot;Venta de apartamento en finestrat - imagenInmueble10&quot;,&quot;width&quot;:592,&quot;height&quot;:444},{&quot;image&quot;:&quot;https:\\\/\\\/fotos15.apinmo.com\\\/8720\\\/28890606\\\/2-12.jpg&quot;,&quot;alt&quot;:&quot;Venta de apartamento en finestrat - imagenInmueble11&quot;,&quot;width&quot;:592,&quot;height&quot;:444},{&quot;image&quot;:&quot;https:\\\/\\\/fotos15.apinmo.com\\\/8720\\\/28890606\\\/2-13.jpg&quot;,&quot;alt&quot;:&quot;Venta de apartamento en finestrat - imagenInmueble12&quot;,&quot;width&quot;:592,&quot;height&quot;:444},{&quot;image&quot;:&quot;https:\\\/\\\/fotos15.apinmo.com\\\/8720\\\/28890606\\\/2-14.jpg&quot;,&quot;alt&quot;:&quot;Venta de apartamento en finestrat - imagenInmueble13&quot;,&quot;width&quot;:592,&quot;height&quot;:444},{&quot;image&quot;:&quot;https:\\\/\\\/fotos15.apinmo.com\\\/8720\\\/28890606\\\/2-15.jpg&quot;,&quot;alt&quot;:&quot;Venta de apartamento en finestrat - imagenInmueble14&quot;,&quot;width&quot;:592,&quot;height&quot;:444}]\">\n\t<div class=\"item-wrap item-wrap-v2 item-wrap-no-frame h-100\">\n\t\t<div class=\"d-flex align-items-center h-100\">\n\t\t\t<div class=\"item-header\">\n\t\t\t\t\t\t\t\t<div class=\"labels-wrap labels-right\"> \n\n\t<a href=\"https:\/\/inmobrisa.com\/pl\/status\/sprzeda\u017c\/\" class=\"label-status label status-color-5021\">\n\t\t\t\t\tsprzeda\u017c\n\t\t\t\t<\/a><a href=\"https:\/\/inmobrisa.com\/pl\/label\/nowy-budynek\/\" class=\"hz-label label label-color-5196\">\n\t\t\t\t\tnowy budynek\n\t\t\t\t<\/a>       \n\n<\/div>\n\t\t\t\t<ul class=\"item-price-wrap hide-on-list\">\n\t<li class=\"item-price\">163.520\u20ac<\/li><\/ul>\t\t\t\t<ul class=\"item-tools\">\n\n        \n        <li class=\"item-tool item-favorite\">\n        <span class=\"add-favorite-js item-tool-favorite\" data-toggle=\"tooltip\" data-placement=\"top\" title=\"Favorito\" data-listid=\"28171492\">\n            <i class=\"houzez-icon icon-love-it \"><\/i> \n        <\/span><!-- item-tool-favorite -->\n    <\/li><!-- item-tool -->\n    \n    <\/ul><!-- item-tools -->\n\t\t\t\t<div class=\"listing-image-wrap\">\n\t<div class=\"listing-thumb\">\n\t\t<a target=\"_self\" href=\"https:\/\/inmobrisa.com\/pl\/property\/venta-de-apartamento-en-finestrat-n9738-pl\/\" class=\"listing-featured-thumb hover-effect\">\n\t\t\t                                                                                                                                                                                    <img loading=\"lazy\" decoding=\"async\" width=\"592\" height=\"297\" src=\"https:\/\/fotos15.apinmo.com\/8720\/28890606\/2-1.jpg\" class=\"img-fluid wp-post-image\" alt=\"Venta de apartamento en finestrat - imagenInmueble0\" srcset=\"https:\/\/fotos15.apinmo.com\/8720\/28890606\/2-1.jpg 850w, https:\/\/fotos15.apinmo.com\/8720\/28890606\/2-1.jpg 300w, https:\/\/fotos15.apinmo.com\/8720\/28890606\/2-1.jpg 768w, https:\/\/fotos15.apinmo.com\/8720\/28890606\/2-1s.jpg 150w, https:\/\/fotos15.apinmo.com\/8720\/28890606\/2-1.jpg 536w, https:\/\/fotos15.apinmo.com\/8720\/28890606\/2-1.jpg 770w\" sizes=\"(max-width: 592px) 100vw, 592px\" \/>\t\t<\/a><!-- hover-effect -->\n\t<\/div>\n<\/div>\n\t\t\t\t<div class=\"preview_loader\"><\/div>\n\t\t\t<\/div><!-- item-header -->\t\n\t\t\t<div class=\"item-body flex-grow-1\">\n\t\t\t\t<div class=\"labels-wrap labels-right\"> \n\n\t<a href=\"https:\/\/inmobrisa.com\/pl\/status\/sprzeda\u017c\/\" class=\"label-status label status-color-5021\">\n\t\t\t\t\tsprzeda\u017c\n\t\t\t\t<\/a><a href=\"https:\/\/inmobrisa.com\/pl\/label\/nowy-budynek\/\" class=\"hz-label label label-color-5196\">\n\t\t\t\t\tnowy budynek\n\t\t\t\t<\/a>       \n\n<\/div>\n\t\t\t\t<h2 class=\"item-title\">\n\t<a target=\"_self\" href=\"https:\/\/inmobrisa.com\/pl\/property\/venta-de-apartamento-en-finestrat-n9738-pl\/\">Venta de Apartamento en Finestrat &#8211; n9738<\/a>\n<\/h2><!-- item-title -->\t\t\t\t<ul class=\"item-price-wrap hide-on-list\">\n\t<li class=\"item-price\">163.520\u20ac<\/li><\/ul>\t\t\t\t<address class=\"item-address\"> Finestrat, Alicante, Spain<\/address>\t\t\t\t\t\t\t\t<ul class=\"item-amenities item-amenities-with-icons\">\n\t<li class=\"h-baths\"><span class=\"hz-figure\">1 <i class=\"houzez-icon icon-bathroom-shower-1 mr-1\"><\/i><\/span>Ba\u00f1o<\/li><li class=\"h-area\"><span class=\"hz-figure\">40 <i class=\"houzez-icon icon-ruler-triangle mr-1\"><\/i><\/span><div class=\"hz-figure area_postfix\">m\u00b2<\/div><\/li><\/ul>\t\t\t\t<div class=\"item-author\">\n\t<i class=\"houzez-icon icon-single-neutral mr-1\"><\/i>\n\t<a href=\"https:\/\/inmobrisa.com\/agent\/inmobrisa\/\">Inmobrisa<\/a> <\/div><!-- item-author -->\n\t\t\t\t<div class=\"item-date\">\n\t<i class=\"houzez-icon icon-attachment mr-1\"><\/i>\n\t6 dni temu<\/div><!-- item-date -->\n\t\t\t<\/div><!-- item-body -->\n\n\t\t\t\t\t\t<div class=\"item-footer clearfix\">\n\t\t\t\t<div class=\"item-author\">\n\t<i class=\"houzez-icon icon-single-neutral mr-1\"><\/i>\n\t<a href=\"https:\/\/inmobrisa.com\/agent\/inmobrisa\/\">Inmobrisa<\/a> <\/div><!-- item-author -->\n\t\t\t\t<div class=\"item-date\">\n\t<i class=\"houzez-icon icon-attachment mr-1\"><\/i>\n\t6 dni temu<\/div><!-- item-date -->\n\t\t\t<\/div>\n\t\t\t            <div title=\"Referencia\" class=\"item-footer clearfix\" style=\"display: block; text-align: right;\"><i class=\"fa fa-tag\"><\/i> n9738<\/div>\n\t\t<\/div><!-- d-flex -->\n\t\t\n\t<\/div><!-- item-wrap -->\n<\/div><!-- item-listing-wrap --><div class=\"item-listing-wrap hz-item-gallery-js card\" data-hz-id=\"hz-28171472\" data-images=\"[{&quot;image&quot;:&quot;https:\\\/\\\/fotos15.apinmo.com\\\/8720\\\/28890605\\\/2-1.jpg&quot;,&quot;alt&quot;:&quot;Venta de apartamento en finestrat - imagenInmueble0&quot;,&quot;width&quot;:592,&quot;height&quot;:444},{&quot;image&quot;:&quot;https:\\\/\\\/fotos15.apinmo.com\\\/8720\\\/28890605\\\/2-1.jpg&quot;,&quot;alt&quot;:&quot;Venta de apartamento en finestrat - imagenInmueble0&quot;,&quot;width&quot;:592,&quot;height&quot;:444},{&quot;image&quot;:&quot;https:\\\/\\\/fotos15.apinmo.com\\\/8720\\\/28890605\\\/2-2.jpg&quot;,&quot;alt&quot;:&quot;Venta de apartamento en finestrat - imagenInmueble1&quot;,&quot;width&quot;:592,&quot;height&quot;:444},{&quot;image&quot;:&quot;https:\\\/\\\/fotos15.apinmo.com\\\/8720\\\/28890605\\\/2-3.jpg&quot;,&quot;alt&quot;:&quot;Venta de apartamento en finestrat - imagenInmueble2&quot;,&quot;width&quot;:592,&quot;height&quot;:444},{&quot;image&quot;:&quot;https:\\\/\\\/fotos15.apinmo.com\\\/8720\\\/28890605\\\/2-4.jpg&quot;,&quot;alt&quot;:&quot;Venta de apartamento en finestrat - imagenInmueble3&quot;,&quot;width&quot;:592,&quot;height&quot;:444},{&quot;image&quot;:&quot;https:\\\/\\\/fotos15.apinmo.com\\\/8720\\\/28890605\\\/2-5.jpg&quot;,&quot;alt&quot;:&quot;Venta de apartamento en finestrat - imagenInmueble4&quot;,&quot;width&quot;:592,&quot;height&quot;:444},{&quot;image&quot;:&quot;https:\\\/\\\/fotos15.apinmo.com\\\/8720\\\/28890605\\\/2-6.jpg&quot;,&quot;alt&quot;:&quot;Venta de apartamento en finestrat - imagenInmueble5&quot;,&quot;width&quot;:592,&quot;height&quot;:444},{&quot;image&quot;:&quot;https:\\\/\\\/fotos15.apinmo.com\\\/8720\\\/28890605\\\/2-7.jpg&quot;,&quot;alt&quot;:&quot;Venta de apartamento en finestrat - imagenInmueble6&quot;,&quot;width&quot;:592,&quot;height&quot;:444},{&quot;image&quot;:&quot;https:\\\/\\\/fotos15.apinmo.com\\\/8720\\\/28890605\\\/2-8.jpg&quot;,&quot;alt&quot;:&quot;Venta de apartamento en finestrat - imagenInmueble7&quot;,&quot;width&quot;:592,&quot;height&quot;:444},{&quot;image&quot;:&quot;https:\\\/\\\/fotos15.apinmo.com\\\/8720\\\/28890605\\\/2-9.jpg&quot;,&quot;alt&quot;:&quot;Venta de apartamento en finestrat - imagenInmueble8&quot;,&quot;width&quot;:592,&quot;height&quot;:444},{&quot;image&quot;:&quot;https:\\\/\\\/fotos15.apinmo.com\\\/8720\\\/28890605\\\/2-10.jpg&quot;,&quot;alt&quot;:&quot;Venta de apartamento en finestrat - imagenInmueble9&quot;,&quot;width&quot;:592,&quot;height&quot;:444},{&quot;image&quot;:&quot;https:\\\/\\\/fotos15.apinmo.com\\\/8720\\\/28890605\\\/2-11.jpg&quot;,&quot;alt&quot;:&quot;Venta de apartamento en finestrat - imagenInmueble10&quot;,&quot;width&quot;:592,&quot;height&quot;:444},{&quot;image&quot;:&quot;https:\\\/\\\/fotos15.apinmo.com\\\/8720\\\/28890605\\\/2-12.jpg&quot;,&quot;alt&quot;:&quot;Venta de apartamento en finestrat - imagenInmueble11&quot;,&quot;width&quot;:592,&quot;height&quot;:444},{&quot;image&quot;:&quot;https:\\\/\\\/fotos15.apinmo.com\\\/8720\\\/28890605\\\/2-13.jpg&quot;,&quot;alt&quot;:&quot;Venta de apartamento en finestrat - imagenInmueble12&quot;,&quot;width&quot;:592,&quot;height&quot;:444},{&quot;image&quot;:&quot;https:\\\/\\\/fotos15.apinmo.com\\\/8720\\\/28890605\\\/2-14.jpg&quot;,&quot;alt&quot;:&quot;Venta de apartamento en finestrat - imagenInmueble13&quot;,&quot;width&quot;:592,&quot;height&quot;:444},{&quot;image&quot;:&quot;https:\\\/\\\/fotos15.apinmo.com\\\/8720\\\/28890605\\\/2-15.jpg&quot;,&quot;alt&quot;:&quot;Venta de apartamento en finestrat - imagenInmueble14&quot;,&quot;width&quot;:592,&quot;height&quot;:444}]\">\n\t<div class=\"item-wrap item-wrap-v2 item-wrap-no-frame h-100\">\n\t\t<div class=\"d-flex align-items-center h-100\">\n\t\t\t<div class=\"item-header\">\n\t\t\t\t\t\t\t\t<div class=\"labels-wrap labels-right\"> \n\n\t<a href=\"https:\/\/inmobrisa.com\/pl\/status\/sprzeda\u017c\/\" class=\"label-status label status-color-5021\">\n\t\t\t\t\tsprzeda\u017c\n\t\t\t\t<\/a><a href=\"https:\/\/inmobrisa.com\/pl\/label\/nowy-budynek\/\" class=\"hz-label label label-color-5196\">\n\t\t\t\t\tnowy budynek\n\t\t\t\t<\/a>       \n\n<\/div>\n\t\t\t\t<ul class=\"item-price-wrap hide-on-list\">\n\t<li class=\"item-price\">102.816\u20ac<\/li><\/ul>\t\t\t\t<ul class=\"item-tools\">\n\n        \n        <li class=\"item-tool item-favorite\">\n        <span class=\"add-favorite-js item-tool-favorite\" data-toggle=\"tooltip\" data-placement=\"top\" title=\"Favorito\" data-listid=\"28171472\">\n            <i class=\"houzez-icon icon-love-it \"><\/i> \n        <\/span><!-- item-tool-favorite -->\n    <\/li><!-- item-tool -->\n    \n    <\/ul><!-- item-tools -->\n\t\t\t\t<div class=\"listing-image-wrap\">\n\t<div class=\"listing-thumb\">\n\t\t<a target=\"_self\" href=\"https:\/\/inmobrisa.com\/pl\/property\/venta-de-apartamento-en-finestrat-n9737-pl\/\" class=\"listing-featured-thumb hover-effect\">\n\t\t\t                                                                                                                                                                                    <img loading=\"lazy\" decoding=\"async\" width=\"592\" height=\"297\" src=\"https:\/\/fotos15.apinmo.com\/8720\/28890605\/2-1.jpg\" class=\"img-fluid wp-post-image\" alt=\"Venta de apartamento en finestrat - imagenInmueble0\" srcset=\"https:\/\/fotos15.apinmo.com\/8720\/28890605\/2-1.jpg 850w, https:\/\/fotos15.apinmo.com\/8720\/28890605\/2-1.jpg 300w, https:\/\/fotos15.apinmo.com\/8720\/28890605\/2-1.jpg 768w, https:\/\/fotos15.apinmo.com\/8720\/28890605\/2-1s.jpg 150w, https:\/\/fotos15.apinmo.com\/8720\/28890605\/2-1.jpg 536w, https:\/\/fotos15.apinmo.com\/8720\/28890605\/2-1.jpg 770w\" sizes=\"(max-width: 592px) 100vw, 592px\" \/>\t\t<\/a><!-- hover-effect -->\n\t<\/div>\n<\/div>\n\t\t\t\t<div class=\"preview_loader\"><\/div>\n\t\t\t<\/div><!-- item-header -->\t\n\t\t\t<div class=\"item-body flex-grow-1\">\n\t\t\t\t<div class=\"labels-wrap labels-right\"> \n\n\t<a href=\"https:\/\/inmobrisa.com\/pl\/status\/sprzeda\u017c\/\" class=\"label-status label status-color-5021\">\n\t\t\t\t\tsprzeda\u017c\n\t\t\t\t<\/a><a href=\"https:\/\/inmobrisa.com\/pl\/label\/nowy-budynek\/\" class=\"hz-label label label-color-5196\">\n\t\t\t\t\tnowy budynek\n\t\t\t\t<\/a>       \n\n<\/div>\n\t\t\t\t<h2 class=\"item-title\">\n\t<a target=\"_self\" href=\"https:\/\/inmobrisa.com\/pl\/property\/venta-de-apartamento-en-finestrat-n9737-pl\/\">Venta de Apartamento en Finestrat &#8211; n9737<\/a>\n<\/h2><!-- item-title -->\t\t\t\t<ul class=\"item-price-wrap hide-on-list\">\n\t<li class=\"item-price\">102.816\u20ac<\/li><\/ul>\t\t\t\t<address class=\"item-address\"> Finestrat, Alicante, Spain<\/address>\t\t\t\t\t\t\t\t<ul class=\"item-amenities item-amenities-with-icons\">\n\t<li class=\"h-baths\"><span class=\"hz-figure\">1 <i class=\"houzez-icon icon-bathroom-shower-1 mr-1\"><\/i><\/span>Ba\u00f1o<\/li><li class=\"h-area\"><span class=\"hz-figure\">34 <i class=\"houzez-icon icon-ruler-triangle mr-1\"><\/i><\/span><div class=\"hz-figure area_postfix\">m\u00b2<\/div><\/li><\/ul>\t\t\t\t<div class=\"item-author\">\n\t<i class=\"houzez-icon icon-single-neutral mr-1\"><\/i>\n\t<a href=\"https:\/\/inmobrisa.com\/agent\/inmobrisa\/\">Inmobrisa<\/a> <\/div><!-- item-author -->\n\t\t\t\t<div class=\"item-date\">\n\t<i class=\"houzez-icon icon-attachment mr-1\"><\/i>\n\t6 dni temu<\/div><!-- item-date -->\n\t\t\t<\/div><!-- item-body -->\n\n\t\t\t\t\t\t<div class=\"item-footer clearfix\">\n\t\t\t\t<div class=\"item-author\">\n\t<i class=\"houzez-icon icon-single-neutral mr-1\"><\/i>\n\t<a href=\"https:\/\/inmobrisa.com\/agent\/inmobrisa\/\">Inmobrisa<\/a> <\/div><!-- item-author -->\n\t\t\t\t<div class=\"item-date\">\n\t<i class=\"houzez-icon icon-attachment mr-1\"><\/i>\n\t6 dni temu<\/div><!-- item-date -->\n\t\t\t<\/div>\n\t\t\t            <div title=\"Referencia\" class=\"item-footer clearfix\" style=\"display: block; text-align: right;\"><i class=\"fa fa-tag\"><\/i> n9737<\/div>\n\t\t<\/div><!-- d-flex -->\n\t\t\n\t<\/div><!-- item-wrap -->\n<\/div><!-- item-listing-wrap -->\t\t\t\t<\/div><!-- testimonials-slider -->\n\t\t\t<\/div><!-- listing-view grid-view -->\n\t\t<\/div><!-- testimonials-module -->\n\n\t\t\t\t\t\t<\/div>\n\t\t\t\t<\/div>\n\t\t\t\t<div class=\"elementor-element elementor-element-5f32a90 elementor-align-center elementor-widget elementor-widget-button\" data-id=\"5f32a90\" data-element_type=\"widget\" data-widget_type=\"button.default\">\n\t\t\t\t<div class=\"elementor-widget-container\">\n\t\t\t\t\t\t\t\t\t<div class=\"elementor-button-wrapper\">\n\t\t\t\t\t<a class=\"elementor-button elementor-button-link elementor-size-sm\" href=\"https:\/\/inmobrisa.com\/pl\/nieruchomosci\/\">\n\t\t\t\t\t\t<span class=\"elementor-button-content-wrapper\">\n\t\t\t\t\t\t\t\t\t<span class=\"elementor-button-text\">ZOBACZ WSZYSTKIE NIERUCHOMO\u015aCI<\/span>\n\t\t\t\t\t<\/span>\n\t\t\t\t\t<\/a>\n\t\t\t\t<\/div>\n\t\t\t\t\t\t\t\t<\/div>\n\t\t\t\t<\/div>\n\t\t\t\t\t<\/div>\n\t\t\t\t<\/div>\n\t\t<div class=\"elementor-element elementor-element-db35e49 e-flex e-con-boxed e-con e-parent\" data-id=\"db35e49\" data-element_type=\"container\">\n\t\t\t\t\t<div class=\"e-con-inner\">\n\t\t\t\t<div class=\"elementor-element elementor-element-63b0857 elementor-widget elementor-widget-html\" data-id=\"63b0857\" data-element_type=\"widget\" data-widget_type=\"html.default\">\n\t\t\t\t<div class=\"elementor-widget-container\">\n\t\t\t\t\t<div id=\"calculadora-hipotecaria-habeno-container\">\r\n  <iframe\r\n    id=\"calculadora-hipotecaria-habeno\"\r\n    src=\"https:\/\/widget.v1.habeno.com\/pl\/mortgage-calculator?partnerId=dd7c0df6-7576-4606-d3c6-08dbb844e8d2&type=wide&propertyPrice=150000\"\r\n    aria-label=\"Widget de calculadora Habeno\"\r\n    sandbox=\"\r\n      allow-scripts\r\n      allow-same-origin\r\n      allow-popups\r\n      allow-forms\r\n      allow-popups-to-escape-sandbox\r\n      allow-top-navigation\r\n    \"\r\n    width=\"100%\"\r\n    height=\"600px\"\r\n  >\r\n  <\/iframe>\r\n  <div>\r\n    Z TECHNOLOGI\u0104 <a href=\"https:\/\/habeno.com\">HABENO<\/a>\r\n  <\/div>\r\n<\/div>\r\n\t\t\t\t<\/div>\n\t\t\t\t<\/div>\n\t\t\t\t\t<\/div>\n\t\t\t\t<\/div>\n\t\t<div class=\"elementor-element elementor-element-25cab09 e-flex e-con-boxed e-con e-parent\" data-id=\"25cab09\" data-element_type=\"container\" data-settings=\"{&quot;background_background&quot;:&quot;classic&quot;}\">\n\t\t\t\t\t<div class=\"e-con-inner\">\n\t\t<div class=\"elementor-element elementor-element-72769ea e-con-full e-flex e-con e-child\" data-id=\"72769ea\" data-element_type=\"container\">\n\t\t\t\t<div class=\"elementor-element elementor-element-6870439 elementor-widget elementor-widget-heading\" data-id=\"6870439\" data-element_type=\"widget\" data-widget_type=\"heading.default\">\n\t\t\t\t<div class=\"elementor-widget-container\">\n\t\t\t\t\t<h2 class=\"elementor-heading-title elementor-size-default\">Wycenimy Twoj\u0105 nieruchomo\u015b\u0107<\/h2>\t\t\t\t<\/div>\n\t\t\t\t<\/div>\n\t\t\t\t<div class=\"elementor-element elementor-element-142c664 elementor-widget elementor-widget-heading\" data-id=\"142c664\" data-element_type=\"widget\" data-widget_type=\"heading.default\">\n\t\t\t\t<div class=\"elementor-widget-container\">\n\t\t\t\t\t<h2 class=\"elementor-heading-title elementor-size-default\">Chcesz pozna\u0107 aktualn\u0105 cen\u0119 rynkow\u0105 swojej nieruchomo\u015bci?<\/h2>\t\t\t\t<\/div>\n\t\t\t\t<\/div>\n\t\t\t\t<\/div>\n\t\t<div class=\"elementor-element elementor-element-67c9c26 e-con-full e-flex e-con e-child\" data-id=\"67c9c26\" data-element_type=\"container\">\n\t\t\t\t<div class=\"elementor-element elementor-element-8f7c493 elementor-hidden-tablet elementor-hidden-mobile elementor-widget elementor-widget-wpforms\" data-id=\"8f7c493\" data-element_type=\"widget\" data-widget_type=\"wpforms.default\">\n\t\t\t\t<div class=\"elementor-widget-container\">\n\t\t\t\t\t<style id=\"wpforms-css-vars-elementor-widget-8f7c493\">\n\t\t\t\t.elementor-widget-wpforms.elementor-element-8f7c493 {\n\t\t\t\t--wpforms-field-border-radius: 5px;\n--wpforms-field-border-color: #41535B;\n--wpforms-field-border-color-spare: #41535B;\n--wpforms-label-color: #FFFFFF;\n--wpforms-label-sublabel-color: #FFFFFF;\n--wpforms-button-background-color: #0071B9;\n--wpforms-field-size-input-height: 50px;\n--wpforms-field-size-input-spacing: 20px;\n--wpforms-field-size-font-size: 18px;\n--wpforms-field-size-line-height: 21px;\n--wpforms-field-size-padding-h: 14px;\n--wpforms-field-size-checkbox-size: 18px;\n--wpforms-field-size-sublabel-spacing: 10px;\n--wpforms-field-size-icon-size: 1.25;\n--wpforms-label-size-font-size: 16px;\n--wpforms-label-size-line-height: 19px;\n--wpforms-label-size-sublabel-font-size: 14px;\n--wpforms-label-size-sublabel-line-height: 17px;\n--wpforms-button-size-font-size: 20px;\n--wpforms-button-size-height: 48px;\n--wpforms-button-size-padding-h: 20px;\n--wpforms-button-size-margin-top: 15px;\n\n\t\t\t}\n\t\t\t<\/style><div class=\"wpforms-container wpforms-container-full wpforms-render-modern\" id=\"wpforms-8058\"><form id=\"wpforms-form-8058\" class=\"wpforms-validate wpforms-form wpforms-ajax-form\" data-formid=\"8058\" method=\"post\" enctype=\"multipart\/form-data\" action=\"\/pl\/wp-json\/wp\/v2\/pages\/7393\" data-token=\"e2e2ad17f9c31d9e9728dd3a49646881\" data-token-time=\"1777590355\"><noscript class=\"wpforms-error-noscript\">Aby wype\u0142ni\u0107 ten formularz, w\u0142\u0105cz obs\u0142ug\u0119 JavaScript w przegl\u0105darce.<\/noscript><div class=\"wpforms-hidden\" id=\"wpforms-error-noscript\">Aby wype\u0142ni\u0107 ten formularz, w\u0142\u0105cz obs\u0142ug\u0119 JavaScript w przegl\u0105darce.<\/div><div class=\"wpforms-field-container\"><div id=\"wpforms-8058-field_1-container\" class=\"wpforms-field wpforms-field-text wpforms-one-third wpforms-first\" data-field-id=\"1\"><label class=\"wpforms-field-label wpforms-label-hide\" for=\"wpforms-8058-field_1\" aria-hidden=\"false\">Ciudad <span class=\"wpforms-required-label\" aria-hidden=\"true\">*<\/span><\/label><input type=\"text\" id=\"wpforms-8058-field_1\" class=\"wpforms-field-large wpforms-field-required\" name=\"wpforms[fields][1]\" placeholder=\"Miasto\" aria-errormessage=\"wpforms-8058-field_1-error\" required><\/div><div id=\"wpforms-8058-field_2-container\" class=\"wpforms-field wpforms-field-text wpforms-two-thirds\" data-field-id=\"2\"><label class=\"wpforms-field-label wpforms-label-hide\" for=\"wpforms-8058-field_2\" aria-hidden=\"false\">Texto de una sola l\u00ednea <span class=\"wpforms-required-label\" aria-hidden=\"true\">*<\/span><\/label><input type=\"text\" id=\"wpforms-8058-field_2\" class=\"wpforms-field-large wpforms-field-required\" name=\"wpforms[fields][2]\" placeholder=\"Ulica, numer\" aria-errormessage=\"wpforms-8058-field_2-error\" required><\/div><div id=\"wpforms-8058-field_7-container\" class=\"wpforms-field wpforms-field-select wpforms-one-fourth wpforms-first wpforms-field-select-style-modern\" data-field-id=\"7\"><label class=\"wpforms-field-label wpforms-label-hide\" for=\"wpforms-8058-field_7\" aria-hidden=\"false\">Tipo<\/label><select id=\"wpforms-8058-field_7\" class=\"wpforms-field-large choicesjs-select\" data-size-class=\"wpforms-field-row wpforms-field-large\" data-search-enabled=\"\" name=\"wpforms[fields][7]\"><option value=\"\" class=\"placeholder\" disabled  selected='selected'><\/option><option value=\"Typ\" >Typ<\/option><option value=\"Apartament na poddaszu\" >Apartament na poddaszu<\/option><option value=\"Mieszkanie\" >Mieszkanie<\/option><option value=\"Dwupoziomowe mieszkanie\" >Dwupoziomowe mieszkanie<\/option><option value=\"Dom jednorodzinny\" >Dom jednorodzinny<\/option><option value=\"Parter\" >Parter<\/option><option value=\"Lokal u\u017cytkowy\" >Lokal u\u017cytkowy<\/option><\/select><\/div><div id=\"wpforms-8058-field_12-container\" class=\"wpforms-field wpforms-field-number wpforms-one-fourth\" data-field-id=\"12\"><label class=\"wpforms-field-label wpforms-label-hide\" for=\"wpforms-8058-field_12\" aria-hidden=\"false\">Planta<\/label><input type=\"number\" id=\"wpforms-8058-field_12\" class=\"wpforms-field-large\" name=\"wpforms[fields][12]\" placeholder=\"Pi\u0119tro\" step=\"any\" aria-errormessage=\"wpforms-8058-field_12-error\" ><\/div><div id=\"wpforms-8058-field_13-container\" class=\"wpforms-field wpforms-field-number wpforms-one-fourth\" data-field-id=\"13\"><label class=\"wpforms-field-label wpforms-label-hide\" for=\"wpforms-8058-field_13\" aria-hidden=\"false\">Habitaciones<\/label><input type=\"number\" id=\"wpforms-8058-field_13\" class=\"wpforms-field-large\" name=\"wpforms[fields][13]\" placeholder=\"Pokoje\" step=\"any\" aria-errormessage=\"wpforms-8058-field_13-error\" ><\/div><div id=\"wpforms-8058-field_14-container\" class=\"wpforms-field wpforms-field-number wpforms-one-fourth\" data-field-id=\"14\"><label class=\"wpforms-field-label wpforms-label-hide\" for=\"wpforms-8058-field_14\" aria-hidden=\"false\">Ba\u00f1os<\/label><input type=\"number\" id=\"wpforms-8058-field_14\" class=\"wpforms-field-large\" name=\"wpforms[fields][14]\" placeholder=\"\u0141azienki\" step=\"any\" aria-errormessage=\"wpforms-8058-field_14-error\" ><\/div><div id=\"wpforms-8058-field_15-container\" class=\"wpforms-field wpforms-field-text wpforms-one-half wpforms-first\" data-field-id=\"15\"><label class=\"wpforms-field-label wpforms-label-hide\" for=\"wpforms-8058-field_15\" aria-hidden=\"false\">Nombre<\/label><input type=\"text\" id=\"wpforms-8058-field_15\" class=\"wpforms-field-large\" name=\"wpforms[fields][15]\" placeholder=\"Imi\u0119\" aria-errormessage=\"wpforms-8058-field_15-error\" ><\/div><div id=\"wpforms-8058-field_16-container\" class=\"wpforms-field wpforms-field-text wpforms-one-half\" data-field-id=\"16\"><label class=\"wpforms-field-label wpforms-label-hide\" for=\"wpforms-8058-field_16\" aria-hidden=\"false\">Tel\u00e9fono<\/label><input type=\"text\" id=\"wpforms-8058-field_16\" class=\"wpforms-field-large\" name=\"wpforms[fields][16]\" placeholder=\"Telefon\" aria-errormessage=\"wpforms-8058-field_16-error\" ><\/div><div id=\"wpforms-8058-field_18-container\" class=\"wpforms-field wpforms-field-email\" data-field-id=\"18\"><label class=\"wpforms-field-label wpforms-label-hide\" for=\"wpforms-8058-field_18\" aria-hidden=\"false\">Correo electr\u00f3nico <span class=\"wpforms-required-label\" aria-hidden=\"true\">*<\/span><\/label><input type=\"email\" id=\"wpforms-8058-field_18\" class=\"wpforms-field-large wpforms-field-required\" name=\"wpforms[fields][18]\" placeholder=\"E-mail\" spellcheck=\"false\" aria-errormessage=\"wpforms-8058-field_18-error\" required><\/div><\/div><!-- .wpforms-field-container --><div class=\"wpforms-submit-container\" ><input type=\"hidden\" name=\"wpforms[id]\" value=\"8058\"><input type=\"hidden\" name=\"page_title\" value=\"\"><input type=\"hidden\" name=\"page_url\" value=\"https:\/\/inmobrisa.com\/pl\/wp-json\/wp\/v2\/pages\/7393\"><input type=\"hidden\" name=\"url_referer\" value=\"\"><button type=\"submit\" name=\"wpforms[submit]\" id=\"wpforms-submit-8058\" class=\"wpforms-submit\" data-alt-text=\"Enviando...\" data-submit-text=\"Wyceni\u0107\" aria-live=\"assertive\" value=\"wpforms-submit\">Wyceni\u0107<\/button><img loading=\"lazy\" decoding=\"async\" src=\"https:\/\/inmobrisa.com\/wp-content\/plugins\/wpforms-lite\/assets\/images\/submit-spin.svg\" class=\"wpforms-submit-spinner\" style=\"display: none;\" width=\"26\" height=\"26\" alt=\"Wczytywanie\"><\/div><\/form><\/div>  <!-- .wpforms-container -->\t\t\t\t<\/div>\n\t\t\t\t<\/div>\n\t\t\t\t<div class=\"elementor-element elementor-element-002ea91 elementor-hidden-desktop elementor-widget elementor-widget-wpforms\" data-id=\"002ea91\" data-element_type=\"widget\" data-widget_type=\"wpforms.default\">\n\t\t\t\t<div class=\"elementor-widget-container\">\n\t\t\t\t\t<style id=\"wpforms-css-vars-elementor-widget-002ea91\">\n\t\t\t\t.elementor-widget-wpforms.elementor-element-002ea91 {\n\t\t\t\t--wpforms-field-border-radius: 5px;\n--wpforms-field-border-color: #41535B;\n--wpforms-field-border-color-spare: #41535B;\n--wpforms-label-color: #FFFFFF;\n--wpforms-label-sublabel-color: #FFFFFF;\n--wpforms-button-background-color: #0071B9;\n--wpforms-field-size-input-height: 50px;\n--wpforms-field-size-input-spacing: 20px;\n--wpforms-field-size-font-size: 18px;\n--wpforms-field-size-line-height: 21px;\n--wpforms-field-size-padding-h: 14px;\n--wpforms-field-size-checkbox-size: 18px;\n--wpforms-field-size-sublabel-spacing: 10px;\n--wpforms-field-size-icon-size: 1.25;\n--wpforms-label-size-font-size: 16px;\n--wpforms-label-size-line-height: 19px;\n--wpforms-label-size-sublabel-font-size: 14px;\n--wpforms-label-size-sublabel-line-height: 17px;\n--wpforms-button-size-font-size: 20px;\n--wpforms-button-size-height: 48px;\n--wpforms-button-size-padding-h: 20px;\n--wpforms-button-size-margin-top: 15px;\n\n\t\t\t}\n\t\t\t<\/style><div class=\"wpforms-container wpforms-container-full wpforms-render-modern\" id=\"wpforms-8061\"><form id=\"wpforms-form-8061\" class=\"wpforms-validate wpforms-form wpforms-ajax-form\" data-formid=\"8061\" method=\"post\" enctype=\"multipart\/form-data\" action=\"\/pl\/wp-json\/wp\/v2\/pages\/7393\" data-token=\"6f141e35c684d86eaecd717de685e3ac\" data-token-time=\"1777590355\"><noscript class=\"wpforms-error-noscript\">Aby wype\u0142ni\u0107 ten formularz, w\u0142\u0105cz obs\u0142ug\u0119 JavaScript w przegl\u0105darce.<\/noscript><div class=\"wpforms-hidden\" id=\"wpforms-error-noscript\">Aby wype\u0142ni\u0107 ten formularz, w\u0142\u0105cz obs\u0142ug\u0119 JavaScript w przegl\u0105darce.<\/div><div class=\"wpforms-field-container\"><div id=\"wpforms-8061-field_1-container\" class=\"wpforms-field wpforms-field-text\" data-field-id=\"1\"><label class=\"wpforms-field-label wpforms-label-hide\" for=\"wpforms-8061-field_1\" aria-hidden=\"false\">Ciudad <span class=\"wpforms-required-label\" aria-hidden=\"true\">*<\/span><\/label><input type=\"text\" id=\"wpforms-8061-field_1\" class=\"wpforms-field-large wpforms-field-required\" name=\"wpforms[fields][1]\" placeholder=\"Miasto\" aria-errormessage=\"wpforms-8061-field_1-error\" required><\/div><div id=\"wpforms-8061-field_2-container\" class=\"wpforms-field wpforms-field-text\" data-field-id=\"2\"><label class=\"wpforms-field-label wpforms-label-hide\" for=\"wpforms-8061-field_2\" aria-hidden=\"false\">Texto de una sola l\u00ednea <span class=\"wpforms-required-label\" aria-hidden=\"true\">*<\/span><\/label><input type=\"text\" id=\"wpforms-8061-field_2\" class=\"wpforms-field-large wpforms-field-required\" name=\"wpforms[fields][2]\" placeholder=\"Ulica, numer\" aria-errormessage=\"wpforms-8061-field_2-error\" required><\/div><div id=\"wpforms-8061-field_7-container\" class=\"wpforms-field wpforms-field-select wpforms-one-half wpforms-first wpforms-field-select-style-modern\" data-field-id=\"7\"><label class=\"wpforms-field-label wpforms-label-hide\" for=\"wpforms-8061-field_7\" aria-hidden=\"false\">Tipo<\/label><select id=\"wpforms-8061-field_7\" class=\"wpforms-field-large choicesjs-select\" data-size-class=\"wpforms-field-row wpforms-field-large\" data-search-enabled=\"\" name=\"wpforms[fields][7]\"><option value=\"\" class=\"placeholder\" disabled  selected='selected'><\/option><option value=\"Typ\" >Typ<\/option><option value=\"Apartament na poddaszu\" >Apartament na poddaszu<\/option><option value=\"Mieszkanie\" >Mieszkanie<\/option><option value=\"Dwupoziomowe mieszkanie\" >Dwupoziomowe mieszkanie<\/option><option value=\"Dom jednorodzinny\" >Dom jednorodzinny<\/option><option value=\"Parter\" >Parter<\/option><option value=\"Lokal u\u017cytkowy\" >Lokal u\u017cytkowy<\/option><\/select><\/div><div id=\"wpforms-8061-field_12-container\" class=\"wpforms-field wpforms-field-number wpforms-one-half\" data-field-id=\"12\"><label class=\"wpforms-field-label wpforms-label-hide\" for=\"wpforms-8061-field_12\" aria-hidden=\"false\">Planta<\/label><input type=\"number\" id=\"wpforms-8061-field_12\" class=\"wpforms-field-large\" name=\"wpforms[fields][12]\" placeholder=\"Pi\u0119tro\" step=\"any\" aria-errormessage=\"wpforms-8061-field_12-error\" ><\/div><div id=\"wpforms-8061-field_13-container\" class=\"wpforms-field wpforms-field-number wpforms-one-half wpforms-first\" data-field-id=\"13\"><label class=\"wpforms-field-label wpforms-label-hide\" for=\"wpforms-8061-field_13\" aria-hidden=\"false\">Habitaciones<\/label><input type=\"number\" id=\"wpforms-8061-field_13\" class=\"wpforms-field-large\" name=\"wpforms[fields][13]\" placeholder=\"Pokoje\" step=\"any\" aria-errormessage=\"wpforms-8061-field_13-error\" ><\/div><div id=\"wpforms-8061-field_14-container\" class=\"wpforms-field wpforms-field-number wpforms-one-half\" data-field-id=\"14\"><label class=\"wpforms-field-label wpforms-label-hide\" for=\"wpforms-8061-field_14\" aria-hidden=\"false\">Ba\u00f1os<\/label><input type=\"number\" id=\"wpforms-8061-field_14\" class=\"wpforms-field-large\" name=\"wpforms[fields][14]\" placeholder=\"\u0141azienki\" step=\"any\" aria-errormessage=\"wpforms-8061-field_14-error\" ><\/div><div id=\"wpforms-8061-field_15-container\" class=\"wpforms-field wpforms-field-text wpforms-one-half wpforms-first\" data-field-id=\"15\"><label class=\"wpforms-field-label wpforms-label-hide\" for=\"wpforms-8061-field_15\" aria-hidden=\"false\">Nombre<\/label><input type=\"text\" id=\"wpforms-8061-field_15\" class=\"wpforms-field-large\" name=\"wpforms[fields][15]\" placeholder=\"Imi\u0119\" aria-errormessage=\"wpforms-8061-field_15-error\" ><\/div><div id=\"wpforms-8061-field_16-container\" class=\"wpforms-field wpforms-field-text wpforms-one-half\" data-field-id=\"16\"><label class=\"wpforms-field-label wpforms-label-hide\" for=\"wpforms-8061-field_16\" aria-hidden=\"false\">Tel\u00e9fono<\/label><input type=\"text\" id=\"wpforms-8061-field_16\" class=\"wpforms-field-large\" name=\"wpforms[fields][16]\" placeholder=\"Telefon\" aria-errormessage=\"wpforms-8061-field_16-error\" ><\/div><div id=\"wpforms-8061-field_18-container\" class=\"wpforms-field wpforms-field-email\" data-field-id=\"18\"><label class=\"wpforms-field-label wpforms-label-hide\" for=\"wpforms-8061-field_18\" aria-hidden=\"false\">Correo electr\u00f3nico <span class=\"wpforms-required-label\" aria-hidden=\"true\">*<\/span><\/label><input type=\"email\" id=\"wpforms-8061-field_18\" class=\"wpforms-field-large wpforms-field-required\" name=\"wpforms[fields][18]\" placeholder=\"E-mail\" spellcheck=\"false\" aria-errormessage=\"wpforms-8061-field_18-error\" required><\/div><\/div><!-- .wpforms-field-container --><div class=\"wpforms-submit-container\" ><input type=\"hidden\" name=\"wpforms[id]\" value=\"8061\"><input type=\"hidden\" name=\"page_title\" value=\"\"><input type=\"hidden\" name=\"page_url\" value=\"https:\/\/inmobrisa.com\/pl\/wp-json\/wp\/v2\/pages\/7393\"><input type=\"hidden\" name=\"url_referer\" value=\"\"><button type=\"submit\" name=\"wpforms[submit]\" id=\"wpforms-submit-8061\" class=\"wpforms-submit\" data-alt-text=\"Enviando...\" data-submit-text=\"Wyceni\u0107\" aria-live=\"assertive\" value=\"wpforms-submit\">Wyceni\u0107<\/button><img loading=\"lazy\" decoding=\"async\" src=\"https:\/\/inmobrisa.com\/wp-content\/plugins\/wpforms-lite\/assets\/images\/submit-spin.svg\" class=\"wpforms-submit-spinner\" style=\"display: none;\" width=\"26\" height=\"26\" alt=\"Wczytywanie\"><\/div><\/form><\/div>  <!-- .wpforms-container -->\t\t\t\t<\/div>\n\t\t\t\t<\/div>\n\t\t\t\t<\/div>\n\t\t\t\t\t<\/div>\n\t\t\t\t<\/div>\n\t\t<div class=\"elementor-element elementor-element-019516d e-flex e-con-boxed e-con e-parent\" data-id=\"019516d\" data-element_type=\"container\">\n\t\t\t\t\t<div class=\"e-con-inner\">\n\t\t\t\t<div class=\"elementor-element elementor-element-72add78 elementor-widget elementor-widget-text-editor\" data-id=\"72add78\" data-element_type=\"widget\" data-widget_type=\"text-editor.default\">\n\t\t\t\t<div class=\"elementor-widget-container\">\n\t\t\t\t\t\t\t\t\t<p>Poznaj zesp\u00f3\u0142, kt\u00f3ry przekszta\u0142ca <span style=\"color: #0071b9; font-size: 50px;\">przestrzenie w domy<\/span><\/p>\t\t\t\t\t\t\t\t<\/div>\n\t\t\t\t<\/div>\n\t\t\t\t<div class=\"elementor-element elementor-element-bc81c1b elementor-widget elementor-widget-houzez_elementor_agents\" data-id=\"bc81c1b\" data-element_type=\"widget\" data-widget_type=\"houzez_elementor_agents.default\">\n\t\t\t\t<div class=\"elementor-widget-container\">\n\t\t\t\t\t\n        <!--start agents module-->\n        \n            <div class=\"agent-module module-4cols clearfix\">\n\n                <div class=\"agent-item\">\n\t<div class=\"agent-thumb\">\n\t\t<a href=\"https:\/\/inmobrisa.com\/pl\/agent\/andres-ruiz\/\">\n\t\t\t<img loading=\"lazy\" decoding=\"async\" width=\"150\" height=\"150\" src=\"https:\/\/inmobrisa.com\/wp-content\/uploads\/2025\/09\/Andres--150x150.png\" class=\"img-fluid rounded-circle wp-post-image\" alt=\"\" \/>\t\t<\/a>\n\t<\/div>\n\n\t<div class=\"agent-info\">\n\t\t<div class=\"agent-name\">\n\t\t\t<a href=\"https:\/\/inmobrisa.com\/pl\/agent\/andres-ruiz\/\"><strong>Andr\u00e9s Ru\u00edz<\/strong><\/a>\n\t\t<\/div>\n\n\t\t<div class=\"agent-company\">\n\t\t\t                Wsp\u00f3\u0142pracownik                            \t\t<\/div>\n\t<\/div>\n\t<div class=\"agent-body\">\n\t\t\t<\/div>\n\t<div class=\"agent-link\">\n\t\t<a href=\"https:\/\/inmobrisa.com\/pl\/agent\/andres-ruiz\/\">Zobacz profil<\/a>\n\t<\/div>\n<\/div><div class=\"agent-item\">\n\t<div class=\"agent-thumb\">\n\t\t<a href=\"https:\/\/inmobrisa.com\/pl\/agent\/diego-montes\/\">\n\t\t\t<img loading=\"lazy\" decoding=\"async\" width=\"150\" height=\"150\" src=\"https:\/\/inmobrisa.com\/wp-content\/uploads\/2025\/09\/Diego-2-150x150.png\" class=\"img-fluid rounded-circle wp-post-image\" alt=\"\" \/>\t\t<\/a>\n\t<\/div>\n\n\t<div class=\"agent-info\">\n\t\t<div class=\"agent-name\">\n\t\t\t<a href=\"https:\/\/inmobrisa.com\/pl\/agent\/diego-montes\/\"><strong>Diego Montes<\/strong><\/a>\n\t\t<\/div>\n\n\t\t<div class=\"agent-company\">\n\t\t\t                Mened\u017cer                            \t\t<\/div>\n\t<\/div>\n\t<div class=\"agent-body\">\n\t\t\t<\/div>\n\t<div class=\"agent-link\">\n\t\t<a href=\"https:\/\/inmobrisa.com\/pl\/agent\/diego-montes\/\">Zobacz profil<\/a>\n\t<\/div>\n<\/div><div class=\"agent-item\">\n\t<div class=\"agent-thumb\">\n\t\t<a href=\"https:\/\/inmobrisa.com\/pl\/agent\/esther-gonzalez\/\">\n\t\t\t<img loading=\"lazy\" decoding=\"async\" width=\"150\" height=\"150\" src=\"https:\/\/inmobrisa.com\/wp-content\/uploads\/2025\/09\/Esther-2-150x150.png\" class=\"img-fluid rounded-circle wp-post-image\" alt=\"\" \/>\t\t<\/a>\n\t<\/div>\n\n\t<div class=\"agent-info\">\n\t\t<div class=\"agent-name\">\n\t\t\t<a href=\"https:\/\/inmobrisa.com\/pl\/agent\/esther-gonzalez\/\"><strong>Esther Gonz\u00e1lez<\/strong><\/a>\n\t\t<\/div>\n\n\t\t<div class=\"agent-company\">\n\t\t\t                Wsp\u00f3\u0142pracownik \u2013 Doradca                            \t\t<\/div>\n\t<\/div>\n\t<div class=\"agent-body\">\n\t\t\t<\/div>\n\t<div class=\"agent-link\">\n\t\t<a href=\"https:\/\/inmobrisa.com\/pl\/agent\/esther-gonzalez\/\">Zobacz profil<\/a>\n\t<\/div>\n<\/div><div class=\"agent-item\">\n\t<div class=\"agent-thumb\">\n\t\t<a href=\"https:\/\/inmobrisa.com\/pl\/agent\/katia-rodriguez\/\">\n\t\t\t<img loading=\"lazy\" decoding=\"async\" width=\"150\" height=\"150\" src=\"https:\/\/inmobrisa.com\/wp-content\/uploads\/2025\/09\/Katia-continuidad-150x150.png\" class=\"img-fluid rounded-circle wp-post-image\" alt=\"\" \/>\t\t<\/a>\n\t<\/div>\n\n\t<div class=\"agent-info\">\n\t\t<div class=\"agent-name\">\n\t\t\t<a href=\"https:\/\/inmobrisa.com\/pl\/agent\/katia-rodriguez\/\"><strong>Katia Rodr\u00edguez<\/strong><\/a>\n\t\t<\/div>\n\n\t\t<div class=\"agent-company\">\n\t\t\t                Wsp\u00f3\u0142pracownik \u2013 Doradca                            \t\t<\/div>\n\t<\/div>\n\t<div class=\"agent-body\">\n\t\t\t<\/div>\n\t<div class=\"agent-link\">\n\t\t<a href=\"https:\/\/inmobrisa.com\/pl\/agent\/katia-rodriguez\/\">Zobacz profil<\/a>\n\t<\/div>\n<\/div><div class=\"agent-item\">\n\t<div class=\"agent-thumb\">\n\t\t<a href=\"https:\/\/inmobrisa.com\/pl\/agent\/levon-hov\/\">\n\t\t\t<img loading=\"lazy\" decoding=\"async\" width=\"150\" height=\"150\" src=\"https:\/\/inmobrisa.com\/wp-content\/uploads\/2025\/09\/Levon-150x150.png\" class=\"img-fluid rounded-circle wp-post-image\" alt=\"\" \/>\t\t<\/a>\n\t<\/div>\n\n\t<div class=\"agent-info\">\n\t\t<div class=\"agent-name\">\n\t\t\t<a href=\"https:\/\/inmobrisa.com\/pl\/agent\/levon-hov\/\"><strong>Levon Hov<\/strong><\/a>\n\t\t<\/div>\n\n\t\t<div class=\"agent-company\">\n\t\t\t                Wsp\u00f3\u0142pracownik \u2013 Doradca                            \t\t<\/div>\n\t<\/div>\n\t<div class=\"agent-body\">\n\t\t\t<\/div>\n\t<div class=\"agent-link\">\n\t\t<a href=\"https:\/\/inmobrisa.com\/pl\/agent\/levon-hov\/\">Zobacz profil<\/a>\n\t<\/div>\n<\/div><div class=\"agent-item\">\n\t<div class=\"agent-thumb\">\n\t\t<a href=\"https:\/\/inmobrisa.com\/pl\/agent\/martyna-kaminska\/\">\n\t\t\t<img loading=\"lazy\" decoding=\"async\" width=\"150\" height=\"150\" src=\"https:\/\/inmobrisa.com\/wp-content\/uploads\/2025\/09\/Martyna-150x150.png\" class=\"img-fluid rounded-circle wp-post-image\" alt=\"\" srcset=\"https:\/\/inmobrisa.com\/wp-content\/uploads\/2025\/09\/Martyna-150x150.png 150w, https:\/\/inmobrisa.com\/wp-content\/uploads\/2025\/09\/Martyna-300x300.png 300w, https:\/\/inmobrisa.com\/wp-content\/uploads\/2025\/09\/Martyna.png 400w\" sizes=\"(max-width: 150px) 100vw, 150px\" \/>\t\t<\/a>\n\t<\/div>\n\n\t<div class=\"agent-info\">\n\t\t<div class=\"agent-name\">\n\t\t\t<a href=\"https:\/\/inmobrisa.com\/pl\/agent\/martyna-kaminska\/\"><strong>Martyna Kaminska<\/strong><\/a>\n\t\t<\/div>\n\n\t\t<div class=\"agent-company\">\n\t\t\t                Wsp\u00f3\u0142pracownik - Doradca ds. Nowego Budownictwa                            \t\t<\/div>\n\t<\/div>\n\t<div class=\"agent-body\">\n\t\t\t<\/div>\n\t<div class=\"agent-link\">\n\t\t<a href=\"https:\/\/inmobrisa.com\/pl\/agent\/martyna-kaminska\/\">Zobacz profil<\/a>\n\t<\/div>\n<\/div><div class=\"agent-item\">\n\t<div class=\"agent-thumb\">\n\t\t<a href=\"https:\/\/inmobrisa.com\/pl\/agent\/virginia-adamyan\/\">\n\t\t\t<img loading=\"lazy\" decoding=\"async\" width=\"150\" height=\"150\" src=\"https:\/\/inmobrisa.com\/wp-content\/uploads\/2025\/09\/Virginia-2-150x150.png\" class=\"img-fluid rounded-circle wp-post-image\" alt=\"\" \/>\t\t<\/a>\n\t<\/div>\n\n\t<div class=\"agent-info\">\n\t\t<div class=\"agent-name\">\n\t\t\t<a href=\"https:\/\/inmobrisa.com\/pl\/agent\/virginia-adamyan\/\"><strong>Virginia Adamyan<\/strong><\/a>\n\t\t<\/div>\n\n\t\t<div class=\"agent-company\">\n\t\t\t                Wsp\u00f3\u0142pracownik \u2013 Doradca                            \t\t<\/div>\n\t<\/div>\n\t<div class=\"agent-body\">\n\t\t\t<\/div>\n\t<div class=\"agent-link\">\n\t\t<a href=\"https:\/\/inmobrisa.com\/pl\/agent\/virginia-adamyan\/\">Zobacz profil<\/a>\n\t<\/div>\n<\/div>            <\/div><!-- agent-module -->\n\n                <!--end post agents module-->\n\n\n        \t\t\t\t<\/div>\n\t\t\t\t<\/div>\n\t\t\t\t\t<\/div>\n\t\t\t\t<\/div>\n\t\t<div class=\"elementor-element elementor-element-925e956 e-con-full elementor-hidden-tablet elementor-hidden-mobile e-flex e-con e-parent\" data-id=\"925e956\" data-element_type=\"container\" data-settings=\"{&quot;background_background&quot;:&quot;classic&quot;}\">\n\t\t<div class=\"elementor-element elementor-element-b87fc5e e-con-full e-flex e-con e-child\" data-id=\"b87fc5e\" data-element_type=\"container\">\n\t\t\t\t<div class=\"elementor-element elementor-element-20dd352 elementor-widget elementor-widget-heading\" data-id=\"20dd352\" data-element_type=\"widget\" data-widget_type=\"heading.default\">\n\t\t\t\t<div class=\"elementor-widget-container\">\n\t\t\t\t\t<h2 class=\"elementor-heading-title elementor-size-default\">\nREFERENCJE<\/h2>\t\t\t\t<\/div>\n\t\t\t\t<\/div>\n\t\t\t\t<div class=\"elementor-element elementor-element-6695521 elementor-widget elementor-widget-heading\" data-id=\"6695521\" data-element_type=\"widget\" data-widget_type=\"heading.default\">\n\t\t\t\t<div class=\"elementor-widget-container\">\n\t\t\t\t\t<h2 class=\"elementor-heading-title elementor-size-default\">Co my\u015bl\u0105 ci, kt\u00f3rzy nam ufaj\u0105<\/h2>\t\t\t\t<\/div>\n\t\t\t\t<\/div>\n\t\t\t\t<div class=\"elementor-element elementor-element-a1ea796 elementor-widget elementor-widget-button\" data-id=\"a1ea796\" data-element_type=\"widget\" data-widget_type=\"button.default\">\n\t\t\t\t<div class=\"elementor-widget-container\">\n\t\t\t\t\t\t\t\t\t<div class=\"elementor-button-wrapper\">\n\t\t\t\t\t<a class=\"elementor-button elementor-button-link elementor-size-sm\" href=\"https:\/\/inmobrisa.com\/pl\/testymonia\/\">\n\t\t\t\t\t\t<span class=\"elementor-button-content-wrapper\">\n\t\t\t\t\t\t\t\t\t<span class=\"elementor-button-text\">Przeczytaj wi\u0119cej recenzji<\/span>\n\t\t\t\t\t<\/span>\n\t\t\t\t\t<\/a>\n\t\t\t\t<\/div>\n\t\t\t\t\t\t\t\t<\/div>\n\t\t\t\t<\/div>\n\t\t\t\t<\/div>\n\t\t<div class=\"elementor-element elementor-element-2bd8ea0 e-con-full e-flex e-con e-child\" data-id=\"2bd8ea0\" data-element_type=\"container\">\n\t\t\t\t<div class=\"elementor-element elementor-element-be9387f elementor-widget elementor-widget-houzez_elementor_testimonials_v2\" data-id=\"be9387f\" data-element_type=\"widget\" data-widget_type=\"houzez_elementor_testimonials_v2.default\">\n\t\t\t\t<div class=\"elementor-widget-container\">\n\t\t\t\t\t\n            <div class=\"testimonials-module testimonials-module-slider-v2 testimonials-module-v2\">\n                <div class=\"testimonials-slider-wrap-v2 houzez-all-slider-wrap\">\n                    <div class=\"testimonial-item testimonial-item-v2\">\n\t<div class=\"testimonial-icon\">\n\t\t<i class=\"houzez-icon icon-close-quote\"><\/i>\n\t<\/div><!-- testimonial-icon -->\n\t<div class=\"testimonial-body\">\n\t\tDzi\u0119kuj\u0119 za wszystko - gdybym mog\u0142a da\u0107 wi\u0119cej ni\u017c 5*, da\u0142abym! Martyn\u0119 z Inmobrisa poznali\u015bmy na pocz\u0105tku tego roku i pomog\u0142a nam znale\u017a\u0107 dom naszych marze\u0144 (co by\u0142o bardzo trudne) a tak\u017ce znale\u017a\u0107 dwa mieszkania - od poszukiwa\u0144 po notariusza wszystko posz\u0142o idealnie i zawsze by\u0142a po naszej stronie wszystkim! R\u00f3wnie\u017c po zakupie (zmiana pr\u0105du, wody czy po prostu pyta\u0144 by\u0142 zawsze do naszej dyspozycji). Dzi\u0119kuj\u0119 wi\u0119c za wszystko????\r\n\t<\/div><!-- testimonial-body -->\n\t<div class=\"d-flex align-items-center\">\n\t\t\n\t\t\t        <div class=\"testimonial-thumb\">\n\t            <img loading=\"lazy\" decoding=\"async\" width=\"54\" height=\"54\" src=\"https:\/\/inmobrisa.com\/wp-content\/uploads\/2024\/12\/clienta.png\" class=\"img-fluid rounded-circle\" alt=\"\" srcset=\"\" \/>\t        <\/div>\n\t    \t\n\n\t\t<div class=\"testimonial-info\">\n\t\t\t<div class=\"testimonial-name\">Nici Alemana<\/div>\n\t\t\t<div class=\"testimonial-job\">\n\t\t\t\tKupuj\u0105cy, Inmobrisa\t\t\t<\/div>\n\t\t<\/div><!-- testimonial-info -->\n\t<\/div><!-- d-flex -->\n<\/div><!-- testimonial-item --><div class=\"testimonial-item testimonial-item-v2\">\n\t<div class=\"testimonial-icon\">\n\t\t<i class=\"houzez-icon icon-close-quote\"><\/i>\n\t<\/div><!-- testimonial-icon -->\n\t<div class=\"testimonial-body\">\n\t\tWyj\u0105tkowe traktowanie Diego. Pom\u00f3g\u0142 nam we wszystkich procedurach i formalno\u015bciach, zawsze wyja\u015bniaj\u0105c, jakie kroki nale\u017cy wykona\u0107. Je\u015bli ponownie kupi\u0119 dom, zdecydowanie powt\u00f3rz\u0119 to z nim.\t<\/div><!-- testimonial-body -->\n\t<div class=\"d-flex align-items-center\">\n\t\t\n\t\t\t        <div class=\"testimonial-thumb\">\n\t            <img loading=\"lazy\" decoding=\"async\" width=\"54\" height=\"54\" src=\"https:\/\/inmobrisa.com\/wp-content\/uploads\/2024\/12\/clienta2.png\" class=\"img-fluid rounded-circle\" alt=\"\" srcset=\"\" \/>\t        <\/div>\n\t    \t\n\n\t\t<div class=\"testimonial-info\">\n\t\t\t<div class=\"testimonial-name\">Inma Prats<\/div>\n\t\t\t<div class=\"testimonial-job\">\n\t\t\t\tKupuj\u0105cy, Inmobrisa\t\t\t<\/div>\n\t\t<\/div><!-- testimonial-info -->\n\t<\/div><!-- d-flex -->\n<\/div><!-- testimonial-item --><div class=\"testimonial-item testimonial-item-v2\">\n\t<div class=\"testimonial-icon\">\n\t\t<i class=\"houzez-icon icon-close-quote\"><\/i>\n\t<\/div><!-- testimonial-icon -->\n\t<div class=\"testimonial-body\">\n\t\tWyj\u0105tkowy! Inmobrisa jest rozszerzeniem Diego. Oferuje zaufanie, dyskrecj\u0119, profesjonalizm, powag\u0119, uczciwo\u015b\u0107. Diego jest wspania\u0142\u0105 osob\u0105. Wszelkie negocjacje z nim opieraj\u0105 si\u0119 na prawie nieistniej\u0105cych warto\u015bciach ludzkich. Znakomita grupa w \u015bwiecie biznesu nieruchomo\u015bciowego. Wielkie dzi\u0119ki za wszystko.\t<\/div><!-- testimonial-body -->\n\t<div class=\"d-flex align-items-center\">\n\t\t\n\t\t\t        <div class=\"testimonial-thumb\">\n\t            <img loading=\"lazy\" decoding=\"async\" width=\"54\" height=\"54\" src=\"https:\/\/inmobrisa.com\/wp-content\/uploads\/2024\/12\/comprador1.png\" class=\"img-fluid rounded-circle\" alt=\"\" srcset=\"\" \/>\t        <\/div>\n\t    \t\n\n\t\t<div class=\"testimonial-info\">\n\t\t\t<div class=\"testimonial-name\">MenteMillonaria<\/div>\n\t\t\t<div class=\"testimonial-job\">\n\t\t\t\tKupuj\u0105cy, Inmobrisa\t\t\t<\/div>\n\t\t<\/div><!-- testimonial-info -->\n\t<\/div><!-- d-flex -->\n<\/div><!-- testimonial-item --><div class=\"testimonial-item testimonial-item-v2\">\n\t<div class=\"testimonial-icon\">\n\t\t<i class=\"houzez-icon icon-close-quote\"><\/i>\n\t<\/div><!-- testimonial-icon -->\n\t<div class=\"testimonial-body\">\n\t\tPo\u015bredniczy\u0142 w kupnie i sprzeda\u017cy nieruchomo\u015bci, zawsze uwa\u017cny i ch\u0119tny do pomocy, rezerwuj\u0105c dom daj\u0105c s\u0142owo pomimo otrzymania lepszych ofert. Ma jeszcze jednego klienta.\t<\/div><!-- testimonial-body -->\n\t<div class=\"d-flex align-items-center\">\n\t\t\n\t\t\t        <div class=\"testimonial-thumb\">\n\t            <img loading=\"lazy\" decoding=\"async\" width=\"54\" height=\"54\" src=\"https:\/\/inmobrisa.com\/wp-content\/uploads\/2024\/12\/cliente.png\" class=\"img-fluid rounded-circle\" alt=\"\" srcset=\"\" \/>\t        <\/div>\n\t    \t\n\n\t\t<div class=\"testimonial-info\">\n\t\t\t<div class=\"testimonial-name\">JOSE MIGUEL GALLARDO SANTIAGO<\/div>\n\t\t\t<div class=\"testimonial-job\">\n\t\t\t\tHandlowy, Inmobrisa\t\t\t<\/div>\n\t\t<\/div><!-- testimonial-info -->\n\t<\/div><!-- d-flex -->\n<\/div><!-- testimonial-item -->                <\/div><!-- testimonials-slider -->\n            <\/div><!-- testimonials-module -->\n\n        \n\n        \t\t\t\t<\/div>\n\t\t\t\t<\/div>\n\t\t\t\t<\/div>\n\t\t\t\t<\/div>\n\t\t<div class=\"elementor-element elementor-element-742d032 e-con-full elementor-hidden-desktop e-flex e-con e-parent\" data-id=\"742d032\" data-element_type=\"container\" data-settings=\"{&quot;background_background&quot;:&quot;classic&quot;}\">\n\t\t<div class=\"elementor-element elementor-element-3f315e9 e-con-full e-flex e-con e-child\" data-id=\"3f315e9\" data-element_type=\"container\">\n\t\t\t\t<div class=\"elementor-element elementor-element-e61f4de elementor-widget elementor-widget-heading\" data-id=\"e61f4de\" data-element_type=\"widget\" data-widget_type=\"heading.default\">\n\t\t\t\t<div class=\"elementor-widget-container\">\n\t\t\t\t\t<h2 class=\"elementor-heading-title elementor-size-default\">REFERENCJE<\/h2>\t\t\t\t<\/div>\n\t\t\t\t<\/div>\n\t\t\t\t<div class=\"elementor-element elementor-element-740be75 elementor-widget elementor-widget-heading\" data-id=\"740be75\" data-element_type=\"widget\" data-widget_type=\"heading.default\">\n\t\t\t\t<div class=\"elementor-widget-container\">\n\t\t\t\t\t<h2 class=\"elementor-heading-title elementor-size-default\">Co my\u015bl\u0105 ci, kt\u00f3rzy nam ufaj\u0105<\/h2>\t\t\t\t<\/div>\n\t\t\t\t<\/div>\n\t\t\t\t<div class=\"elementor-element elementor-element-e5733da elementor-widget elementor-widget-houzez_elementor_testimonials_v2\" data-id=\"e5733da\" data-element_type=\"widget\" data-widget_type=\"houzez_elementor_testimonials_v2.default\">\n\t\t\t\t<div class=\"elementor-widget-container\">\n\t\t\t\t\t\n            <div class=\"testimonials-module testimonials-module-slider-v2 testimonials-module-v2\">\n                <div class=\"testimonials-slider-wrap-v2 houzez-all-slider-wrap\">\n                    <div class=\"testimonial-item testimonial-item-v2\">\n\t<div class=\"testimonial-icon\">\n\t\t<i class=\"houzez-icon icon-close-quote\"><\/i>\n\t<\/div><!-- testimonial-icon -->\n\t<div class=\"testimonial-body\">\n\t\tDzi\u0119kuj\u0119 za wszystko - gdybym mog\u0142a da\u0107 wi\u0119cej ni\u017c 5*, da\u0142abym! Martyn\u0119 z Inmobrisa poznali\u015bmy na pocz\u0105tku tego roku i pomog\u0142a nam znale\u017a\u0107 dom naszych marze\u0144 (co by\u0142o bardzo trudne) a tak\u017ce znale\u017a\u0107 dwa mieszkania - od poszukiwa\u0144 po notariusza wszystko posz\u0142o idealnie i zawsze by\u0142a po naszej stronie wszystkim! R\u00f3wnie\u017c po zakupie (zmiana pr\u0105du, wody czy po prostu pyta\u0144 by\u0142 zawsze do naszej dyspozycji). Dzi\u0119kuj\u0119 wi\u0119c za wszystko????\r\n\t<\/div><!-- testimonial-body -->\n\t<div class=\"d-flex align-items-center\">\n\t\t\n\t\t\t        <div class=\"testimonial-thumb\">\n\t            <img loading=\"lazy\" decoding=\"async\" width=\"54\" height=\"54\" src=\"https:\/\/inmobrisa.com\/wp-content\/uploads\/2024\/12\/clienta.png\" class=\"img-fluid rounded-circle\" alt=\"\" srcset=\"\" \/>\t        <\/div>\n\t    \t\n\n\t\t<div class=\"testimonial-info\">\n\t\t\t<div class=\"testimonial-name\">Nici Alemana<\/div>\n\t\t\t<div class=\"testimonial-job\">\n\t\t\t\tKupuj\u0105cy, Inmobrisa\t\t\t<\/div>\n\t\t<\/div><!-- testimonial-info -->\n\t<\/div><!-- d-flex -->\n<\/div><!-- testimonial-item --><div class=\"testimonial-item testimonial-item-v2\">\n\t<div class=\"testimonial-icon\">\n\t\t<i class=\"houzez-icon icon-close-quote\"><\/i>\n\t<\/div><!-- testimonial-icon -->\n\t<div class=\"testimonial-body\">\n\t\tWyj\u0105tkowe traktowanie Diego. Pom\u00f3g\u0142 nam we wszystkich procedurach i formalno\u015bciach, zawsze wyja\u015bniaj\u0105c, jakie kroki nale\u017cy wykona\u0107. Je\u015bli ponownie kupi\u0119 dom, zdecydowanie powt\u00f3rz\u0119 to z nim.\t<\/div><!-- testimonial-body -->\n\t<div class=\"d-flex align-items-center\">\n\t\t\n\t\t\t        <div class=\"testimonial-thumb\">\n\t            <img loading=\"lazy\" decoding=\"async\" width=\"54\" height=\"54\" src=\"https:\/\/inmobrisa.com\/wp-content\/uploads\/2024\/12\/clienta2.png\" class=\"img-fluid rounded-circle\" alt=\"\" srcset=\"\" \/>\t        <\/div>\n\t    \t\n\n\t\t<div class=\"testimonial-info\">\n\t\t\t<div class=\"testimonial-name\">Inma Prats<\/div>\n\t\t\t<div class=\"testimonial-job\">\n\t\t\t\tKupuj\u0105cy, Inmobrisa\t\t\t<\/div>\n\t\t<\/div><!-- testimonial-info -->\n\t<\/div><!-- d-flex -->\n<\/div><!-- testimonial-item --><div class=\"testimonial-item testimonial-item-v2\">\n\t<div class=\"testimonial-icon\">\n\t\t<i class=\"houzez-icon icon-close-quote\"><\/i>\n\t<\/div><!-- testimonial-icon -->\n\t<div class=\"testimonial-body\">\n\t\tWyj\u0105tkowy! Inmobrisa jest rozszerzeniem Diego. Oferuje zaufanie, dyskrecj\u0119, profesjonalizm, powag\u0119, uczciwo\u015b\u0107. Diego jest wspania\u0142\u0105 osob\u0105. Wszelkie negocjacje z nim opieraj\u0105 si\u0119 na prawie nieistniej\u0105cych warto\u015bciach ludzkich. Znakomita grupa w \u015bwiecie biznesu nieruchomo\u015bciowego. Wielkie dzi\u0119ki za wszystko.\t<\/div><!-- testimonial-body -->\n\t<div class=\"d-flex align-items-center\">\n\t\t\n\t\t\t        <div class=\"testimonial-thumb\">\n\t            <img loading=\"lazy\" decoding=\"async\" width=\"54\" height=\"54\" src=\"https:\/\/inmobrisa.com\/wp-content\/uploads\/2024\/12\/comprador1.png\" class=\"img-fluid rounded-circle\" alt=\"\" srcset=\"\" \/>\t        <\/div>\n\t    \t\n\n\t\t<div class=\"testimonial-info\">\n\t\t\t<div class=\"testimonial-name\">MenteMillonaria<\/div>\n\t\t\t<div class=\"testimonial-job\">\n\t\t\t\tKupuj\u0105cy, Inmobrisa\t\t\t<\/div>\n\t\t<\/div><!-- testimonial-info -->\n\t<\/div><!-- d-flex -->\n<\/div><!-- testimonial-item --><div class=\"testimonial-item testimonial-item-v2\">\n\t<div class=\"testimonial-icon\">\n\t\t<i class=\"houzez-icon icon-close-quote\"><\/i>\n\t<\/div><!-- testimonial-icon -->\n\t<div class=\"testimonial-body\">\n\t\tPo\u015bredniczy\u0142 w kupnie i sprzeda\u017cy nieruchomo\u015bci, zawsze uwa\u017cny i ch\u0119tny do pomocy, rezerwuj\u0105c dom daj\u0105c s\u0142owo pomimo otrzymania lepszych ofert. Ma jeszcze jednego klienta.\t<\/div><!-- testimonial-body -->\n\t<div class=\"d-flex align-items-center\">\n\t\t\n\t\t\t        <div class=\"testimonial-thumb\">\n\t            <img loading=\"lazy\" decoding=\"async\" width=\"54\" height=\"54\" src=\"https:\/\/inmobrisa.com\/wp-content\/uploads\/2024\/12\/cliente.png\" class=\"img-fluid rounded-circle\" alt=\"\" srcset=\"\" \/>\t        <\/div>\n\t    \t\n\n\t\t<div class=\"testimonial-info\">\n\t\t\t<div class=\"testimonial-name\">JOSE MIGUEL GALLARDO SANTIAGO<\/div>\n\t\t\t<div class=\"testimonial-job\">\n\t\t\t\tHandlowy, Inmobrisa\t\t\t<\/div>\n\t\t<\/div><!-- testimonial-info -->\n\t<\/div><!-- d-flex -->\n<\/div><!-- testimonial-item -->                <\/div><!-- testimonials-slider -->\n            <\/div><!-- testimonials-module -->\n\n        \n\n        \t\t\t\t<\/div>\n\t\t\t\t<\/div>\n\t\t\t\t<div class=\"elementor-element elementor-element-14cdb70 elementor-tablet-align-center elementor-widget elementor-widget-button\" data-id=\"14cdb70\" data-element_type=\"widget\" data-widget_type=\"button.default\">\n\t\t\t\t<div class=\"elementor-widget-container\">\n\t\t\t\t\t\t\t\t\t<div class=\"elementor-button-wrapper\">\n\t\t\t\t\t<a class=\"elementor-button elementor-button-link elementor-size-sm\" href=\"https:\/\/inmobrisa.com\/pl\/testymonia\/\">\n\t\t\t\t\t\t<span class=\"elementor-button-content-wrapper\">\n\t\t\t\t\t\t\t\t\t<span class=\"elementor-button-text\">Przeczytaj wi\u0119cej recenzji<\/span>\n\t\t\t\t\t<\/span>\n\t\t\t\t\t<\/a>\n\t\t\t\t<\/div>\n\t\t\t\t\t\t\t\t<\/div>\n\t\t\t\t<\/div>\n\t\t\t\t<\/div>\n\t\t\t\t<\/div>\n\t\t\t\t<\/div>\n\t\t","protected":false},"excerpt":{"rendered":"<p>Znajd\u017a dom swoich marze\u0144 Ciudades Wszystkie miastaAbanilla\u00c1guilasAlfaz del PiAlgorfaAlhama de MurciaAlicante\/AlacantAlmorad\u00edAlteaAspeAvilesesBenicassimBenidormBenij\u00f3farBenimantellBenissaBenitachellBigastroBolullaBusotCabo RoigCalasparraCalpeCartagenaCartagenaCastallaCiudad QuesadaConfridesCoxCuevas del AlmanzoraDaya NuevaD\u00e9niaDoloresEl AlbirEl CampelloEl VergerEls PobletsFinestratFormentera del SeguraFortunaFuente \u00c1lamo de MurciaFuente \u00c1lamo de MurciaGodellaGodellaGran AlacantGuardamar del SeguraHond\u00f3n de las NievesJacarillaJ\u00e1vea\/X\u00e0biaJumillaLa Manga del Mar MenorLa MarinaLa NuciaLa RomanaLorcaLos Alc\u00e1zaresLos MontesinosMazarr\u00f3nMoj\u00e1carMolina de SeguraMonforte del CidMorairaMoratallaMurciaMutxamelOrihuelaOrihuela CostaOrxetaPen\u00e0guilaPilar de la HoradadaPinosoPolopPulp\u00edRafalRelleuRojalesSan FulgencioSan JavierSan Juan de [&hellip;]<\/p>\n","protected":false},"author":2,"featured_media":0,"parent":0,"menu_order":0,"comment_status":"closed","ping_status":"closed","template":"elementor_header_footer","meta":{"footnotes":""},"class_list":["post-7393","page","type-page","status-publish","hentry"],"_links":{"self":[{"href":"https:\/\/inmobrisa.com\/pl\/wp-json\/wp\/v2\/pages\/7393","targetHints":{"allow":["GET"]}}],"collection":[{"href":"https:\/\/inmobrisa.com\/pl\/wp-json\/wp\/v2\/pages"}],"about":[{"href":"https:\/\/inmobrisa.com\/pl\/wp-json\/wp\/v2\/types\/page"}],"author":[{"embeddable":true,"href":"https:\/\/inmobrisa.com\/pl\/wp-json\/wp\/v2\/users\/2"}],"replies":[{"embeddable":true,"href":"https:\/\/inmobrisa.com\/pl\/wp-json\/wp\/v2\/comments?post=7393"}],"version-history":[{"count":64,"href":"https:\/\/inmobrisa.com\/pl\/wp-json\/wp\/v2\/pages\/7393\/revisions"}],"predecessor-version":[{"id":13193058,"href":"https:\/\/inmobrisa.com\/pl\/wp-json\/wp\/v2\/pages\/7393\/revisions\/13193058"}],"wp:attachment":[{"href":"https:\/\/inmobrisa.com\/pl\/wp-json\/wp\/v2\/media?parent=7393"}],"curies":[{"name":"wp","href":"https:\/\/api.w.org\/{rel}","templated":true}]}}