{"id":7668,"date":"2024-11-20T18:58:18","date_gmt":"2024-11-20T17:58:18","guid":{"rendered":"https:\/\/inmobrisa.com\/politica-privacidad\/"},"modified":"2025-03-13T11:54:38","modified_gmt":"2025-03-13T10:54:38","slug":"polityka-prywatnosci","status":"publish","type":"page","link":"https:\/\/inmobrisa.com\/pl\/polityka-prywatnosci\/","title":{"rendered":"Polityka prywatno\u015bci"},"content":{"rendered":"\t\t<div data-elementor-type=\"wp-page\" data-elementor-id=\"7668\" class=\"elementor elementor-7668 elementor-3\">\n\t\t\t\t<div class=\"elementor-element elementor-element-15f3255f e-flex e-con-boxed e-con e-parent\" data-id=\"15f3255f\" data-element_type=\"container\">\n\t\t\t\t\t<div class=\"e-con-inner\">\n\t\t\t\t<div class=\"elementor-element elementor-element-7ac5e1d elementor-widget elementor-widget-heading\" data-id=\"7ac5e1d\" data-element_type=\"widget\" data-widget_type=\"heading.default\">\n\t\t\t\t<div class=\"elementor-widget-container\">\n\t\t\t\t\t<h2 class=\"elementor-heading-title elementor-size-default\">Polityka prywatno\u015bci<\/h2>\t\t\t\t<\/div>\n\t\t\t\t<\/div>\n\t\t\t\t<div class=\"elementor-element elementor-element-59e8010f elementor-widget elementor-widget-text-editor\" data-id=\"59e8010f\" data-element_type=\"widget\" data-widget_type=\"text-editor.default\">\n\t\t\t\t<div class=\"elementor-widget-container\">\n\t\t\t\t\t\t\t\t\t<h2>1. DANE ADMINISTRATORA DANYCH OSOBOWYCH<\/h2><p>Nazwa firmy: Diego Montes S\u00e1nchez (dalej jako \u201eFirma\u201d lub \u201eAdministrator\u201d). CIF\/NIF: 48.373.899T. Adres: Avenida Alfonso Puchades, 21 &#8211; L-2, Benidorm, Alicante. Telefon: 96 506 44 44. E-mail do kontaktu w sprawach ochrony danych osobowych: info@inmobrisa.com<\/p><h3>1.1. Obowi\u0105zuj\u0105ce przepisy<\/h3><p>Nasza Polityka Prywatno\u015bci zosta\u0142a opracowana zgodnie z <strong>Rozporz\u0105dzeniem Parlamentu Europejskiego i Rady (UE) 2016\/679 z dnia 27 kwietnia 2016 r.<\/strong> w sprawie ochrony os\u00f3b fizycznych w zwi\u0105zku z przetwarzaniem danych osobowych oraz w sprawie swobodnego przep\u0142ywu takich danych oraz uchylaj\u0105cym Dyrektyw\u0119 95\/46\/WE (RODO), a tak\u017ce zgodnie z hiszpa\u0144skimi przepisami dotycz\u0105cymi ochrony danych osobowych w zakresie niesprzecznym z tym Rozporz\u0105dzeniem.<\/p><p>Podaj\u0105c swoje dane, potwierdzaj\u0105 Pa\u0144stwo zapoznanie si\u0119 z niniejsz\u0105 Polityk\u0105 Prywatno\u015bci oraz wyra\u017caj\u0105 Pa\u0144stwo jednoznaczn\u0105 i \u015bwiadom\u0105 zgod\u0119 na przetwarzanie swoich danych osobowych zgodnie z celami i warunkami tutaj opisanymi.<\/p><p>Firma mo\u017ce zmienia\u0107 niniejsz\u0105 Polityk\u0119 Prywatno\u015bci, aby dostosowa\u0107 j\u0105 do zmian ustawodawczych, orzecznictwa lub interpretacji Hiszpa\u0144skiej Agencji Ochrony Danych. Niniejsze warunki mog\u0105 by\u0107 uzupe\u0142nione przez Not\u0119 Prawn\u0105, Polityk\u0119 Cookies oraz Og\u00f3lne Warunki dotycz\u0105ce okre\u015blonych produkt\u00f3w lub us\u0142ug, je\u015bli dost\u0119p do nich implikuje szczeg\u00f3lne wymagania w zakresie ochrony danych osobowych.<\/p><h3>1.2. Inspektor Ochrony Danych<\/h3><p>Firma nie posiada wyznaczonego Inspektora Ochrony Danych.<\/p><h2>2. CEL PRZETWARZANIA DANYCH OSOBOWYCH<\/h2><p>Przetwarzamy Pa\u0144stwa dane osobowe w nast\u0119puj\u0105cych celach:<\/p><p>&#8211; Udzielenie informacji dotycz\u0105cych produkt\u00f3w i us\u0142ug oferowanych przez nasz\u0105 firm\u0119, przedstawionych na niniejszej stronie internetowej, kt\u00f3re mog\u0105 by\u0107 przekazywane specjalistom w zakresie us\u0142ug nieruchomo\u015bci.<\/p><p>&#8211; Realizacja zam\u00f3wionych us\u0142ug poprzez akceptacj\u0119 odpowiedniej oferty\/zam\u00f3wienia lub podpisanie umowy handlowej.<\/p><p>&#8211; Przesy\u0142anie poczt\u0105 elektroniczn\u0105 i\/lub tradycyjn\u0105 wiadomo\u015bci i aktualno\u015bci dotycz\u0105cych naszej firmy oraz aktualizacji katalogu produkt\u00f3w i us\u0142ug.<\/p><p>&#8211; Zarz\u0105dzanie u\u017cytkownikami strony internetowej, a w odpowiednich przypadkach aktywacja i administrowanie kontami u\u017cytkownik\u00f3w w strefie zastrze\u017conej strony.<\/p><p>&#8211; Rozpatrywanie i rozwi\u0105zywanie zapyta\u0144, sugestii i reklamacji os\u00f3b zainteresowanych.<\/p><p>&#8211; Informowanie Pa\u0144stwa, drog\u0105 elektroniczn\u0105 lub telefonicznie, o wszelkich informacjach, kt\u00f3re mog\u0105 Pa\u0144stwa zainteresowa\u0107.<\/p><p>&#8211; Zarz\u0105dzanie wysy\u0142k\u0105 Newslettera do zapisanych u\u017cytkownik\u00f3w.<\/p><h3>2.1. Okres przechowywania danych<\/h3><p>Dane osobowe b\u0119d\u0105 przechowywane przez okres niezb\u0119dny do udzielania odpowiedzi, rozwi\u0105zywania problem\u00f3w, wprowadzania ulepsze\u0144, \u015bwiadczenia us\u0142ug i spe\u0142niania obowi\u0105zuj\u0105cych wymog\u00f3w prawnych. Dane mog\u0105 by\u0107 przechowywane przez uzasadniony okres tak\u017ce po zaprzestaniu korzystania przez u\u017cytkownika ze strony internetowej.<\/p><p>W przypadku subskrypcji Pa\u0144stwa dane b\u0119d\u0105 przechowywane od momentu udzielenia zgody do jej odwo\u0142ania lub za\u017c\u0105dania ograniczenia przetwarzania. W takich przypadkach dane zostan\u0105 zablokowane przez wymagane przepisami okresy.<\/p><h2>3. PODSTAWA PRAWNA I ZAKRES ZBIERANYCH DANYCH<\/h2><p>Podstaw\u0105 prawn\u0105 przetwarzania Pa\u0144stwa danych jest wyra\u017ana zgoda udzielona w drodze aktywnego dzia\u0142ania (wype\u0142nienie formularza i zaznaczenie pola akceptacji niniejszej polityki) w momencie przekazywania danych osobowych.<\/p><h3>3.1. Zgoda na przetwarzanie danych<\/h3><p>Podstaw\u0105 prawn\u0105 przetwarzania danych u\u017cytkownik\u00f3w i\/lub klient\u00f3w s\u0105 punkty a), b) i c) artyku\u0142u 6 ust. 1 Rozporz\u0105dzenia (UE) 2016\/679 z dnia 27 kwietnia.<\/p><p>&#8211; U\u017cytkownik i\/lub Klient wyrazi\u0142 wyra\u017an\u0105 zgod\u0119 na opisane cele przetwarzania danych osobowych, jak r\u00f3wnie\u017c w ramach stosunk\u00f3w umownych lub przedumownych w celu realizacji zapyta\u0144 i\/lub \u015bwiadczenia us\u0142ug.<\/p><p>&#8211; U\u017cytkownik i\/lub Klient udzieli\u0142 wyra\u017anej zgody poprzez aktywne dzia\u0142anie (wype\u0142nienie odpowiedniego formularza i zaznaczenie pola akceptacji niniejszej polityki).<\/p><h3>3.2. Kategorie danych<\/h3><p>Zbierane dane obejmuj\u0105 dane identyfikacyjne, takie jak: imi\u0119 i nazwisko, numer telefonu, adres pocztowy, nazw\u0119 firmy, adres e-mail, jak r\u00f3wnie\u017c adres IP, z kt\u00f3rego uzyskano dost\u0119p do formularza zbierania danych.<\/p><h3>4. \u015aRODKI BEZPIECZE\u0143STWA<\/h3><p>W ramach naszego zobowi\u0105zania do zapewnienia bezpiecze\u0144stwa i poufno\u015bci danych osobowych informujemy, \u017ce przyj\u0119to techniczne i organizacyjne \u015brodki bezpiecze\u0144stwa zgodnie z art. 32 RODO (UE) 679\/2016, uwzgl\u0119dniaj\u0105c aktualny stan technologii, charakter danych oraz zagro\u017cenia zwi\u0105zane z ich przetwarzaniem.<\/p><h2>5. UDOST\u0118PNIANIE DANYCH<\/h2><p>Nie przewiduje si\u0119 udost\u0119pniania ani przekazywania danych poza UE, z wyj\u0105tkiem przypadk\u00f3w przewidzianych przez przepisy podatkowe, handlowe, telekomunikacyjne lub na \u017c\u0105danie organ\u00f3w s\u0105dowych.<\/p><h2>6. PRAWA U\u017bYTKOWNIKA<\/h2><p>Ka\u017cda osoba ma prawo uzyska\u0107 potwierdzenie, czy przetwarzane s\u0105 jej dane osobowe. Zainteresowani maj\u0105 prawo dost\u0119pu do swoich danych, sprostowania danych nieprawid\u0142owych lub \u017c\u0105dania ich usuni\u0119cia, gdy dane nie s\u0105 ju\u017c potrzebne do cel\u00f3w, dla kt\u00f3rych zosta\u0142y zebrane. W okre\u015blonych przypadkach osoby zainteresowane mog\u0105 za\u017c\u0105da\u0107 ograniczenia przetwarzania danych lub sprzeciwi\u0107 si\u0119 ich przetwarzaniu.<\/p><h3>6.1. Jak mog\u0119 skorzysta\u0107 z moich praw?<\/h3><p>Aby skorzysta\u0107 z praw, nale\u017cy skontaktowa\u0107 si\u0119 z Administratorem, prosz\u0105c o odpowiedni formularz. Mo\u017cna r\u00f3wnie\u017c skontaktowa\u0107 si\u0119 z organem nadzorczym. Dane kontaktowe: telefon <b>96 506 44 44<\/b> oraz e-mail: <strong>info@inmobrisa.com<\/strong>. Prosimy o za\u0142\u0105czenie kopii dokumentu to\u017csamo\u015bci.<\/p><h2>7. ZGODA NA WYSY\u0141K\u0118 KOMUNIKAT\u00d3W ELEKTRONICZNYCH<\/h2><p>Zgodnie z ustaw\u0105 34\/2002 z 11 lipca o us\u0142ugach spo\u0142ecze\u0144stwa informacyjnego i handlu elektronicznego, poprzez wype\u0142nienie formularza i zaznaczenie pola \u201eAkceptuj\u0119 wysy\u0142k\u0119 komunikat\u00f3w elektronicznych\u201d wyra\u017caj\u0105 Pa\u0144stwo zgod\u0119 na otrzymywanie informacji od Firmy za po\u015brednictwem poczty elektronicznej, telefonu, faksu lub innych \u015brodk\u00f3w elektronicznych.<\/p>\t\t\t\t\t\t\t\t<\/div>\n\t\t\t\t<\/div>\n\t\t\t\t\t<\/div>\n\t\t\t\t<\/div>\n\t\t\t\t<\/div>\n\t\t","protected":false},"excerpt":{"rendered":"<p>Polityka prywatno\u015bci 1. DANE ADMINISTRATORA DANYCH OSOBOWYCH Nazwa firmy: Diego Montes S\u00e1nchez (dalej jako \u201eFirma\u201d lub \u201eAdministrator\u201d). CIF\/NIF: 48.373.899T. Adres: Avenida Alfonso Puchades, 21 &#8211; L-2, Benidorm, Alicante. Telefon: 96 506 44 44. E-mail do kontaktu w sprawach ochrony danych osobowych: info@inmobrisa.com 1.1. Obowi\u0105zuj\u0105ce przepisy Nasza Polityka Prywatno\u015bci zosta\u0142a opracowana zgodnie z Rozporz\u0105dzeniem Parlamentu Europejskiego [&hellip;]<\/p>\n","protected":false},"author":2,"featured_media":0,"parent":0,"menu_order":0,"comment_status":"closed","ping_status":"open","template":"elementor_header_footer","meta":{"footnotes":""},"class_list":["post-7668","page","type-page","status-publish","hentry"],"_links":{"self":[{"href":"https:\/\/inmobrisa.com\/pl\/wp-json\/wp\/v2\/pages\/7668","targetHints":{"allow":["GET"]}}],"collection":[{"href":"https:\/\/inmobrisa.com\/pl\/wp-json\/wp\/v2\/pages"}],"about":[{"href":"https:\/\/inmobrisa.com\/pl\/wp-json\/wp\/v2\/types\/page"}],"author":[{"embeddable":true,"href":"https:\/\/inmobrisa.com\/pl\/wp-json\/wp\/v2\/users\/2"}],"replies":[{"embeddable":true,"href":"https:\/\/inmobrisa.com\/pl\/wp-json\/wp\/v2\/comments?post=7668"}],"version-history":[{"count":10,"href":"https:\/\/inmobrisa.com\/pl\/wp-json\/wp\/v2\/pages\/7668\/revisions"}],"predecessor-version":[{"id":244234,"href":"https:\/\/inmobrisa.com\/pl\/wp-json\/wp\/v2\/pages\/7668\/revisions\/244234"}],"wp:attachment":[{"href":"https:\/\/inmobrisa.com\/pl\/wp-json\/wp\/v2\/media?parent=7668"}],"curies":[{"name":"wp","href":"https:\/\/api.w.org\/{rel}","templated":true}]}}