{"id":27805764,"date":"2025-03-13T00:27:39","date_gmt":"2025-03-13T00:27:39","guid":{"rendered":"https:\/\/www.inmobrisa.com\/inmueble\/venta\/apartamento\/murcia\/san-pedro-del-pinatar\/n8379\/"},"modified":"2025-03-13T00:27:39","modified_gmt":"2025-03-13T00:27:39","slug":"venta-de-apartamento-en-san-pedro-del-pinatar-n8379-pl","status":"publish","type":"property","link":"https:\/\/inmobrisa.com\/pl\/property\/venta-de-apartamento-en-san-pedro-del-pinatar-n8379-pl\/","title":{"rendered":"Venta de Apartamento en San Pedro del Pinatar &#8211; n8379"},"content":{"rendered":"<p>RYNEK PIERWOTNY OSIEDLE MIESZKANIOWE W SAN PEDRO DEL PINATARPo\u0142o\u017cone wzd\u0142u\u017c urzekaj\u0105cego Mar Menor, Lo Pagan to miasto w Murcji, kt\u00f3re odkrywa p\u0142ynne po\u0142\u0105czenie naturalnego pi\u0119kna i bogactwa kulturowego, oferuj\u0105c idealn\u0105 ucieczk\u0119 dla os\u00f3b poszukuj\u0105cych oazy spokoju. Dogodnie dost\u0119pne, zaledwie 57 minut jazdy od lotniska w Alicante, Lo Pagan zach\u0119ca do relaksu, odkrywania i tworzenia cennych wspomnie\u0144 w tym idyllicznym hiszpa\u0144skim nadmorskim miasteczku. Zanurz si\u0119 w uosobieniu wyrafinowanego \u017cycia dzi\u0119ki naszej starannie wykonanej rezydencji New Build oferuj\u0105cej penthousy i apartamenty z 1, 2 i 3 sypialniami. Nienagannie zaprojektowane, 21 jednostek jest wdzi\u0119cznie rozmieszczonych w 3-poziomowych blokach.Przestrze\u0144 mieszkalna w ka\u017cdej jednostce zosta\u0142a zaprojektowana tak, aby obejmowa\u0107 naturalne \u015bwiat\u0142o i tworzy\u0107 jasne, przestronne i nowoczesne obszary mieszkalne, kt\u00f3re p\u0142ynnie \u0142\u0105cz\u0105 si\u0119 z nadmorskim otoczeniem. Odkryj r\u00f3\u017cnorodne rezydencje, dost\u0119pne w trzech r\u00f3\u017cnych modelach i rozmiarach.Residential zaprasza do do\u015bwiadczania stylu \u017cycia w niezr\u00f3wnanym luksusie z szeregiem wyj\u0105tkowych udogodnie\u0144: Zanurz si\u0119 w orze\u017awiaj\u0105cych wodach wsp\u00f3lnego basenu.Ciesz si\u0119 wygod\u0105 i bezpiecze\u0144stwem podziemnego parkingu.Czas wolny mo\u017cna sp\u0119dzi\u0107 na wsp\u00f3lnym tarasie na dachu. Niekt\u00f3re nieruchomo\u015bci maj\u0105 prywatne tarasy.Sze\u015b\u0107 penthouse`\u00f3w na 2. pi\u0119trze ma wyj\u0105tkow\u0105 cech\u0119 &#8211; bezpo\u015bredni dost\u0119p do prywatnego solarium przez tarasy.Obejmuje r\u00f3wnie\u017c miejsce do przechowywania dla dodatkowej wygody. Ponadto mieszka\u0144cy maj\u0105 mo\u017cliwo\u015b\u0107 zwi\u0119kszenia swoich wra\u017ce\u0144 na \u015bwie\u017cym powietrzu poprzez dodanie letniej kuchni do prywatnego solarium.Ka\u017cdy nadchodz\u0105cy dom zosta\u0142 zaprojektowany tak, aby\u015b poczu\u0142 si\u0119 jak na wiecznych wakacjach, w sanktuarium, w kt\u00f3rym spok\u00f3j \u0142\u0105czy si\u0119 z wyrafinowaniem.Niekt\u00f3re nieruchomo\u015bci maj\u0105 widok na morze z przodu, a niekt\u00f3re z boku.Uprzywilejowana lokalizacja San Pedro del Pinatar na wybrze\u017cu Mar Menor i Morza \u015ar\u00f3dziemnego przyci\u0105ga osoby zainteresowane \u017ceglarstwem i sportami wodnymi, zapewniaj\u0105c cumowanie w marinie i kluby \u017ceglarskie, podczas gdy pla\u017ce i naturalne k\u0105piele b\u0142otne przyci\u0105gaj\u0105 tych, kt\u00f3rzy szukaj\u0105 bezpiecznego s\u0142o\u0144ca, morza i piasku.San Pedro del Pinatar ma ugruntowan\u0105 spo\u0142eczno\u015b\u0107 i oferuje doskona\u0142\u0105 gam\u0119 zaj\u0119\u0107, w tym kryty basen i obiekty sportowe, a tak\u017ce ca\u0142oroczny program zaj\u0119\u0107 towarzyskich przy przyjemnej zimowej pogodzie. Korzy\u015bci p\u0142yn\u0105ce z k\u0105pieli b\u0142otnych, typowych dla regionu, lub spokojnych w\u00f3d Mar Menor, sprzyja\u0142y rozwojowi Lo Pag\u00e1n, kt\u00f3re obecnie posiada wszelkiego rodzaju udogodnienia. Ponadto ma doskona\u0142\u0105 lokalizacj\u0119, zaledwie 5 minut od centrum handlowego Dos Mares.Lotnisko Murcia\/Corvera oddalone jest o 30 minut, a lotnisko Alicante o godzin\u0119 jazdy samochodem.<\/p>\n","protected":false},"excerpt":{"rendered":"<p>RYNEK PIERWOTNY OSIEDLE MIESZKANIOWE W SAN PEDRO DEL PINATARPo\u0142o\u017cone wzd\u0142u\u017c urzekaj\u0105cego Mar Menor, Lo Pagan to miasto w Murcji, kt\u00f3re odkrywa p\u0142ynne po\u0142\u0105czenie naturalnego pi\u0119kna i bogactwa kulturowego, oferuj\u0105c idealn\u0105 ucieczk\u0119 dla os\u00f3b poszukuj\u0105cych oazy spokoju. Dogodnie dost\u0119pne, zaledwie 57 minut jazdy od lotniska w <\/p>\n","protected":false},"author":3,"featured_media":27805766,"parent":0,"menu_order":0,"template":"","property_type":[5101],"property_status":[5021],"property_feature":[5056],"property_label":[5196],"property_state":[5230],"property_city":[5300],"property_area":[5630],"class_list":["post-27805764","property","type-property","status-publish","has-post-thumbnail","hentry","property_type-apartamenty","property_status-sprzeda","property_feature-basen","property_label-nowy-budynek","property_state-murcia","property_city-san-pedro-del-pinatar","property_area-villananitos"],"property_meta":{"fave_agent":["163467"],"fave_agents":["163467"],"fave_agent_display_option":["agent_info"],"custom_permalink":["inmueble\/venta\/apartamento\/murcia\/san-pedro-del-pinatar\/n8379\/"],"_thumbnail_id":["27805766"],"post_id":["Array"],"original_author":["3"],"property_agent":["163467"],"_edit_lock":["1604137107:1"],"_edit_last":["1"],"fave_property_map_street_view":["show"],"fave_payment_status":["not_paid"],"fave_single_top_area":["global"],"fave_single_content_area":["global"],"houzez_manual_expire":["0"],"fave_property_size_prefix":["m&sup2;"],"fave_property_map":["1"],"fave_additional_features_enable":["disable"],"fave_floor_plans_enable":["disable"],"fave_multiunit_plans_enable":["disable"],"fave_prop_homeslider":["no"],"fave_featured":["0"],"fave_property_address":[" San Pedro del Pinatar, Murcia"],"fave_property_zip":["30740"],"houzez_geolocation_lat":["37.820002738912486"],"houzez_geolocation_long":["-0.7782244248747494"],"fave_property_location":["37.820002738912486,-0.7782244248747494"],"fave_property_country":["ES"],"fave_property_map_address":[" San Pedro del Pinatar, Murcia, Spain"],"fave_comunidadimporte":[""],"fave_comunidadincluida":["0"],"fave_conservacion":["Obra Nueva"],"fave_orientacion":[""],"fave_carpinteriainterior":[""],"fave_carpinteriaexterior":[""],"fave_tiposuelo":[""],"fave_vistas":[""],"fave_ibi":[""],"additional_features":["a:5:{i:0;a:2:{s:29:\"fave_additional_feature_title\";s:12:\"Carpinter\u00eda\";s:29:\"fave_additional_feature_value\";s:0:\"\";}i:1;a:2:{s:29:\"fave_additional_feature_title\";s:21:\"Carpinter\u00eda exterior\";s:29:\"fave_additional_feature_value\";s:0:\"\";}i:2;a:2:{s:29:\"fave_additional_feature_title\";s:6:\"Estado\";s:29:\"fave_additional_feature_value\";s:10:\"Obra Nueva\";}i:3;a:2:{s:29:\"fave_additional_feature_title\";s:6:\"Vistas\";s:29:\"fave_additional_feature_value\";s:0:\"\";}i:4;a:2:{s:29:\"fave_additional_feature_title\";s:12:\"Orientaci\u00f3n\";s:29:\"fave_additional_feature_value\";s:0:\"\";}}"],"referencia":["n8379"],"fave_property_id":["n8379"],"fave_property_bedrooms":["3"],"fave_property_bathrooms":["2"],"fave_property_garage":[""],"fave_property_land":["0"],"ave_property_land_postfix":["m&sup2;"],"fave_property_size":["102"],"fave_property_year":["0"],"fave_energy_global_index":["0 kWh\/m&sup2; \/0 Kg CO2\/m&sup2;"],"fave_energy_class":["B"],"estate_attr_energy_class":["B"],"REAL_HOMES_property_emisiones":["0"],"REAL_HOMES_property_consumo":["0"],"REAL_HOMES_property_letra":["B"],"estate_video":[""],"fave_virtual_tour":[""],"vendidoInmueble":[""],"fave_property_price":["450000"],"fave_property_price_postfix":[""],"fave_property_images":["27805766","27805767","27805768","27805769","27805770","27805771","27805772","27805773","27805774","27805775","27805776","27805777","27805778","27805779"],"houzez_total_property_views":["2"],"houzez_views_by_date":["a:1:{s:10:\"04-26-2026\";i:2;}"],"houzez_recently_viewed":["2026-04-26 13:25:09"],"_elementor_page_assets":["a:0:{}"]},"_links":{"self":[{"href":"https:\/\/inmobrisa.com\/pl\/wp-json\/wp\/v2\/properties\/27805764","targetHints":{"allow":["GET"]}}],"collection":[{"href":"https:\/\/inmobrisa.com\/pl\/wp-json\/wp\/v2\/properties"}],"about":[{"href":"https:\/\/inmobrisa.com\/pl\/wp-json\/wp\/v2\/types\/property"}],"author":[{"embeddable":true,"href":"https:\/\/inmobrisa.com\/pl\/wp-json\/wp\/v2\/users\/3"}],"version-history":[{"count":0,"href":"https:\/\/inmobrisa.com\/pl\/wp-json\/wp\/v2\/properties\/27805764\/revisions"}],"wp:featuredmedia":[{"embeddable":true,"href":"https:\/\/inmobrisa.com\/pl\/wp-json\/wp\/v2\/media\/27805766"}],"wp:attachment":[{"href":"https:\/\/inmobrisa.com\/pl\/wp-json\/wp\/v2\/media?parent=27805764"}],"wp:term":[{"taxonomy":"property_type","embeddable":true,"href":"https:\/\/inmobrisa.com\/pl\/wp-json\/wp\/v2\/property_type?post=27805764"},{"taxonomy":"property_status","embeddable":true,"href":"https:\/\/inmobrisa.com\/pl\/wp-json\/wp\/v2\/property_status?post=27805764"},{"taxonomy":"property_feature","embeddable":true,"href":"https:\/\/inmobrisa.com\/pl\/wp-json\/wp\/v2\/property_feature?post=27805764"},{"taxonomy":"property_label","embeddable":true,"href":"https:\/\/inmobrisa.com\/pl\/wp-json\/wp\/v2\/property_label?post=27805764"},{"taxonomy":"property_state","embeddable":true,"href":"https:\/\/inmobrisa.com\/pl\/wp-json\/wp\/v2\/property_state?post=27805764"},{"taxonomy":"property_city","embeddable":true,"href":"https:\/\/inmobrisa.com\/pl\/wp-json\/wp\/v2\/property_city?post=27805764"},{"taxonomy":"property_area","embeddable":true,"href":"https:\/\/inmobrisa.com\/pl\/wp-json\/wp\/v2\/property_area?post=27805764"}],"curies":[{"name":"wp","href":"https:\/\/api.w.org\/{rel}","templated":true}]}}